{"id":1078,"date":"2021-02-23T19:29:15","date_gmt":"2021-02-23T19:29:15","guid":{"rendered":"http:\/\/1punto618.mx\/demo3\/?page_id=1078"},"modified":"2022-06-03T00:44:56","modified_gmt":"2022-06-03T00:44:56","slug":"faqs","status":"publish","type":"page","link":"https:\/\/propanama.org\/en\/faqs\/","title":{"rendered":"FAQS"},"content":{"rendered":"<div data-vc-full-width=\"true\" data-vc-full-width-init=\"false\" data-vc-stretch-content=\"true\" data-vc-parallax=\"1.4\" data-vc-parallax-image=\"https:\/\/propanama.org\/wp-content\/uploads\/2021\/03\/faq.jpg\" class=\"vc_row wpb_row vc_row-fluid vc_custom_1615761895233 vc_row-no-padding vc_row-o-content-bottom vc_row-flex vc_general vc_parallax vc_parallax-content-moving wpex-vc_row-has-fill hidden-phone wpex-vc-row-stretched wpex-has-overlay\" style=\"min-height:850px;\"><div class=\"wpb_column vc_column_container vc_col-sm-12 wpex-vc_col-has-fill\"><div class=\"vc_column-inner vc_custom_1612306033865\"><div class=\"wpb_wrapper\"><div class=\"vcex-module vcex-heading wpex-text-2xl wpex-font-normal wpex-m-auto wpex-max-w-100 vcex-heading-plain wpex-block wpex-text-center  wpb_animate_when_almost_visible wpb_fadeInDown fadeInDown\" style=\"color:#ffffff;font-family:Montserrat;font-size:55px;letter-spacing:1px;font-weight:700;\"><span class=\"vcex-heading-inner wpex-inline-block wpex-clr\">PREGUNTAS FRECUENTES<\/span><\/div><div class=\"vcex-spacing wpex-w-100 wpex-clear\" style=\"height:350px\"><\/div><figure class=\"vcex-image vcex-module wpex-clr textcenter  wpb_animate_when_almost_visible wpb_fadeInDown fadeInDown\"><div class=\"vcex-image-inner wpex-inline-block wpex-relative vc_custom_1612292264435\"><img decoding=\"async\" loading=\"lazy\" class=\"wpex-align-middle\" src=\"https:\/\/propanama.org\/wp-content\/uploads\/2021\/02\/arrow-down-sign-to-navigate-4.png\" alt=\"\" width=\"256\" height=\"256\" \/><\/div><\/figure><div class=\"vcex-spacing wpex-w-100 wpex-clear\" style=\"height:30px\"><\/div><\/div><\/div><\/div><div class=\"wpex-bg-overlay-wrap\"><span class=\"wpex-bg-overlay color\" style=\"background-color:#000000;opacity:.3;\" data-style=\"background-color:#000000;opacity:.3;\"><\/span><\/div><\/div><div class=\"vc_row-full-width vc_clearfix\"><\/div><div data-vc-full-width=\"true\" data-vc-full-width-init=\"false\" data-vc-stretch-content=\"true\" data-vc-parallax=\"1.2\" data-vc-parallax-image=\"https:\/\/propanama.org\/wp-content\/uploads\/2021\/03\/faq.jpg\" class=\"vc_row wpb_row vc_row-fluid vc_custom_1615761926037 vc_row-no-padding vc_row-o-content-bottom vc_row-flex vc_general vc_parallax vc_parallax-content-moving wpex-vc_row-has-fill visible-phone wpex-vc-row-stretched\" style=\"min-height:600px;\"><div class=\"wpb_column vc_column_container vc_col-sm-12 wpex-vc_col-has-fill\"><div class=\"vc_column-inner vc_custom_1612287099521\"><div class=\"wpb_wrapper\"><div class=\"vcex-module vcex-heading wpex-text-2xl wpex-font-normal wpex-m-auto wpex-max-w-100 vcex-heading-plain wpex-block wpex-text-center  wpb_animate_when_almost_visible wpb_fadeInDown fadeInDown vc_custom_1615761913636\" style=\"color:#ffffff;font-family:Montserrat;font-size:24px;font-weight:700;line-height:24px;\"><span class=\"vcex-heading-inner wpex-inline-block wpex-clr\">PREGUNTAS FRECUENTES<\/span><\/div><div class=\"vcex-spacing wpex-w-100 wpex-clear\" style=\"height:230px\"><\/div><figure class=\"vcex-image vcex-module wpex-clr textcenter  wpb_animate_when_almost_visible wpb_fadeInDown fadeInDown\"><div class=\"vcex-image-inner wpex-inline-block wpex-relative vc_custom_1612296086170\"><img decoding=\"async\" loading=\"lazy\" class=\"wpex-align-middle\" src=\"https:\/\/propanama.org\/wp-content\/uploads\/2021\/02\/arrow-down-sign-to-navigate-4.png\" alt=\"\" width=\"256\" height=\"256\" \/><\/div><\/figure><div class=\"vcex-spacing wpex-w-100 wpex-clear\" style=\"height:30px\"><\/div><\/div><\/div><\/div><\/div><div class=\"vc_row-full-width vc_clearfix\"><\/div><div data-vc-full-width=\"true\" data-vc-full-width-init=\"false\" data-vc-stretch-content=\"true\" class=\"vc_row wpb_row vc_row-fluid vc_custom_1615664822047 vc_row-no-padding wpex-vc_row-has-fill hidden-phone wpex-vc-row-stretched\"><div class=\"wpb_column vc_column_container vc_col-sm-12\"><div class=\"vc_column-inner\"><div class=\"wpb_wrapper\"><figure class=\"vcex-image vcex-module wpex-clr\"><div class=\"vcex-image-inner wpex-inline-block wpex-relative vc_custom_1615664814515\"><img decoding=\"async\" loading=\"lazy\" class=\"wpex-align-middle\" src=\"https:\/\/propanama.org\/wp-content\/uploads\/2021\/01\/sombra.jpg\" alt=\"\" width=\"1914\" height=\"65\" \/><\/div><\/figure><\/div><\/div><\/div><\/div><div class=\"vc_row-full-width vc_clearfix\"><\/div><div data-vc-full-width=\"true\" data-vc-full-width-init=\"false\" data-vc-stretch-content=\"true\" class=\"vc_row wpb_row vc_row-fluid vc_row-no-padding hidden-phone wpex-vc-row-stretched\" data-ls_id=\"#preguntasfrecuentes\"><div class=\"wpb_column vc_column_container vc_col-sm-12\"><div class=\"vc_column-inner\"><div class=\"wpb_wrapper\"><figure class=\"vcex-image vcex-module wpex-clr textcenter\"><div class=\"vcex-image-inner wpex-inline-block wpex-relative vc_custom_1615664759460\"><img decoding=\"async\" loading=\"lazy\" class=\"wpex-align-middle\" src=\"https:\/\/propanama.org\/wp-content\/uploads\/2021\/03\/faq2.png\" alt=\"\" width=\"458\" height=\"469\" \/><\/div><\/figure><div class=\"vcex-spacing wpex-w-100 wpex-clear\" style=\"height:60px\"><\/div><div class=\"vc_tta-container\" data-vc-action=\"collapse\"><div class=\"vc_general vc_tta vc_tta-tabs vc_tta-color-grey vc_tta-style-total vc_tta-shape-rounded vc_tta-spacing-5 vc_tta-gap-10 vc_tta-tabs-position-top vc_tta-controls-align-center wpb_animate_when_almost_visible wpb_fadeIn fadeIn\"><div class=\"vc_tta-tabs-container\"><ul class=\"vc_tta-tabs-list\"><li class=\"vc_tta-tab vc_active\" data-vc-tab><a href=\"#1620317208908-75780ab9-f272\" data-vc-tabs data-vc-container=\".vc_tta\"><i class=\"vc_tta-icon fas fa-globe\"><\/i><span class=\"vc_tta-title-text\">Espa\u00f1ol<\/span><\/a><\/li><li class=\"vc_tta-tab\" data-vc-tab><a href=\"#en\" data-vc-tabs data-vc-container=\".vc_tta\"><i class=\"vc_tta-icon fas fa-globe\"><\/i><span class=\"vc_tta-title-text\">Ingl\u00e9s<\/span><\/a><\/li><\/ul><\/div><div class=\"vc_tta-panels-container\"><div class=\"vc_tta-panels\"><div class=\"vc_tta-panel vc_active\" id=\"1620317208908-75780ab9-f272\" data-vc-content=\".vc_tta-panel-body\"><div class=\"vc_tta-panel-heading\"><h4 class=\"vc_tta-panel-title\"><a href=\"#1620317208908-75780ab9-f272\" data-vc-accordion data-vc-container=\".vc_tta-container\"><i class=\"vc_tta-icon fas fa-globe\"><\/i><span class=\"vc_tta-title-text\">Espa\u00f1ol<\/span><\/a><\/h4><\/div><div class=\"vc_tta-panel-body\"><div class=\"vcex-spacing wpex-w-100 wpex-clear\" style=\"height:20px\"><\/div>\n\t<div style=\"color:#0a0a0a;font-family:Montserrat;font-size:14px;text-align:center;\" class=\"wpb_text_column has-custom-color wpex-child-inherit-color wpb_content_element  vc_custom_1615664236296\" >\n\t\t<div class=\"wpb_wrapper\">\n\t\t\t<section id='' \n                class='helpie-faq accordions faq-toggle custom-styles' \n                data-collection='' \n                data-pagination='0' \n                data-search='0' \n                data-pagination-enabled='0'\n                role='region'\n                aria-label='FAQ Section'\n                aria-live='polite'><h3 class=\"collection-title\">PREGUNTAS FRECUENTES<\/h3><form class=\"search\" onSubmit=\"return false;\"><div class=\"search__wrapper\"><input type=\"text\" class=\"search__input\" aria-label=\"Search\" role=\"searchbox\" placeholder=\"Buscar \/ Search\"><span class=\"search__icon\"><svg class=\"svg-icon--search\" role=\"img\" xmlns=\"http:\/\/www.w3.org\/2000\/svg\" viewBox=\"0 0 22 22\">\r\n                        <g fill=\"none\" stroke=\"#171717\">\r\n                            <path stroke-linecap=\"square\" stroke-width=\"2\" d=\"M18.5 18.3l-5.4-5.4\"\/>\r\n                            <circle cx=\"8\" cy=\"8\" r=\"7\" stroke-width=\"2\"\/>\r\n                        <\/g>\r\n                    <\/svg><\/span><\/div><div class=\"search__message\"><\/div><\/form><article class=\"accordion \"><div class='helpie-faq-row'><div class='helpie-faq-col helpie-faq-col-12' ><ul><li class=\"accordion__item \"><div class=\"accordion__header \" \r\n                id=\"accordion-header-post-1254\"\r\n                role=\"button\"\r\n                aria-expanded=\"false\"\r\n                aria-controls=\"accordion-content-post-1254\"\r\n                data-id=\"post-1254\" \r\n                data-item=\"\" \r\n                style=\"background:#FFFFFF;\" \r\n                data-tags=\"\"\r\n                tabindex=\"0\"><div class=\"accordion__title\">\u00bfQu\u00e9 es ProPanama?<\/div><\/div><div id=\"accordion-content-post-1254\" \r\n                class=\"accordion__body\" \r\n                role=\"region\"\r\n                aria-labelledby=\"accordion-header-post-1254\"\r\n                style=\"background:#FCFCFC;\"><p class=\"attachment\"><a href='https:\/\/propanama.org\/wp-content\/uploads\/2021\/03\/faq2.png'><img loading=\"lazy\" decoding=\"async\" width=\"293\" height=\"300\" src=\"https:\/\/propanama.org\/wp-content\/uploads\/2021\/03\/faq2-293x300.png\" class=\"attachment-medium size-medium\" alt=\"\" srcset=\"https:\/\/propanama.org\/wp-content\/uploads\/2021\/03\/faq2-293x300.png 293w, https:\/\/propanama.org\/wp-content\/uploads\/2021\/03\/faq2-12x12.png 12w, https:\/\/propanama.org\/wp-content\/uploads\/2021\/03\/faq2.png 458w\" sizes=\"auto, (max-width: 293px) 100vw, 293px\" \/><\/a><\/p>\n<p class=\"p1\">Es la Agencia Privada de Atenci\u00f3n a Inversionistas con m\u00e1s de 15 a\u00f1os de experiencia en el mercado, que ha logrado conectar empresas y personas en m\u00e1s de 20 pa\u00edses.<\/p>\n<p><a href=\"https:\/\/propanama.org\/nosotros\/\" target=\"_blank\" rel=\"noopener\"><span style=\"text-decoration: underline;color: #d20720\"><span style=\"font-size: 16px\"><strong>+ Ver M\u00e1s<\/strong><\/span><\/span><\/a><\/p>\n<\/div><\/li><li class=\"accordion__item \"><div class=\"accordion__header \" \r\n                id=\"accordion-header-post-1257\"\r\n                role=\"button\"\r\n                aria-expanded=\"false\"\r\n                aria-controls=\"accordion-content-post-1257\"\r\n                data-id=\"post-1257\" \r\n                data-item=\"\" \r\n                style=\"background:#FFFFFF;\" \r\n                data-tags=\"\"\r\n                tabindex=\"0\"><div class=\"accordion__title\">\u00bfPorqu\u00e9 ProPanama?<\/div><\/div><div id=\"accordion-content-post-1257\" \r\n                class=\"accordion__body\" \r\n                role=\"region\"\r\n                aria-labelledby=\"accordion-header-post-1257\"\r\n                style=\"background:#FCFCFC;\"><p class=\"attachment\"><a href='https:\/\/propanama.org\/wp-content\/uploads\/2021\/03\/faq2.png'><img loading=\"lazy\" decoding=\"async\" width=\"293\" height=\"300\" src=\"https:\/\/propanama.org\/wp-content\/uploads\/2021\/03\/faq2-293x300.png\" class=\"attachment-medium size-medium\" alt=\"\" srcset=\"https:\/\/propanama.org\/wp-content\/uploads\/2021\/03\/faq2-293x300.png 293w, https:\/\/propanama.org\/wp-content\/uploads\/2021\/03\/faq2-12x12.png 12w, https:\/\/propanama.org\/wp-content\/uploads\/2021\/03\/faq2.png 458w\" sizes=\"auto, (max-width: 293px) 100vw, 293px\" \/><\/a><\/p>\n<p class=\"p1\">Como agencia privada de negocios <b>ProPanama\u00ae <\/b>te apoyar\u00e1 a trav\u00e9s de su amplia gama de servicios a hacer de Panam\u00e1, tu siguiente socio comercial de la manera m\u00e1s eficiente, confiable y segura. Como empresa privada contamos con estrictos procesos internos que le asegurar\u00e1n atenci\u00f3n inmediata de calidad, sin lugar a la burocracia. <b>Pro Panam\u00e1\u00ae <\/b>tiene los m\u00e1s altos principios de transparencia, eficiencia y rapidez que exigen los negocios modernos.<span class=\"Apple-converted-space\">\u00a0<\/span><\/p>\n<p><a href=\"https:\/\/propanama.org\/nosotros\/\" target=\"_blank\" rel=\"noopener\"><span style=\"text-decoration: underline;color: #d20720\"><span style=\"font-size: 16px\"><strong>+ Ver M\u00e1s<\/strong><\/span><\/span><\/a><\/p>\n<\/div><\/li><li class=\"accordion__item \"><div class=\"accordion__header \" \r\n                id=\"accordion-header-post-1256\"\r\n                role=\"button\"\r\n                aria-expanded=\"false\"\r\n                aria-controls=\"accordion-content-post-1256\"\r\n                data-id=\"post-1256\" \r\n                data-item=\"\" \r\n                style=\"background:#FFFFFF;\" \r\n                data-tags=\"\"\r\n                tabindex=\"0\"><div class=\"accordion__title\">\u00bfQu\u00e9 es un inversionista calificado?<\/div><\/div><div id=\"accordion-content-post-1256\" \r\n                class=\"accordion__body\" \r\n                role=\"region\"\r\n                aria-labelledby=\"accordion-header-post-1256\"\r\n                style=\"background:#FCFCFC;\"><p class=\"attachment\"><a href='https:\/\/propanama.org\/wp-content\/uploads\/2021\/03\/faq2.png'><img loading=\"lazy\" decoding=\"async\" width=\"293\" height=\"300\" src=\"https:\/\/propanama.org\/wp-content\/uploads\/2021\/03\/faq2-293x300.png\" class=\"attachment-medium size-medium\" alt=\"\" srcset=\"https:\/\/propanama.org\/wp-content\/uploads\/2021\/03\/faq2-293x300.png 293w, https:\/\/propanama.org\/wp-content\/uploads\/2021\/03\/faq2-12x12.png 12w, https:\/\/propanama.org\/wp-content\/uploads\/2021\/03\/faq2.png 458w\" sizes=\"auto, (max-width: 293px) 100vw, 293px\" \/><\/a><\/p>\n<p>Es un programa creado por el gobierno de Panam\u00e1 para incentivar y facilitar la atracci\u00f3n de IED. Es la manera de obtener la residencia permanente de la forma m\u00e1s r\u00e1pida y por una inversi\u00f3n m\u00ednima de $300,000 USD.<\/p>\n<p><a href=\"https:\/\/propanama.org\/inversionista-calificado\/\" target=\"_blank\" rel=\"noopener\"><span style=\"text-decoration: underline;color: #d20720\"><span style=\"font-size: 16px\"><strong>+ Ver M\u00e1s<\/strong><\/span><\/span><\/a><\/p>\n<\/div><\/li><li class=\"accordion__item \"><div class=\"accordion__header \" \r\n                id=\"accordion-header-post-1259\"\r\n                role=\"button\"\r\n                aria-expanded=\"false\"\r\n                aria-controls=\"accordion-content-post-1259\"\r\n                data-id=\"post-1259\" \r\n                data-item=\"\" \r\n                style=\"background:#FFFFFF;\" \r\n                data-tags=\"\"\r\n                tabindex=\"0\"><div class=\"accordion__title\">\u00bfEn cuanto tiempo obtengo la residencia permanente a trav\u00e9s del programa de Inversionista calificado?<\/div><\/div><div id=\"accordion-content-post-1259\" \r\n                class=\"accordion__body\" \r\n                role=\"region\"\r\n                aria-labelledby=\"accordion-header-post-1259\"\r\n                style=\"background:#FCFCFC;\"><p class=\"attachment\"><a href='https:\/\/propanama.org\/wp-content\/uploads\/2021\/03\/faq2.png'><img loading=\"lazy\" decoding=\"async\" width=\"293\" height=\"300\" src=\"https:\/\/propanama.org\/wp-content\/uploads\/2021\/03\/faq2-293x300.png\" class=\"attachment-medium size-medium\" alt=\"\" srcset=\"https:\/\/propanama.org\/wp-content\/uploads\/2021\/03\/faq2-293x300.png 293w, https:\/\/propanama.org\/wp-content\/uploads\/2021\/03\/faq2-12x12.png 12w, https:\/\/propanama.org\/wp-content\/uploads\/2021\/03\/faq2.png 458w\" sizes=\"auto, (max-width: 293px) 100vw, 293px\" \/><\/a><\/p>\n<p>30 D\u00edas.<\/p>\n<p><a href=\"https:\/\/propanama.org\/contacto\/\" target=\"_blank\" rel=\"noopener\"><span style=\"text-decoration: underline;color: #d20720\"><span style=\"font-size: 16px\"><strong>+ Contacto<\/strong><\/span><\/span><\/a><\/p>\n<\/div><\/li><li class=\"accordion__item \"><div class=\"accordion__header \" \r\n                id=\"accordion-header-post-1255\"\r\n                role=\"button\"\r\n                aria-expanded=\"false\"\r\n                aria-controls=\"accordion-content-post-1255\"\r\n                data-id=\"post-1255\" \r\n                data-item=\"\" \r\n                style=\"background:#FFFFFF;\" \r\n                data-tags=\"\"\r\n                tabindex=\"0\"><div class=\"accordion__title\">\u00bfCu\u00e1l es el programa de las naciones amigas?<\/div><\/div><div id=\"accordion-content-post-1255\" \r\n                class=\"accordion__body\" \r\n                role=\"region\"\r\n                aria-labelledby=\"accordion-header-post-1255\"\r\n                style=\"background:#FCFCFC;\"><p class=\"attachment\"><a href='https:\/\/propanama.org\/wp-content\/uploads\/2021\/03\/faq2.png'><img loading=\"lazy\" decoding=\"async\" width=\"293\" height=\"300\" src=\"https:\/\/propanama.org\/wp-content\/uploads\/2021\/03\/faq2-293x300.png\" class=\"attachment-medium size-medium\" alt=\"\" srcset=\"https:\/\/propanama.org\/wp-content\/uploads\/2021\/03\/faq2-293x300.png 293w, https:\/\/propanama.org\/wp-content\/uploads\/2021\/03\/faq2-12x12.png 12w, https:\/\/propanama.org\/wp-content\/uploads\/2021\/03\/faq2.png 458w\" sizes=\"auto, (max-width: 293px) 100vw, 293px\" \/><\/a><\/p>\n<p>Es una visa para ciertos pa\u00edses amigos a trav\u00e9s de la cual podr\u00e1n tramitar la residencia permanente de una manera muy r\u00e1pida, accesible y de bajo costo para los inversionistas extranjeros.<\/p>\n<p><a href=\"https:\/\/propanama.org\/contacto\/\" target=\"_blank\" rel=\"noopener\"><span style=\"text-decoration: underline;color: #d20720\"><span style=\"font-size: 16px\"><strong>+ Contacto<\/strong><\/span><\/span><\/a><\/p>\n<\/div><\/li><li class=\"accordion__item \"><div class=\"accordion__header \" \r\n                id=\"accordion-header-post-1260\"\r\n                role=\"button\"\r\n                aria-expanded=\"false\"\r\n                aria-controls=\"accordion-content-post-1260\"\r\n                data-id=\"post-1260\" \r\n                data-item=\"\" \r\n                style=\"background:#FFFFFF;\" \r\n                data-tags=\"\"\r\n                tabindex=\"0\"><div class=\"accordion__title\">\u00bfCu\u00e1les son los requisitos para obtener la residencia permanente a trav\u00e9s de Programa de las Naciones Amigas?<\/div><\/div><div id=\"accordion-content-post-1260\" \r\n                class=\"accordion__body\" \r\n                role=\"region\"\r\n                aria-labelledby=\"accordion-header-post-1260\"\r\n                style=\"background:#FCFCFC;\"><p class=\"attachment\"><a href='https:\/\/propanama.org\/wp-content\/uploads\/2021\/03\/faq2.png'><img loading=\"lazy\" decoding=\"async\" width=\"293\" height=\"300\" src=\"https:\/\/propanama.org\/wp-content\/uploads\/2021\/03\/faq2-293x300.png\" class=\"attachment-medium size-medium\" alt=\"\" srcset=\"https:\/\/propanama.org\/wp-content\/uploads\/2021\/03\/faq2-293x300.png 293w, https:\/\/propanama.org\/wp-content\/uploads\/2021\/03\/faq2-12x12.png 12w, https:\/\/propanama.org\/wp-content\/uploads\/2021\/03\/faq2.png 458w\" sizes=\"auto, (max-width: 293px) 100vw, 293px\" \/><\/a><\/p>\n<p class=\"p1\">Es necesario demorar ante el gobierno paname\u00f1o la relaci\u00f3n econ\u00f3mica o comercial del inversionista con Panam\u00e1, por lo que se debe de comprar una inversi\u00f3n, que puede ser la constituci\u00f3n de una empresa, tener una cuenta bancaria con 5,000 USD e iniciar el tr\u00e1mite migratorio correspondiente.<span class=\"Apple-converted-space\">\u00a0<\/span><\/p>\n<p><a href=\"https:\/\/propanama.org\/contacto\/\" target=\"_blank\" rel=\"noopener\"><span style=\"text-decoration: underline;color: #d20720\"><span style=\"font-size: 16px\"><strong>+ Contacto<\/strong><\/span><\/span><\/a><\/p>\n<\/div><\/li><li class=\"accordion__item \"><div class=\"accordion__header \" \r\n                id=\"accordion-header-post-1261\"\r\n                role=\"button\"\r\n                aria-expanded=\"false\"\r\n                aria-controls=\"accordion-content-post-1261\"\r\n                data-id=\"post-1261\" \r\n                data-item=\"\" \r\n                style=\"background:#FFFFFF;\" \r\n                data-tags=\"\"\r\n                tabindex=\"0\"><div class=\"accordion__title\">\u00bfEn cuanto tiempo obtengo la residencia permanente a trav\u00e9s del programa de las naciones amigas?<\/div><\/div><div id=\"accordion-content-post-1261\" \r\n                class=\"accordion__body\" \r\n                role=\"region\"\r\n                aria-labelledby=\"accordion-header-post-1261\"\r\n                style=\"background:#FCFCFC;\"><p class=\"attachment\"><a href='https:\/\/propanama.org\/wp-content\/uploads\/2021\/03\/faq2.png'><img loading=\"lazy\" decoding=\"async\" width=\"293\" height=\"300\" src=\"https:\/\/propanama.org\/wp-content\/uploads\/2021\/03\/faq2-293x300.png\" class=\"attachment-medium size-medium\" alt=\"\" srcset=\"https:\/\/propanama.org\/wp-content\/uploads\/2021\/03\/faq2-293x300.png 293w, https:\/\/propanama.org\/wp-content\/uploads\/2021\/03\/faq2-12x12.png 12w, https:\/\/propanama.org\/wp-content\/uploads\/2021\/03\/faq2.png 458w\" sizes=\"auto, (max-width: 293px) 100vw, 293px\" \/><\/a><\/p>\n<p>El tr\u00e1mite para la residencia permanente puede durar entre 4 y 6 meses, siempre y cuando se cumplan los requisitos solicitados por migraci\u00f3n.<\/p>\n<p><a href=\"https:\/\/propanama.org\/contacto\/\" target=\"_blank\" rel=\"noopener\"><span style=\"text-decoration: underline;color: #d20720\"><span style=\"font-size: 16px\"><strong>+ Contacto<\/strong><\/span><\/span><\/a><\/p>\n<\/div><\/li><li class=\"accordion__item \"><div class=\"accordion__header \" \r\n                id=\"accordion-header-post-1262\"\r\n                role=\"button\"\r\n                aria-expanded=\"false\"\r\n                aria-controls=\"accordion-content-post-1262\"\r\n                data-id=\"post-1262\" \r\n                data-item=\"\" \r\n                style=\"background:#FFFFFF;\" \r\n                data-tags=\"\"\r\n                tabindex=\"0\"><div class=\"accordion__title\">\u00bfPuedo aperturar la cuenta bancaria sin ir a Panama?<\/div><\/div><div id=\"accordion-content-post-1262\" \r\n                class=\"accordion__body\" \r\n                role=\"region\"\r\n                aria-labelledby=\"accordion-header-post-1262\"\r\n                style=\"background:#FCFCFC;\"><p class=\"attachment\"><a href='https:\/\/propanama.org\/wp-content\/uploads\/2021\/03\/faq2.png'><img loading=\"lazy\" decoding=\"async\" width=\"293\" height=\"300\" src=\"https:\/\/propanama.org\/wp-content\/uploads\/2021\/03\/faq2-293x300.png\" class=\"attachment-medium size-medium\" alt=\"\" srcset=\"https:\/\/propanama.org\/wp-content\/uploads\/2021\/03\/faq2-293x300.png 293w, https:\/\/propanama.org\/wp-content\/uploads\/2021\/03\/faq2-12x12.png 12w, https:\/\/propanama.org\/wp-content\/uploads\/2021\/03\/faq2.png 458w\" sizes=\"auto, (max-width: 293px) 100vw, 293px\" \/><\/a><\/p>\n<p>Con ProPanama es posible aperturar una cuenta bancaria desde el extranjero sin necesidad de ir a Panam\u00e1. Las entrevistas se programan online y se manda toda la documentaci\u00f3n requerida.<\/p>\n<p><a href=\"https:\/\/propanama.org\/contacto\/\" target=\"_blank\" rel=\"noopener\"><span style=\"text-decoration: underline;color: #d20720\"><span style=\"font-size: 16px\"><strong>+ Contacto<\/strong><\/span><\/span><\/a><\/p>\n<\/div><\/li><li class=\"accordion__item \"><div class=\"accordion__header \" \r\n                id=\"accordion-header-post-1264\"\r\n                role=\"button\"\r\n                aria-expanded=\"false\"\r\n                aria-controls=\"accordion-content-post-1264\"\r\n                data-id=\"post-1264\" \r\n                data-item=\"\" \r\n                style=\"background:#FFFFFF;\" \r\n                data-tags=\"\"\r\n                tabindex=\"0\"><div class=\"accordion__title\">\u00bfCuanto tiempo demora la constituci\u00f3n de una sociedad an\u00f3nima en PANAMA?<\/div><\/div><div id=\"accordion-content-post-1264\" \r\n                class=\"accordion__body\" \r\n                role=\"region\"\r\n                aria-labelledby=\"accordion-header-post-1264\"\r\n                style=\"background:#FCFCFC;\"><p class=\"attachment\"><a href='https:\/\/propanama.org\/wp-content\/uploads\/2021\/03\/faq2.png'><img loading=\"lazy\" decoding=\"async\" width=\"293\" height=\"300\" src=\"https:\/\/propanama.org\/wp-content\/uploads\/2021\/03\/faq2-293x300.png\" class=\"attachment-medium size-medium\" alt=\"\" srcset=\"https:\/\/propanama.org\/wp-content\/uploads\/2021\/03\/faq2-293x300.png 293w, https:\/\/propanama.org\/wp-content\/uploads\/2021\/03\/faq2-12x12.png 12w, https:\/\/propanama.org\/wp-content\/uploads\/2021\/03\/faq2.png 458w\" sizes=\"auto, (max-width: 293px) 100vw, 293px\" \/><\/a><\/p>\n<p>El proceso es bast\u00e1nte r\u00e1pido, puede variar entre los 5 y 7 d\u00edas h\u00e1biles.<\/p>\n<p><a href=\"https:\/\/propanama.org\/contacto\/\" target=\"_blank\" rel=\"noopener\"><span style=\"text-decoration: underline;color: #d20720\"><span style=\"font-size: 16px\"><strong>+ Contacto<\/strong><\/span><\/span><\/a><\/p>\n<\/div><\/li><li class=\"accordion__item \"><div class=\"accordion__header \" \r\n                id=\"accordion-header-post-1265\"\r\n                role=\"button\"\r\n                aria-expanded=\"false\"\r\n                aria-controls=\"accordion-content-post-1265\"\r\n                data-id=\"post-1265\" \r\n                data-item=\"\" \r\n                style=\"background:#FFFFFF;\" \r\n                data-tags=\"\"\r\n                tabindex=\"0\"><div class=\"accordion__title\">\u00bf Requiero ir a Panam\u00e1 para crear una sociedad an\u00f3nima?<\/div><\/div><div id=\"accordion-content-post-1265\" \r\n                class=\"accordion__body\" \r\n                role=\"region\"\r\n                aria-labelledby=\"accordion-header-post-1265\"\r\n                style=\"background:#FCFCFC;\"><p class=\"attachment\"><a href='https:\/\/propanama.org\/wp-content\/uploads\/2021\/03\/faq2.png'><img loading=\"lazy\" decoding=\"async\" width=\"293\" height=\"300\" src=\"https:\/\/propanama.org\/wp-content\/uploads\/2021\/03\/faq2-293x300.png\" class=\"attachment-medium size-medium\" alt=\"\" srcset=\"https:\/\/propanama.org\/wp-content\/uploads\/2021\/03\/faq2-293x300.png 293w, https:\/\/propanama.org\/wp-content\/uploads\/2021\/03\/faq2-12x12.png 12w, https:\/\/propanama.org\/wp-content\/uploads\/2021\/03\/faq2.png 458w\" sizes=\"auto, (max-width: 293px) 100vw, 293px\" \/><\/a><\/p>\n<p>No es necesario estar en Panam\u00e1 para que podamos gestionar la creaci\u00f3n de la sociedad an\u00f3nima.<\/p>\n<p><a href=\"https:\/\/propanama.org\/contacto\/\" target=\"_blank\" rel=\"noopener\"><span style=\"text-decoration: underline;color: #d20720\"><span style=\"font-size: 16px\"><strong>+ Contacto<\/strong><\/span><\/span><\/a><\/p>\n<\/div><\/li><li class=\"accordion__item \"><div class=\"accordion__header \" \r\n                id=\"accordion-header-post-1266\"\r\n                role=\"button\"\r\n                aria-expanded=\"false\"\r\n                aria-controls=\"accordion-content-post-1266\"\r\n                data-id=\"post-1266\" \r\n                data-item=\"\" \r\n                style=\"background:#FFFFFF;\" \r\n                data-tags=\"\"\r\n                tabindex=\"0\"><div class=\"accordion__title\">\u00bfCu\u00e1nto tiempo demora el proceso de un Registro Sanitarios?<\/div><\/div><div id=\"accordion-content-post-1266\" \r\n                class=\"accordion__body\" \r\n                role=\"region\"\r\n                aria-labelledby=\"accordion-header-post-1266\"\r\n                style=\"background:#FCFCFC;\"><p class=\"attachment\"><a href='https:\/\/propanama.org\/wp-content\/uploads\/2021\/03\/faq2.png'><img loading=\"lazy\" decoding=\"async\" width=\"293\" height=\"300\" src=\"https:\/\/propanama.org\/wp-content\/uploads\/2021\/03\/faq2-293x300.png\" class=\"attachment-medium size-medium\" alt=\"\" srcset=\"https:\/\/propanama.org\/wp-content\/uploads\/2021\/03\/faq2-293x300.png 293w, https:\/\/propanama.org\/wp-content\/uploads\/2021\/03\/faq2-12x12.png 12w, https:\/\/propanama.org\/wp-content\/uploads\/2021\/03\/faq2.png 458w\" sizes=\"auto, (max-width: 293px) 100vw, 293px\" \/><\/a><\/p>\n<p>Los tr\u00e1mites de registro sanitarios est\u00e1n asociados al tipo de producto del cual se requiera el registro . Puede Var\u00eda entre los 30 d\u00edas y\/o los 6 meses.<\/p>\n<p><a href=\"https:\/\/propanama.org\/contacto\/\" target=\"_blank\" rel=\"noopener\"><span style=\"text-decoration: underline;color: #d20720\"><span style=\"font-size: 16px\"><strong>+ Contacto<\/strong><\/span><\/span><\/a><\/p>\n<\/div><\/li><\/ul><\/div><\/div><\/article><\/section>\n\n\t\t<\/div>\n\t<\/div>\n<div class=\"vcex-spacing wpex-w-100 wpex-clear\" style=\"height:20px\"><\/div><\/div><\/div><div class=\"vc_tta-panel\" id=\"en\" data-vc-content=\".vc_tta-panel-body\"><div class=\"vc_tta-panel-heading\"><h4 class=\"vc_tta-panel-title\"><a href=\"#en\" data-vc-accordion data-vc-container=\".vc_tta-container\"><i class=\"vc_tta-icon fas fa-globe\"><\/i><span class=\"vc_tta-title-text\">Ingl\u00e9s<\/span><\/a><\/h4><\/div><div class=\"vc_tta-panel-body\"><div class=\"vcex-spacing wpex-w-100 wpex-clear\" style=\"height:20px\"><\/div>\n\t<div style=\"color:#0a0a0a;font-family:Montserrat;font-size:14px;text-align:center;\" class=\"wpb_text_column has-custom-color wpex-child-inherit-color wpb_content_element  vc_custom_1619216304992\" >\n\t\t<div class=\"wpb_wrapper\">\n\t\t\t<section id='' \n                class='helpie-faq accordions faq-toggle custom-styles' \n                data-collection='' \n                data-pagination='0' \n                data-search='0' \n                data-pagination-enabled='0'\n                role='region'\n                aria-label='FAQ Section'\n                aria-live='polite'><h3 class=\"collection-title\">FREQUENTLY ASKED QUESTIONS<\/h3><form class=\"search\" onSubmit=\"return false;\"><div class=\"search__wrapper\"><input type=\"text\" class=\"search__input\" aria-label=\"Search\" role=\"searchbox\" placeholder=\"Buscar \/ Search\"><span class=\"search__icon\"><svg class=\"svg-icon--search\" role=\"img\" xmlns=\"http:\/\/www.w3.org\/2000\/svg\" viewBox=\"0 0 22 22\">\r\n                        <g fill=\"none\" stroke=\"#171717\">\r\n                            <path stroke-linecap=\"square\" stroke-width=\"2\" d=\"M18.5 18.3l-5.4-5.4\"\/>\r\n                            <circle cx=\"8\" cy=\"8\" r=\"7\" stroke-width=\"2\"\/>\r\n                        <\/g>\r\n                    <\/svg><\/span><\/div><div class=\"search__message\"><\/div><\/form><article class=\"accordion \"><div class='helpie-faq-row'><div class='helpie-faq-col helpie-faq-col-12' ><ul><li class=\"accordion__item \"><div class=\"accordion__header \" \r\n                id=\"accordion-header-post-1251\"\r\n                role=\"button\"\r\n                aria-expanded=\"false\"\r\n                aria-controls=\"accordion-content-post-1251\"\r\n                data-id=\"post-1251\" \r\n                data-item=\"\" \r\n                style=\"background:#FFFFFF;\" \r\n                data-tags=\"\"\r\n                tabindex=\"0\"><div class=\"accordion__title\">What is ProPanama?<\/div><\/div><div id=\"accordion-content-post-1251\" \r\n                class=\"accordion__body\" \r\n                role=\"region\"\r\n                aria-labelledby=\"accordion-header-post-1251\"\r\n                style=\"background:#FCFCFC;\"><p class=\"attachment\"><a href='https:\/\/propanama.org\/wp-content\/uploads\/2021\/03\/faq2.png'><img loading=\"lazy\" decoding=\"async\" width=\"293\" height=\"300\" src=\"https:\/\/propanama.org\/wp-content\/uploads\/2021\/03\/faq2-293x300.png\" class=\"attachment-medium size-medium\" alt=\"\" srcset=\"https:\/\/propanama.org\/wp-content\/uploads\/2021\/03\/faq2-293x300.png 293w, https:\/\/propanama.org\/wp-content\/uploads\/2021\/03\/faq2-12x12.png 12w, https:\/\/propanama.org\/wp-content\/uploads\/2021\/03\/faq2.png 458w\" sizes=\"auto, (max-width: 293px) 100vw, 293px\" \/><\/a><\/p>\n<p class=\"p1\">We are a Private Investor Service Agency with more than 15 years of experience in the market, and have connect companies and people in more than 20 countries.<\/p>\n<p><a href=\"https:\/\/propanama.org\/nosotros\/\" target=\"_blank\" rel=\"noopener\"><span style=\"text-decoration: underline;color: #d20720\"><span style=\"font-size: 16px\"><strong>+ See More<\/strong><\/span><\/span><\/a><\/p>\n<\/div><\/li><li class=\"accordion__item \"><div class=\"accordion__header \" \r\n                id=\"accordion-header-post-1440\"\r\n                role=\"button\"\r\n                aria-expanded=\"false\"\r\n                aria-controls=\"accordion-content-post-1440\"\r\n                data-id=\"post-1440\" \r\n                data-item=\"\" \r\n                style=\"background:#FFFFFF;\" \r\n                data-tags=\"\"\r\n                tabindex=\"0\"><div class=\"accordion__title\">Why ProPanama?<\/div><\/div><div id=\"accordion-content-post-1440\" \r\n                class=\"accordion__body\" \r\n                role=\"region\"\r\n                aria-labelledby=\"accordion-header-post-1440\"\r\n                style=\"background:#FCFCFC;\"><p class=\"attachment\"><a href='https:\/\/propanama.org\/wp-content\/uploads\/2021\/03\/faq2.png'><img loading=\"lazy\" decoding=\"async\" width=\"293\" height=\"300\" src=\"https:\/\/propanama.org\/wp-content\/uploads\/2021\/03\/faq2-293x300.png\" class=\"attachment-medium size-medium\" alt=\"\" srcset=\"https:\/\/propanama.org\/wp-content\/uploads\/2021\/03\/faq2-293x300.png 293w, https:\/\/propanama.org\/wp-content\/uploads\/2021\/03\/faq2-12x12.png 12w, https:\/\/propanama.org\/wp-content\/uploads\/2021\/03\/faq2.png 458w\" sizes=\"auto, (max-width: 293px) 100vw, 293px\" \/><\/a><\/p>\n<p class=\"p1\">As a private business agency ProPanama\u00ae will support you through our wide range of services to make Panama your next business partner in the most efficient, reliable and safe way. As a private company, we have strict internal processes that will ensure immediate quality care, without any bureaucracy. Pro Panam\u00e1\u00ae has the highest principles of transparency, efficiency and speed that modern businesses demand.<\/p>\n<p><a href=\"https:\/\/propanama.org\/nosotros\/\" target=\"_blank\" rel=\"noopener\"><span style=\"text-decoration: underline;color: #d20720\"><span style=\"font-size: 16px\"><strong>+ See More<\/strong><\/span><\/span><\/a><\/p>\n<\/div><\/li><li class=\"accordion__item \"><div class=\"accordion__header \" \r\n                id=\"accordion-header-post-1441\"\r\n                role=\"button\"\r\n                aria-expanded=\"false\"\r\n                aria-controls=\"accordion-content-post-1441\"\r\n                data-id=\"post-1441\" \r\n                data-item=\"\" \r\n                style=\"background:#FFFFFF;\" \r\n                data-tags=\"\"\r\n                tabindex=\"0\"><div class=\"accordion__title\">What is a Qualified Ivestor?<\/div><\/div><div id=\"accordion-content-post-1441\" \r\n                class=\"accordion__body\" \r\n                role=\"region\"\r\n                aria-labelledby=\"accordion-header-post-1441\"\r\n                style=\"background:#FCFCFC;\"><p class=\"attachment\"><a href='https:\/\/propanama.org\/wp-content\/uploads\/2021\/03\/faq2.png'><img loading=\"lazy\" decoding=\"async\" width=\"293\" height=\"300\" src=\"https:\/\/propanama.org\/wp-content\/uploads\/2021\/03\/faq2-293x300.png\" class=\"attachment-medium size-medium\" alt=\"\" srcset=\"https:\/\/propanama.org\/wp-content\/uploads\/2021\/03\/faq2-293x300.png 293w, https:\/\/propanama.org\/wp-content\/uploads\/2021\/03\/faq2-12x12.png 12w, https:\/\/propanama.org\/wp-content\/uploads\/2021\/03\/faq2.png 458w\" sizes=\"auto, (max-width: 293px) 100vw, 293px\" \/><\/a><\/p>\n<p class=\"p1\">This brand new program created by the Panamanian<span class=\"Apple-converted-space\">\u00a0 <\/span>government has been set forth to encourage and facilitate the attraction of FDI. It is the way to obtain permanent residence the fastest way with a minimum investment of $ 300,000 USD.<\/p>\n<p><a href=\"https:\/\/propanama.org\/inversionista-calificado\/\" target=\"_blank\" rel=\"noopener\"><span style=\"text-decoration: underline;color: #d20720\"><span style=\"font-size: 16px\"><strong>+ See More<\/strong><\/span><\/span><\/a><\/p>\n<\/div><\/li><li class=\"accordion__item \"><div class=\"accordion__header \" \r\n                id=\"accordion-header-post-1446\"\r\n                role=\"button\"\r\n                aria-expanded=\"false\"\r\n                aria-controls=\"accordion-content-post-1446\"\r\n                data-id=\"post-1446\" \r\n                data-item=\"\" \r\n                style=\"background:#FFFFFF;\" \r\n                data-tags=\"\"\r\n                tabindex=\"0\"><div class=\"accordion__title\">How long does it take to obtain permanent residence through the Qualified Investor program?<\/div><\/div><div id=\"accordion-content-post-1446\" \r\n                class=\"accordion__body\" \r\n                role=\"region\"\r\n                aria-labelledby=\"accordion-header-post-1446\"\r\n                style=\"background:#FCFCFC;\"><p class=\"attachment\"><a href='https:\/\/propanama.org\/wp-content\/uploads\/2021\/03\/faq2.png'><img loading=\"lazy\" decoding=\"async\" width=\"293\" height=\"300\" src=\"https:\/\/propanama.org\/wp-content\/uploads\/2021\/03\/faq2-293x300.png\" class=\"attachment-medium size-medium\" alt=\"\" srcset=\"https:\/\/propanama.org\/wp-content\/uploads\/2021\/03\/faq2-293x300.png 293w, https:\/\/propanama.org\/wp-content\/uploads\/2021\/03\/faq2-12x12.png 12w, https:\/\/propanama.org\/wp-content\/uploads\/2021\/03\/faq2.png 458w\" sizes=\"auto, (max-width: 293px) 100vw, 293px\" \/><\/a><\/p>\n<p>30 Days<\/p>\n<p><a href=\"https:\/\/propanama.org\/contacto\/\" target=\"_blank\" rel=\"noopener\"><span style=\"text-decoration: underline;color: #d20720\"><span style=\"font-size: 16px\"><strong>+ Contacto Us<\/strong><\/span><\/span><\/a><\/p>\n<\/div><\/li><li class=\"accordion__item \"><div class=\"accordion__header \" \r\n                id=\"accordion-header-post-1447\"\r\n                role=\"button\"\r\n                aria-expanded=\"false\"\r\n                aria-controls=\"accordion-content-post-1447\"\r\n                data-id=\"post-1447\" \r\n                data-item=\"\" \r\n                style=\"background:#FFFFFF;\" \r\n                data-tags=\"\"\r\n                tabindex=\"0\"><div class=\"accordion__title\">What is the friendly nations program?<\/div><\/div><div id=\"accordion-content-post-1447\" \r\n                class=\"accordion__body\" \r\n                role=\"region\"\r\n                aria-labelledby=\"accordion-header-post-1447\"\r\n                style=\"background:#FCFCFC;\"><p class=\"attachment\"><a href='https:\/\/propanama.org\/wp-content\/uploads\/2021\/03\/faq2.png'><img loading=\"lazy\" decoding=\"async\" width=\"293\" height=\"300\" src=\"https:\/\/propanama.org\/wp-content\/uploads\/2021\/03\/faq2-293x300.png\" class=\"attachment-medium size-medium\" alt=\"\" srcset=\"https:\/\/propanama.org\/wp-content\/uploads\/2021\/03\/faq2-293x300.png 293w, https:\/\/propanama.org\/wp-content\/uploads\/2021\/03\/faq2-12x12.png 12w, https:\/\/propanama.org\/wp-content\/uploads\/2021\/03\/faq2.png 458w\" sizes=\"auto, (max-width: 293px) 100vw, 293px\" \/><\/a><\/p>\n<p class=\"p1\">This is a visa for residents of certain Counties that Panama considers friendly nation countries through which they will be able to process permanent residence in a very fast, accessible and low-cost way.<\/p>\n<p><a href=\"https:\/\/propanama.org\/contacto\/\" target=\"_blank\" rel=\"noopener\"><span style=\"text-decoration: underline;color: #d20720\"><span style=\"font-size: 16px\"><strong>+ Contacto Us<\/strong><\/span><\/span><\/a><\/p>\n<\/div><\/li><li class=\"accordion__item \"><div class=\"accordion__header \" \r\n                id=\"accordion-header-post-1448\"\r\n                role=\"button\"\r\n                aria-expanded=\"false\"\r\n                aria-controls=\"accordion-content-post-1448\"\r\n                data-id=\"post-1448\" \r\n                data-item=\"\" \r\n                style=\"background:#FFFFFF;\" \r\n                data-tags=\"\"\r\n                tabindex=\"0\"><div class=\"accordion__title\">What are the requirements to obtain permanent residence through the Friendly Nations Program?<\/div><\/div><div id=\"accordion-content-post-1448\" \r\n                class=\"accordion__body\" \r\n                role=\"region\"\r\n                aria-labelledby=\"accordion-header-post-1448\"\r\n                style=\"background:#FCFCFC;\"><p class=\"attachment\"><a href='https:\/\/propanama.org\/wp-content\/uploads\/2021\/03\/faq2.png'><img loading=\"lazy\" decoding=\"async\" width=\"293\" height=\"300\" src=\"https:\/\/propanama.org\/wp-content\/uploads\/2021\/03\/faq2-293x300.png\" class=\"attachment-medium size-medium\" alt=\"\" srcset=\"https:\/\/propanama.org\/wp-content\/uploads\/2021\/03\/faq2-293x300.png 293w, https:\/\/propanama.org\/wp-content\/uploads\/2021\/03\/faq2-12x12.png 12w, https:\/\/propanama.org\/wp-content\/uploads\/2021\/03\/faq2.png 458w\" sizes=\"auto, (max-width: 293px) 100vw, 293px\" \/><\/a><\/p>\n<p class=\"p1\">It is necessary to create a commercial relationship with the country of Panama. As the investor with Panama, you must buy an investment, which can be the constitution of a company, have a bank account with 5,000 USD and start the corresponding immigration process.<span class=\"Apple-converted-space\">\u00a0<\/span><\/p>\n<p><a href=\"https:\/\/propanama.org\/contacto\/\" target=\"_blank\" rel=\"noopener\"><span style=\"text-decoration: underline;color: #d20720\"><span style=\"font-size: 16px\"><strong>+ Contact Us<\/strong><\/span><\/span><\/a><\/p>\n<\/div><\/li><li class=\"accordion__item \"><div class=\"accordion__header \" \r\n                id=\"accordion-header-post-1449\"\r\n                role=\"button\"\r\n                aria-expanded=\"false\"\r\n                aria-controls=\"accordion-content-post-1449\"\r\n                data-id=\"post-1449\" \r\n                data-item=\"\" \r\n                style=\"background:#FFFFFF;\" \r\n                data-tags=\"\"\r\n                tabindex=\"0\"><div class=\"accordion__title\">How long does it take to obtain permanent residency through the friendly nations program?<\/div><\/div><div id=\"accordion-content-post-1449\" \r\n                class=\"accordion__body\" \r\n                role=\"region\"\r\n                aria-labelledby=\"accordion-header-post-1449\"\r\n                style=\"background:#FCFCFC;\"><p class=\"attachment\"><a href='https:\/\/propanama.org\/wp-content\/uploads\/2021\/03\/faq2.png'><img loading=\"lazy\" decoding=\"async\" width=\"293\" height=\"300\" src=\"https:\/\/propanama.org\/wp-content\/uploads\/2021\/03\/faq2-293x300.png\" class=\"attachment-medium size-medium\" alt=\"\" srcset=\"https:\/\/propanama.org\/wp-content\/uploads\/2021\/03\/faq2-293x300.png 293w, https:\/\/propanama.org\/wp-content\/uploads\/2021\/03\/faq2-12x12.png 12w, https:\/\/propanama.org\/wp-content\/uploads\/2021\/03\/faq2.png 458w\" sizes=\"auto, (max-width: 293px) 100vw, 293px\" \/><\/a><\/p>\n<p class=\"p1\">The process for permanent residence can take between 4 and 6 months, as long as the requirements requested by migration are met in a timely fashion.<\/p>\n<p><a href=\"https:\/\/propanama.org\/contacto\/\" target=\"_blank\" rel=\"noopener\"><span style=\"text-decoration: underline;color: #d20720\"><span style=\"font-size: 16px\"><strong>+ Contact Us<\/strong><\/span><\/span><\/a><\/p>\n<\/div><\/li><li class=\"accordion__item \"><div class=\"accordion__header \" \r\n                id=\"accordion-header-post-1450\"\r\n                role=\"button\"\r\n                aria-expanded=\"false\"\r\n                aria-controls=\"accordion-content-post-1450\"\r\n                data-id=\"post-1450\" \r\n                data-item=\"\" \r\n                style=\"background:#FFFFFF;\" \r\n                data-tags=\"\"\r\n                tabindex=\"0\"><div class=\"accordion__title\">Can I open the bank account without going to Panama?<\/div><\/div><div id=\"accordion-content-post-1450\" \r\n                class=\"accordion__body\" \r\n                role=\"region\"\r\n                aria-labelledby=\"accordion-header-post-1450\"\r\n                style=\"background:#FCFCFC;\"><p class=\"attachment\"><a href='https:\/\/propanama.org\/wp-content\/uploads\/2021\/03\/faq2.png'><img loading=\"lazy\" decoding=\"async\" width=\"293\" height=\"300\" src=\"https:\/\/propanama.org\/wp-content\/uploads\/2021\/03\/faq2-293x300.png\" class=\"attachment-medium size-medium\" alt=\"\" srcset=\"https:\/\/propanama.org\/wp-content\/uploads\/2021\/03\/faq2-293x300.png 293w, https:\/\/propanama.org\/wp-content\/uploads\/2021\/03\/faq2-12x12.png 12w, https:\/\/propanama.org\/wp-content\/uploads\/2021\/03\/faq2.png 458w\" sizes=\"auto, (max-width: 293px) 100vw, 293px\" \/><\/a><\/p>\n<p class=\"p1\">Yes, with ProPanama it is possible to open a bank account from abroad without having to physically come to Panama. Interviews are scheduled online and all required documentation are sent digitally.<\/p>\n<p><a href=\"https:\/\/propanama.org\/contacto\/\" target=\"_blank\" rel=\"noopener\"><span style=\"text-decoration: underline;color: #d20720\"><span style=\"font-size: 16px\"><strong>+ Contact Us<\/strong><\/span><\/span><\/a><\/p>\n<\/div><\/li><li class=\"accordion__item \"><div class=\"accordion__header \" \r\n                id=\"accordion-header-post-1451\"\r\n                role=\"button\"\r\n                aria-expanded=\"false\"\r\n                aria-controls=\"accordion-content-post-1451\"\r\n                data-id=\"post-1451\" \r\n                data-item=\"\" \r\n                style=\"background:#FFFFFF;\" \r\n                data-tags=\"\"\r\n                tabindex=\"0\"><div class=\"accordion__title\">How long does it take to set up a corporation in PANAMA?<\/div><\/div><div id=\"accordion-content-post-1451\" \r\n                class=\"accordion__body\" \r\n                role=\"region\"\r\n                aria-labelledby=\"accordion-header-post-1451\"\r\n                style=\"background:#FCFCFC;\"><p class=\"attachment\"><a href='https:\/\/propanama.org\/wp-content\/uploads\/2021\/03\/faq2.png'><img loading=\"lazy\" decoding=\"async\" width=\"293\" height=\"300\" src=\"https:\/\/propanama.org\/wp-content\/uploads\/2021\/03\/faq2-293x300.png\" class=\"attachment-medium size-medium\" alt=\"\" srcset=\"https:\/\/propanama.org\/wp-content\/uploads\/2021\/03\/faq2-293x300.png 293w, https:\/\/propanama.org\/wp-content\/uploads\/2021\/03\/faq2-12x12.png 12w, https:\/\/propanama.org\/wp-content\/uploads\/2021\/03\/faq2.png 458w\" sizes=\"auto, (max-width: 293px) 100vw, 293px\" \/><\/a><\/p>\n<p class=\"p1\">The process is fairly quick, it can vary between 5 and 7 business days.<\/p>\n<p><a href=\"https:\/\/propanama.org\/contacto\/\" target=\"_blank\" rel=\"noopener\"><span style=\"text-decoration: underline;color: #d20720\"><span style=\"font-size: 16px\"><strong>+ Contacto Us<\/strong><\/span><\/span><\/a><\/p>\n<\/div><\/li><li class=\"accordion__item \"><div class=\"accordion__header \" \r\n                id=\"accordion-header-post-1452\"\r\n                role=\"button\"\r\n                aria-expanded=\"false\"\r\n                aria-controls=\"accordion-content-post-1452\"\r\n                data-id=\"post-1452\" \r\n                data-item=\"\" \r\n                style=\"background:#FFFFFF;\" \r\n                data-tags=\"\"\r\n                tabindex=\"0\"><div class=\"accordion__title\">Do I need to go to Panama to create a corporation?<\/div><\/div><div id=\"accordion-content-post-1452\" \r\n                class=\"accordion__body\" \r\n                role=\"region\"\r\n                aria-labelledby=\"accordion-header-post-1452\"\r\n                style=\"background:#FCFCFC;\"><p class=\"attachment\"><a href='https:\/\/propanama.org\/wp-content\/uploads\/2021\/03\/faq2.png'><img loading=\"lazy\" decoding=\"async\" width=\"293\" height=\"300\" src=\"https:\/\/propanama.org\/wp-content\/uploads\/2021\/03\/faq2-293x300.png\" class=\"attachment-medium size-medium\" alt=\"\" srcset=\"https:\/\/propanama.org\/wp-content\/uploads\/2021\/03\/faq2-293x300.png 293w, https:\/\/propanama.org\/wp-content\/uploads\/2021\/03\/faq2-12x12.png 12w, https:\/\/propanama.org\/wp-content\/uploads\/2021\/03\/faq2.png 458w\" sizes=\"auto, (max-width: 293px) 100vw, 293px\" \/><\/a><\/p>\n<p class=\"p1\">It is not necessary to be in Panama to set up your corporation, we can manage the creation of the corporation for you and send any necessary documents digitally.<\/p>\n<p><a href=\"https:\/\/propanama.org\/contacto\/\" target=\"_blank\" rel=\"noopener\"><span style=\"text-decoration: underline;color: #d20720\"><span style=\"font-size: 16px\"><strong>+ Contacto Us<\/strong><\/span><\/span><\/a><\/p>\n<\/div><\/li><li class=\"accordion__item \"><div class=\"accordion__header \" \r\n                id=\"accordion-header-post-1453\"\r\n                role=\"button\"\r\n                aria-expanded=\"false\"\r\n                aria-controls=\"accordion-content-post-1453\"\r\n                data-id=\"post-1453\" \r\n                data-item=\"\" \r\n                style=\"background:#FFFFFF;\" \r\n                data-tags=\"\"\r\n                tabindex=\"0\"><div class=\"accordion__title\">How long does the process of a Health Registry take?<\/div><\/div><div id=\"accordion-content-post-1453\" \r\n                class=\"accordion__body\" \r\n                role=\"region\"\r\n                aria-labelledby=\"accordion-header-post-1453\"\r\n                style=\"background:#FCFCFC;\"><p class=\"attachment\"><a href='https:\/\/propanama.org\/wp-content\/uploads\/2021\/03\/faq2.png'><img loading=\"lazy\" decoding=\"async\" width=\"293\" height=\"300\" src=\"https:\/\/propanama.org\/wp-content\/uploads\/2021\/03\/faq2-293x300.png\" class=\"attachment-medium size-medium\" alt=\"\" srcset=\"https:\/\/propanama.org\/wp-content\/uploads\/2021\/03\/faq2-293x300.png 293w, https:\/\/propanama.org\/wp-content\/uploads\/2021\/03\/faq2-12x12.png 12w, https:\/\/propanama.org\/wp-content\/uploads\/2021\/03\/faq2.png 458w\" sizes=\"auto, (max-width: 293px) 100vw, 293px\" \/><\/a><\/p>\n<p class=\"p1\">The health registration procedures are associated with the type of product for which registration is required. It can vary between 30 days and\/or<span class=\"Apple-converted-space\">\u00a0 <\/span>up to 6 months.<\/p>\n<p><a href=\"https:\/\/propanama.org\/contacto\/\" target=\"_blank\" rel=\"noopener\"><span style=\"text-decoration: underline;color: #d20720\"><span style=\"font-size: 16px\"><strong>+ Contact Us<\/strong><\/span><\/span><\/a><\/p>\n<\/div><\/li><\/ul><\/div><\/div><\/article><\/section>\n\n\t\t<\/div>\n\t<\/div>\n<div class=\"vcex-spacing wpex-w-100 wpex-clear\" style=\"height:20px\"><\/div><\/div><\/div><\/div><\/div><\/div><\/div><\/div><\/div><\/div><\/div><div class=\"vc_row-full-width vc_clearfix\"><\/div><div data-vc-full-width=\"true\" data-vc-full-width-init=\"false\" data-vc-stretch-content=\"true\" class=\"vc_row wpb_row vc_row-fluid vc_row-no-padding visible-phone wpex-vc-row-stretched\" data-ls_id=\"#preguntasfrecuentesmov\"><div class=\"wpb_column vc_column_container vc_col-sm-12\"><div class=\"vc_column-inner\"><div class=\"wpb_wrapper\"><div class=\"vcex-spacing wpex-w-100 wpex-clear\" style=\"height:40px\"><\/div><figure class=\"vcex-image vcex-module wpex-clr textcenter\"><div class=\"vcex-image-inner wpex-inline-block wpex-relative vc_custom_1615911583159\"><img decoding=\"async\" loading=\"lazy\" class=\"wpex-align-middle\" src=\"https:\/\/propanama.org\/wp-content\/uploads\/2021\/03\/faq2.png\" alt=\"\" width=\"458\" height=\"469\" \/><\/div><\/figure><div class=\"vcex-spacing wpex-w-100 wpex-clear\" style=\"height:20px\"><\/div><div class=\"vc_tta-container\" data-vc-action=\"collapse\"><div class=\"vc_general vc_tta vc_tta-tabs vc_tta-color-grey vc_tta-style-total vc_tta-shape-rounded vc_tta-spacing-5 vc_tta-gap-10 vc_tta-tabs-position-top vc_tta-controls-align-center vc_custom_1620317286918 wpb_animate_when_almost_visible wpb_fadeIn fadeIn\"><div class=\"vc_tta-tabs-container\"><ul class=\"vc_tta-tabs-list\"><li class=\"vc_tta-tab\" data-vc-tab><a href=\"#1620317220303-eecba42f-f4e4\" data-vc-tabs data-vc-container=\".vc_tta\"><i class=\"vc_tta-icon fas fa-globe\"><\/i><span class=\"vc_tta-title-text\">Espa\u00f1ol<\/span><\/a><\/li><li class=\"vc_tta-tab\" data-vc-tab><a href=\"#1620317222875-283b0355-05a5\" data-vc-tabs data-vc-container=\".vc_tta\"><i class=\"vc_tta-icon fas fa-globe\"><\/i><span class=\"vc_tta-title-text\">Ingl\u00e9s<\/span><\/a><\/li><\/ul><\/div><div class=\"vc_tta-panels-container\"><div class=\"vc_tta-panels\"><div class=\"vc_tta-panel\" id=\"1620317220303-eecba42f-f4e4\" data-vc-content=\".vc_tta-panel-body\"><div class=\"vc_tta-panel-heading\"><h4 class=\"vc_tta-panel-title\"><a href=\"#1620317220303-eecba42f-f4e4\" data-vc-accordion data-vc-container=\".vc_tta-container\"><i class=\"vc_tta-icon fas fa-globe\"><\/i><span class=\"vc_tta-title-text\">Espa\u00f1ol<\/span><\/a><\/h4><\/div><div class=\"vc_tta-panel-body\"><div class=\"vcex-spacing wpex-w-100 wpex-clear\" style=\"height:20px\"><\/div>\n\t<div style=\"color:#0a0a0a;font-family:Montserrat;font-size:14px;text-align:center;\" class=\"wpb_text_column has-custom-color wpex-child-inherit-color wpb_content_element  vc_custom_1615664236296\" >\n\t\t<div class=\"wpb_wrapper\">\n\t\t\t<section id='' \n                class='helpie-faq accordions faq-toggle custom-styles' \n                data-collection='' \n                data-pagination='0' \n                data-search='0' \n                data-pagination-enabled='0'\n                role='region'\n                aria-label='FAQ Section'\n                aria-live='polite'><h3 class=\"collection-title\">PREGUNTAS FRECUENTES<\/h3><form class=\"search\" onSubmit=\"return false;\"><div class=\"search__wrapper\"><input type=\"text\" class=\"search__input\" aria-label=\"Search\" role=\"searchbox\" placeholder=\"Buscar \/ Search\"><span class=\"search__icon\"><svg class=\"svg-icon--search\" role=\"img\" xmlns=\"http:\/\/www.w3.org\/2000\/svg\" viewBox=\"0 0 22 22\">\r\n                        <g fill=\"none\" stroke=\"#171717\">\r\n                            <path stroke-linecap=\"square\" stroke-width=\"2\" d=\"M18.5 18.3l-5.4-5.4\"\/>\r\n                            <circle cx=\"8\" cy=\"8\" r=\"7\" stroke-width=\"2\"\/>\r\n                        <\/g>\r\n                    <\/svg><\/span><\/div><div class=\"search__message\"><\/div><\/form><article class=\"accordion \"><div class='helpie-faq-row'><div class='helpie-faq-col helpie-faq-col-12' ><ul><li class=\"accordion__item \"><div class=\"accordion__header \" \r\n                id=\"accordion-header-post-1254\"\r\n                role=\"button\"\r\n                aria-expanded=\"false\"\r\n                aria-controls=\"accordion-content-post-1254\"\r\n                data-id=\"post-1254\" \r\n                data-item=\"\" \r\n                style=\"background:#FFFFFF;\" \r\n                data-tags=\"\"\r\n                tabindex=\"0\"><div class=\"accordion__title\">\u00bfQu\u00e9 es ProPanama?<\/div><\/div><div id=\"accordion-content-post-1254\" \r\n                class=\"accordion__body\" \r\n                role=\"region\"\r\n                aria-labelledby=\"accordion-header-post-1254\"\r\n                style=\"background:#FCFCFC;\"><p class=\"attachment\"><a href='https:\/\/propanama.org\/wp-content\/uploads\/2021\/03\/faq2.png'><img loading=\"lazy\" decoding=\"async\" width=\"293\" height=\"300\" src=\"https:\/\/propanama.org\/wp-content\/uploads\/2021\/03\/faq2-293x300.png\" class=\"attachment-medium size-medium\" alt=\"\" srcset=\"https:\/\/propanama.org\/wp-content\/uploads\/2021\/03\/faq2-293x300.png 293w, https:\/\/propanama.org\/wp-content\/uploads\/2021\/03\/faq2-12x12.png 12w, https:\/\/propanama.org\/wp-content\/uploads\/2021\/03\/faq2.png 458w\" sizes=\"auto, (max-width: 293px) 100vw, 293px\" \/><\/a><\/p>\n<p class=\"p1\">Es la Agencia Privada de Atenci\u00f3n a Inversionistas con m\u00e1s de 15 a\u00f1os de experiencia en el mercado, que ha logrado conectar empresas y personas en m\u00e1s de 20 pa\u00edses.<\/p>\n<p><a href=\"https:\/\/propanama.org\/nosotros\/\" target=\"_blank\" rel=\"noopener\"><span style=\"text-decoration: underline;color: #d20720\"><span style=\"font-size: 16px\"><strong>+ Ver M\u00e1s<\/strong><\/span><\/span><\/a><\/p>\n<\/div><\/li><li class=\"accordion__item \"><div class=\"accordion__header \" \r\n                id=\"accordion-header-post-1257\"\r\n                role=\"button\"\r\n                aria-expanded=\"false\"\r\n                aria-controls=\"accordion-content-post-1257\"\r\n                data-id=\"post-1257\" \r\n                data-item=\"\" \r\n                style=\"background:#FFFFFF;\" \r\n                data-tags=\"\"\r\n                tabindex=\"0\"><div class=\"accordion__title\">\u00bfPorqu\u00e9 ProPanama?<\/div><\/div><div id=\"accordion-content-post-1257\" \r\n                class=\"accordion__body\" \r\n                role=\"region\"\r\n                aria-labelledby=\"accordion-header-post-1257\"\r\n                style=\"background:#FCFCFC;\"><p class=\"attachment\"><a href='https:\/\/propanama.org\/wp-content\/uploads\/2021\/03\/faq2.png'><img loading=\"lazy\" decoding=\"async\" width=\"293\" height=\"300\" src=\"https:\/\/propanama.org\/wp-content\/uploads\/2021\/03\/faq2-293x300.png\" class=\"attachment-medium size-medium\" alt=\"\" srcset=\"https:\/\/propanama.org\/wp-content\/uploads\/2021\/03\/faq2-293x300.png 293w, https:\/\/propanama.org\/wp-content\/uploads\/2021\/03\/faq2-12x12.png 12w, https:\/\/propanama.org\/wp-content\/uploads\/2021\/03\/faq2.png 458w\" sizes=\"auto, (max-width: 293px) 100vw, 293px\" \/><\/a><\/p>\n<p class=\"p1\">Como agencia privada de negocios <b>ProPanama\u00ae <\/b>te apoyar\u00e1 a trav\u00e9s de su amplia gama de servicios a hacer de Panam\u00e1, tu siguiente socio comercial de la manera m\u00e1s eficiente, confiable y segura. Como empresa privada contamos con estrictos procesos internos que le asegurar\u00e1n atenci\u00f3n inmediata de calidad, sin lugar a la burocracia. <b>Pro Panam\u00e1\u00ae <\/b>tiene los m\u00e1s altos principios de transparencia, eficiencia y rapidez que exigen los negocios modernos.<span class=\"Apple-converted-space\">\u00a0<\/span><\/p>\n<p><a href=\"https:\/\/propanama.org\/nosotros\/\" target=\"_blank\" rel=\"noopener\"><span style=\"text-decoration: underline;color: #d20720\"><span style=\"font-size: 16px\"><strong>+ Ver M\u00e1s<\/strong><\/span><\/span><\/a><\/p>\n<\/div><\/li><li class=\"accordion__item \"><div class=\"accordion__header \" \r\n                id=\"accordion-header-post-1256\"\r\n                role=\"button\"\r\n                aria-expanded=\"false\"\r\n                aria-controls=\"accordion-content-post-1256\"\r\n                data-id=\"post-1256\" \r\n                data-item=\"\" \r\n                style=\"background:#FFFFFF;\" \r\n                data-tags=\"\"\r\n                tabindex=\"0\"><div class=\"accordion__title\">\u00bfQu\u00e9 es un inversionista calificado?<\/div><\/div><div id=\"accordion-content-post-1256\" \r\n                class=\"accordion__body\" \r\n                role=\"region\"\r\n                aria-labelledby=\"accordion-header-post-1256\"\r\n                style=\"background:#FCFCFC;\"><p class=\"attachment\"><a href='https:\/\/propanama.org\/wp-content\/uploads\/2021\/03\/faq2.png'><img loading=\"lazy\" decoding=\"async\" width=\"293\" height=\"300\" src=\"https:\/\/propanama.org\/wp-content\/uploads\/2021\/03\/faq2-293x300.png\" class=\"attachment-medium size-medium\" alt=\"\" srcset=\"https:\/\/propanama.org\/wp-content\/uploads\/2021\/03\/faq2-293x300.png 293w, https:\/\/propanama.org\/wp-content\/uploads\/2021\/03\/faq2-12x12.png 12w, https:\/\/propanama.org\/wp-content\/uploads\/2021\/03\/faq2.png 458w\" sizes=\"auto, (max-width: 293px) 100vw, 293px\" \/><\/a><\/p>\n<p>Es un programa creado por el gobierno de Panam\u00e1 para incentivar y facilitar la atracci\u00f3n de IED. Es la manera de obtener la residencia permanente de la forma m\u00e1s r\u00e1pida y por una inversi\u00f3n m\u00ednima de $300,000 USD.<\/p>\n<p><a href=\"https:\/\/propanama.org\/inversionista-calificado\/\" target=\"_blank\" rel=\"noopener\"><span style=\"text-decoration: underline;color: #d20720\"><span style=\"font-size: 16px\"><strong>+ Ver M\u00e1s<\/strong><\/span><\/span><\/a><\/p>\n<\/div><\/li><li class=\"accordion__item \"><div class=\"accordion__header \" \r\n                id=\"accordion-header-post-1259\"\r\n                role=\"button\"\r\n                aria-expanded=\"false\"\r\n                aria-controls=\"accordion-content-post-1259\"\r\n                data-id=\"post-1259\" \r\n                data-item=\"\" \r\n                style=\"background:#FFFFFF;\" \r\n                data-tags=\"\"\r\n                tabindex=\"0\"><div class=\"accordion__title\">\u00bfEn cuanto tiempo obtengo la residencia permanente a trav\u00e9s del programa de Inversionista calificado?<\/div><\/div><div id=\"accordion-content-post-1259\" \r\n                class=\"accordion__body\" \r\n                role=\"region\"\r\n                aria-labelledby=\"accordion-header-post-1259\"\r\n                style=\"background:#FCFCFC;\"><p class=\"attachment\"><a href='https:\/\/propanama.org\/wp-content\/uploads\/2021\/03\/faq2.png'><img loading=\"lazy\" decoding=\"async\" width=\"293\" height=\"300\" src=\"https:\/\/propanama.org\/wp-content\/uploads\/2021\/03\/faq2-293x300.png\" class=\"attachment-medium size-medium\" alt=\"\" srcset=\"https:\/\/propanama.org\/wp-content\/uploads\/2021\/03\/faq2-293x300.png 293w, https:\/\/propanama.org\/wp-content\/uploads\/2021\/03\/faq2-12x12.png 12w, https:\/\/propanama.org\/wp-content\/uploads\/2021\/03\/faq2.png 458w\" sizes=\"auto, (max-width: 293px) 100vw, 293px\" \/><\/a><\/p>\n<p>30 D\u00edas.<\/p>\n<p><a href=\"https:\/\/propanama.org\/contacto\/\" target=\"_blank\" rel=\"noopener\"><span style=\"text-decoration: underline;color: #d20720\"><span style=\"font-size: 16px\"><strong>+ Contacto<\/strong><\/span><\/span><\/a><\/p>\n<\/div><\/li><li class=\"accordion__item \"><div class=\"accordion__header \" \r\n                id=\"accordion-header-post-1255\"\r\n                role=\"button\"\r\n                aria-expanded=\"false\"\r\n                aria-controls=\"accordion-content-post-1255\"\r\n                data-id=\"post-1255\" \r\n                data-item=\"\" \r\n                style=\"background:#FFFFFF;\" \r\n                data-tags=\"\"\r\n                tabindex=\"0\"><div class=\"accordion__title\">\u00bfCu\u00e1l es el programa de las naciones amigas?<\/div><\/div><div id=\"accordion-content-post-1255\" \r\n                class=\"accordion__body\" \r\n                role=\"region\"\r\n                aria-labelledby=\"accordion-header-post-1255\"\r\n                style=\"background:#FCFCFC;\"><p class=\"attachment\"><a href='https:\/\/propanama.org\/wp-content\/uploads\/2021\/03\/faq2.png'><img loading=\"lazy\" decoding=\"async\" width=\"293\" height=\"300\" src=\"https:\/\/propanama.org\/wp-content\/uploads\/2021\/03\/faq2-293x300.png\" class=\"attachment-medium size-medium\" alt=\"\" srcset=\"https:\/\/propanama.org\/wp-content\/uploads\/2021\/03\/faq2-293x300.png 293w, https:\/\/propanama.org\/wp-content\/uploads\/2021\/03\/faq2-12x12.png 12w, https:\/\/propanama.org\/wp-content\/uploads\/2021\/03\/faq2.png 458w\" sizes=\"auto, (max-width: 293px) 100vw, 293px\" \/><\/a><\/p>\n<p>Es una visa para ciertos pa\u00edses amigos a trav\u00e9s de la cual podr\u00e1n tramitar la residencia permanente de una manera muy r\u00e1pida, accesible y de bajo costo para los inversionistas extranjeros.<\/p>\n<p><a href=\"https:\/\/propanama.org\/contacto\/\" target=\"_blank\" rel=\"noopener\"><span style=\"text-decoration: underline;color: #d20720\"><span style=\"font-size: 16px\"><strong>+ Contacto<\/strong><\/span><\/span><\/a><\/p>\n<\/div><\/li><li class=\"accordion__item \"><div class=\"accordion__header \" \r\n                id=\"accordion-header-post-1260\"\r\n                role=\"button\"\r\n                aria-expanded=\"false\"\r\n                aria-controls=\"accordion-content-post-1260\"\r\n                data-id=\"post-1260\" \r\n                data-item=\"\" \r\n                style=\"background:#FFFFFF;\" \r\n                data-tags=\"\"\r\n                tabindex=\"0\"><div class=\"accordion__title\">\u00bfCu\u00e1les son los requisitos para obtener la residencia permanente a trav\u00e9s de Programa de las Naciones Amigas?<\/div><\/div><div id=\"accordion-content-post-1260\" \r\n                class=\"accordion__body\" \r\n                role=\"region\"\r\n                aria-labelledby=\"accordion-header-post-1260\"\r\n                style=\"background:#FCFCFC;\"><p class=\"attachment\"><a href='https:\/\/propanama.org\/wp-content\/uploads\/2021\/03\/faq2.png'><img loading=\"lazy\" decoding=\"async\" width=\"293\" height=\"300\" src=\"https:\/\/propanama.org\/wp-content\/uploads\/2021\/03\/faq2-293x300.png\" class=\"attachment-medium size-medium\" alt=\"\" srcset=\"https:\/\/propanama.org\/wp-content\/uploads\/2021\/03\/faq2-293x300.png 293w, https:\/\/propanama.org\/wp-content\/uploads\/2021\/03\/faq2-12x12.png 12w, https:\/\/propanama.org\/wp-content\/uploads\/2021\/03\/faq2.png 458w\" sizes=\"auto, (max-width: 293px) 100vw, 293px\" \/><\/a><\/p>\n<p class=\"p1\">Es necesario demorar ante el gobierno paname\u00f1o la relaci\u00f3n econ\u00f3mica o comercial del inversionista con Panam\u00e1, por lo que se debe de comprar una inversi\u00f3n, que puede ser la constituci\u00f3n de una empresa, tener una cuenta bancaria con 5,000 USD e iniciar el tr\u00e1mite migratorio correspondiente.<span class=\"Apple-converted-space\">\u00a0<\/span><\/p>\n<p><a href=\"https:\/\/propanama.org\/contacto\/\" target=\"_blank\" rel=\"noopener\"><span style=\"text-decoration: underline;color: #d20720\"><span style=\"font-size: 16px\"><strong>+ Contacto<\/strong><\/span><\/span><\/a><\/p>\n<\/div><\/li><li class=\"accordion__item \"><div class=\"accordion__header \" \r\n                id=\"accordion-header-post-1261\"\r\n                role=\"button\"\r\n                aria-expanded=\"false\"\r\n                aria-controls=\"accordion-content-post-1261\"\r\n                data-id=\"post-1261\" \r\n                data-item=\"\" \r\n                style=\"background:#FFFFFF;\" \r\n                data-tags=\"\"\r\n                tabindex=\"0\"><div class=\"accordion__title\">\u00bfEn cuanto tiempo obtengo la residencia permanente a trav\u00e9s del programa de las naciones amigas?<\/div><\/div><div id=\"accordion-content-post-1261\" \r\n                class=\"accordion__body\" \r\n                role=\"region\"\r\n                aria-labelledby=\"accordion-header-post-1261\"\r\n                style=\"background:#FCFCFC;\"><p class=\"attachment\"><a href='https:\/\/propanama.org\/wp-content\/uploads\/2021\/03\/faq2.png'><img loading=\"lazy\" decoding=\"async\" width=\"293\" height=\"300\" src=\"https:\/\/propanama.org\/wp-content\/uploads\/2021\/03\/faq2-293x300.png\" class=\"attachment-medium size-medium\" alt=\"\" srcset=\"https:\/\/propanama.org\/wp-content\/uploads\/2021\/03\/faq2-293x300.png 293w, https:\/\/propanama.org\/wp-content\/uploads\/2021\/03\/faq2-12x12.png 12w, https:\/\/propanama.org\/wp-content\/uploads\/2021\/03\/faq2.png 458w\" sizes=\"auto, (max-width: 293px) 100vw, 293px\" \/><\/a><\/p>\n<p>El tr\u00e1mite para la residencia permanente puede durar entre 4 y 6 meses, siempre y cuando se cumplan los requisitos solicitados por migraci\u00f3n.<\/p>\n<p><a href=\"https:\/\/propanama.org\/contacto\/\" target=\"_blank\" rel=\"noopener\"><span style=\"text-decoration: underline;color: #d20720\"><span style=\"font-size: 16px\"><strong>+ Contacto<\/strong><\/span><\/span><\/a><\/p>\n<\/div><\/li><li class=\"accordion__item \"><div class=\"accordion__header \" \r\n                id=\"accordion-header-post-1262\"\r\n                role=\"button\"\r\n                aria-expanded=\"false\"\r\n                aria-controls=\"accordion-content-post-1262\"\r\n                data-id=\"post-1262\" \r\n                data-item=\"\" \r\n                style=\"background:#FFFFFF;\" \r\n                data-tags=\"\"\r\n                tabindex=\"0\"><div class=\"accordion__title\">\u00bfPuedo aperturar la cuenta bancaria sin ir a Panama?<\/div><\/div><div id=\"accordion-content-post-1262\" \r\n                class=\"accordion__body\" \r\n                role=\"region\"\r\n                aria-labelledby=\"accordion-header-post-1262\"\r\n                style=\"background:#FCFCFC;\"><p class=\"attachment\"><a href='https:\/\/propanama.org\/wp-content\/uploads\/2021\/03\/faq2.png'><img loading=\"lazy\" decoding=\"async\" width=\"293\" height=\"300\" src=\"https:\/\/propanama.org\/wp-content\/uploads\/2021\/03\/faq2-293x300.png\" class=\"attachment-medium size-medium\" alt=\"\" srcset=\"https:\/\/propanama.org\/wp-content\/uploads\/2021\/03\/faq2-293x300.png 293w, https:\/\/propanama.org\/wp-content\/uploads\/2021\/03\/faq2-12x12.png 12w, https:\/\/propanama.org\/wp-content\/uploads\/2021\/03\/faq2.png 458w\" sizes=\"auto, (max-width: 293px) 100vw, 293px\" \/><\/a><\/p>\n<p>Con ProPanama es posible aperturar una cuenta bancaria desde el extranjero sin necesidad de ir a Panam\u00e1. Las entrevistas se programan online y se manda toda la documentaci\u00f3n requerida.<\/p>\n<p><a href=\"https:\/\/propanama.org\/contacto\/\" target=\"_blank\" rel=\"noopener\"><span style=\"text-decoration: underline;color: #d20720\"><span style=\"font-size: 16px\"><strong>+ Contacto<\/strong><\/span><\/span><\/a><\/p>\n<\/div><\/li><li class=\"accordion__item \"><div class=\"accordion__header \" \r\n                id=\"accordion-header-post-1264\"\r\n                role=\"button\"\r\n                aria-expanded=\"false\"\r\n                aria-controls=\"accordion-content-post-1264\"\r\n                data-id=\"post-1264\" \r\n                data-item=\"\" \r\n                style=\"background:#FFFFFF;\" \r\n                data-tags=\"\"\r\n                tabindex=\"0\"><div class=\"accordion__title\">\u00bfCuanto tiempo demora la constituci\u00f3n de una sociedad an\u00f3nima en PANAMA?<\/div><\/div><div id=\"accordion-content-post-1264\" \r\n                class=\"accordion__body\" \r\n                role=\"region\"\r\n                aria-labelledby=\"accordion-header-post-1264\"\r\n                style=\"background:#FCFCFC;\"><p class=\"attachment\"><a href='https:\/\/propanama.org\/wp-content\/uploads\/2021\/03\/faq2.png'><img loading=\"lazy\" decoding=\"async\" width=\"293\" height=\"300\" src=\"https:\/\/propanama.org\/wp-content\/uploads\/2021\/03\/faq2-293x300.png\" class=\"attachment-medium size-medium\" alt=\"\" srcset=\"https:\/\/propanama.org\/wp-content\/uploads\/2021\/03\/faq2-293x300.png 293w, https:\/\/propanama.org\/wp-content\/uploads\/2021\/03\/faq2-12x12.png 12w, https:\/\/propanama.org\/wp-content\/uploads\/2021\/03\/faq2.png 458w\" sizes=\"auto, (max-width: 293px) 100vw, 293px\" \/><\/a><\/p>\n<p>El proceso es bast\u00e1nte r\u00e1pido, puede variar entre los 5 y 7 d\u00edas h\u00e1biles.<\/p>\n<p><a href=\"https:\/\/propanama.org\/contacto\/\" target=\"_blank\" rel=\"noopener\"><span style=\"text-decoration: underline;color: #d20720\"><span style=\"font-size: 16px\"><strong>+ Contacto<\/strong><\/span><\/span><\/a><\/p>\n<\/div><\/li><li class=\"accordion__item \"><div class=\"accordion__header \" \r\n                id=\"accordion-header-post-1265\"\r\n                role=\"button\"\r\n                aria-expanded=\"false\"\r\n                aria-controls=\"accordion-content-post-1265\"\r\n                data-id=\"post-1265\" \r\n                data-item=\"\" \r\n                style=\"background:#FFFFFF;\" \r\n                data-tags=\"\"\r\n                tabindex=\"0\"><div class=\"accordion__title\">\u00bf Requiero ir a Panam\u00e1 para crear una sociedad an\u00f3nima?<\/div><\/div><div id=\"accordion-content-post-1265\" \r\n                class=\"accordion__body\" \r\n                role=\"region\"\r\n                aria-labelledby=\"accordion-header-post-1265\"\r\n                style=\"background:#FCFCFC;\"><p class=\"attachment\"><a href='https:\/\/propanama.org\/wp-content\/uploads\/2021\/03\/faq2.png'><img loading=\"lazy\" decoding=\"async\" width=\"293\" height=\"300\" src=\"https:\/\/propanama.org\/wp-content\/uploads\/2021\/03\/faq2-293x300.png\" class=\"attachment-medium size-medium\" alt=\"\" srcset=\"https:\/\/propanama.org\/wp-content\/uploads\/2021\/03\/faq2-293x300.png 293w, https:\/\/propanama.org\/wp-content\/uploads\/2021\/03\/faq2-12x12.png 12w, https:\/\/propanama.org\/wp-content\/uploads\/2021\/03\/faq2.png 458w\" sizes=\"auto, (max-width: 293px) 100vw, 293px\" \/><\/a><\/p>\n<p>No es necesario estar en Panam\u00e1 para que podamos gestionar la creaci\u00f3n de la sociedad an\u00f3nima.<\/p>\n<p><a href=\"https:\/\/propanama.org\/contacto\/\" target=\"_blank\" rel=\"noopener\"><span style=\"text-decoration: underline;color: #d20720\"><span style=\"font-size: 16px\"><strong>+ Contacto<\/strong><\/span><\/span><\/a><\/p>\n<\/div><\/li><li class=\"accordion__item \"><div class=\"accordion__header \" \r\n                id=\"accordion-header-post-1266\"\r\n                role=\"button\"\r\n                aria-expanded=\"false\"\r\n                aria-controls=\"accordion-content-post-1266\"\r\n                data-id=\"post-1266\" \r\n                data-item=\"\" \r\n                style=\"background:#FFFFFF;\" \r\n                data-tags=\"\"\r\n                tabindex=\"0\"><div class=\"accordion__title\">\u00bfCu\u00e1nto tiempo demora el proceso de un Registro Sanitarios?<\/div><\/div><div id=\"accordion-content-post-1266\" \r\n                class=\"accordion__body\" \r\n                role=\"region\"\r\n                aria-labelledby=\"accordion-header-post-1266\"\r\n                style=\"background:#FCFCFC;\"><p class=\"attachment\"><a href='https:\/\/propanama.org\/wp-content\/uploads\/2021\/03\/faq2.png'><img loading=\"lazy\" decoding=\"async\" width=\"293\" height=\"300\" src=\"https:\/\/propanama.org\/wp-content\/uploads\/2021\/03\/faq2-293x300.png\" class=\"attachment-medium size-medium\" alt=\"\" srcset=\"https:\/\/propanama.org\/wp-content\/uploads\/2021\/03\/faq2-293x300.png 293w, https:\/\/propanama.org\/wp-content\/uploads\/2021\/03\/faq2-12x12.png 12w, https:\/\/propanama.org\/wp-content\/uploads\/2021\/03\/faq2.png 458w\" sizes=\"auto, (max-width: 293px) 100vw, 293px\" \/><\/a><\/p>\n<p>Los tr\u00e1mites de registro sanitarios est\u00e1n asociados al tipo de producto del cual se requiera el registro . Puede Var\u00eda entre los 30 d\u00edas y\/o los 6 meses.<\/p>\n<p><a href=\"https:\/\/propanama.org\/contacto\/\" target=\"_blank\" rel=\"noopener\"><span style=\"text-decoration: underline;color: #d20720\"><span style=\"font-size: 16px\"><strong>+ Contacto<\/strong><\/span><\/span><\/a><\/p>\n<\/div><\/li><\/ul><\/div><\/div><\/article><\/section>\n\n\t\t<\/div>\n\t<\/div>\n<div class=\"vcex-spacing wpex-w-100 wpex-clear\" style=\"height:20px\"><\/div><\/div><\/div><div class=\"vc_tta-panel\" id=\"1620317222875-283b0355-05a5\" data-vc-content=\".vc_tta-panel-body\"><div class=\"vc_tta-panel-heading\"><h4 class=\"vc_tta-panel-title\"><a href=\"#1620317222875-283b0355-05a5\" data-vc-accordion data-vc-container=\".vc_tta-container\"><i class=\"vc_tta-icon fas fa-globe\"><\/i><span class=\"vc_tta-title-text\">Ingl\u00e9s<\/span><\/a><\/h4><\/div><div class=\"vc_tta-panel-body\"><div class=\"vcex-spacing wpex-w-100 wpex-clear\" style=\"height:20px\"><\/div>\n\t<div style=\"color:#0a0a0a;font-family:Montserrat;font-size:14px;text-align:center;\" class=\"wpb_text_column has-custom-color wpex-child-inherit-color wpb_content_element  vc_custom_1619216304992\" >\n\t\t<div class=\"wpb_wrapper\">\n\t\t\t<section id='' \n                class='helpie-faq accordions faq-toggle custom-styles' \n                data-collection='' \n                data-pagination='0' \n                data-search='0' \n                data-pagination-enabled='0'\n                role='region'\n                aria-label='FAQ Section'\n                aria-live='polite'><h3 class=\"collection-title\">FREQUENTLY ASKED QUESTIONS<\/h3><form class=\"search\" onSubmit=\"return false;\"><div class=\"search__wrapper\"><input type=\"text\" class=\"search__input\" aria-label=\"Search\" role=\"searchbox\" placeholder=\"Buscar \/ Search\"><span class=\"search__icon\"><svg class=\"svg-icon--search\" role=\"img\" xmlns=\"http:\/\/www.w3.org\/2000\/svg\" viewBox=\"0 0 22 22\">\r\n                        <g fill=\"none\" stroke=\"#171717\">\r\n                            <path stroke-linecap=\"square\" stroke-width=\"2\" d=\"M18.5 18.3l-5.4-5.4\"\/>\r\n                            <circle cx=\"8\" cy=\"8\" r=\"7\" stroke-width=\"2\"\/>\r\n                        <\/g>\r\n                    <\/svg><\/span><\/div><div class=\"search__message\"><\/div><\/form><article class=\"accordion \"><div class='helpie-faq-row'><div class='helpie-faq-col helpie-faq-col-12' ><ul><li class=\"accordion__item \"><div class=\"accordion__header \" \r\n                id=\"accordion-header-post-1251\"\r\n                role=\"button\"\r\n                aria-expanded=\"false\"\r\n                aria-controls=\"accordion-content-post-1251\"\r\n                data-id=\"post-1251\" \r\n                data-item=\"\" \r\n                style=\"background:#FFFFFF;\" \r\n                data-tags=\"\"\r\n                tabindex=\"0\"><div class=\"accordion__title\">What is ProPanama?<\/div><\/div><div id=\"accordion-content-post-1251\" \r\n                class=\"accordion__body\" \r\n                role=\"region\"\r\n                aria-labelledby=\"accordion-header-post-1251\"\r\n                style=\"background:#FCFCFC;\"><p class=\"attachment\"><a href='https:\/\/propanama.org\/wp-content\/uploads\/2021\/03\/faq2.png'><img loading=\"lazy\" decoding=\"async\" width=\"293\" height=\"300\" src=\"https:\/\/propanama.org\/wp-content\/uploads\/2021\/03\/faq2-293x300.png\" class=\"attachment-medium size-medium\" alt=\"\" srcset=\"https:\/\/propanama.org\/wp-content\/uploads\/2021\/03\/faq2-293x300.png 293w, https:\/\/propanama.org\/wp-content\/uploads\/2021\/03\/faq2-12x12.png 12w, https:\/\/propanama.org\/wp-content\/uploads\/2021\/03\/faq2.png 458w\" sizes=\"auto, (max-width: 293px) 100vw, 293px\" \/><\/a><\/p>\n<p class=\"p1\">We are a Private Investor Service Agency with more than 15 years of experience in the market, and have connect companies and people in more than 20 countries.<\/p>\n<p><a href=\"https:\/\/propanama.org\/nosotros\/\" target=\"_blank\" rel=\"noopener\"><span style=\"text-decoration: underline;color: #d20720\"><span style=\"font-size: 16px\"><strong>+ See More<\/strong><\/span><\/span><\/a><\/p>\n<\/div><\/li><li class=\"accordion__item \"><div class=\"accordion__header \" \r\n                id=\"accordion-header-post-1440\"\r\n                role=\"button\"\r\n                aria-expanded=\"false\"\r\n                aria-controls=\"accordion-content-post-1440\"\r\n                data-id=\"post-1440\" \r\n                data-item=\"\" \r\n                style=\"background:#FFFFFF;\" \r\n                data-tags=\"\"\r\n                tabindex=\"0\"><div class=\"accordion__title\">Why ProPanama?<\/div><\/div><div id=\"accordion-content-post-1440\" \r\n                class=\"accordion__body\" \r\n                role=\"region\"\r\n                aria-labelledby=\"accordion-header-post-1440\"\r\n                style=\"background:#FCFCFC;\"><p class=\"attachment\"><a href='https:\/\/propanama.org\/wp-content\/uploads\/2021\/03\/faq2.png'><img loading=\"lazy\" decoding=\"async\" width=\"293\" height=\"300\" src=\"https:\/\/propanama.org\/wp-content\/uploads\/2021\/03\/faq2-293x300.png\" class=\"attachment-medium size-medium\" alt=\"\" srcset=\"https:\/\/propanama.org\/wp-content\/uploads\/2021\/03\/faq2-293x300.png 293w, https:\/\/propanama.org\/wp-content\/uploads\/2021\/03\/faq2-12x12.png 12w, https:\/\/propanama.org\/wp-content\/uploads\/2021\/03\/faq2.png 458w\" sizes=\"auto, (max-width: 293px) 100vw, 293px\" \/><\/a><\/p>\n<p class=\"p1\">As a private business agency ProPanama\u00ae will support you through our wide range of services to make Panama your next business partner in the most efficient, reliable and safe way. As a private company, we have strict internal processes that will ensure immediate quality care, without any bureaucracy. Pro Panam\u00e1\u00ae has the highest principles of transparency, efficiency and speed that modern businesses demand.<\/p>\n<p><a href=\"https:\/\/propanama.org\/nosotros\/\" target=\"_blank\" rel=\"noopener\"><span style=\"text-decoration: underline;color: #d20720\"><span style=\"font-size: 16px\"><strong>+ See More<\/strong><\/span><\/span><\/a><\/p>\n<\/div><\/li><li class=\"accordion__item \"><div class=\"accordion__header \" \r\n                id=\"accordion-header-post-1441\"\r\n                role=\"button\"\r\n                aria-expanded=\"false\"\r\n                aria-controls=\"accordion-content-post-1441\"\r\n                data-id=\"post-1441\" \r\n                data-item=\"\" \r\n                style=\"background:#FFFFFF;\" \r\n                data-tags=\"\"\r\n                tabindex=\"0\"><div class=\"accordion__title\">What is a Qualified Ivestor?<\/div><\/div><div id=\"accordion-content-post-1441\" \r\n                class=\"accordion__body\" \r\n                role=\"region\"\r\n                aria-labelledby=\"accordion-header-post-1441\"\r\n                style=\"background:#FCFCFC;\"><p class=\"attachment\"><a href='https:\/\/propanama.org\/wp-content\/uploads\/2021\/03\/faq2.png'><img loading=\"lazy\" decoding=\"async\" width=\"293\" height=\"300\" src=\"https:\/\/propanama.org\/wp-content\/uploads\/2021\/03\/faq2-293x300.png\" class=\"attachment-medium size-medium\" alt=\"\" srcset=\"https:\/\/propanama.org\/wp-content\/uploads\/2021\/03\/faq2-293x300.png 293w, https:\/\/propanama.org\/wp-content\/uploads\/2021\/03\/faq2-12x12.png 12w, https:\/\/propanama.org\/wp-content\/uploads\/2021\/03\/faq2.png 458w\" sizes=\"auto, (max-width: 293px) 100vw, 293px\" \/><\/a><\/p>\n<p class=\"p1\">This brand new program created by the Panamanian<span class=\"Apple-converted-space\">\u00a0 <\/span>government has been set forth to encourage and facilitate the attraction of FDI. It is the way to obtain permanent residence the fastest way with a minimum investment of $ 300,000 USD.<\/p>\n<p><a href=\"https:\/\/propanama.org\/inversionista-calificado\/\" target=\"_blank\" rel=\"noopener\"><span style=\"text-decoration: underline;color: #d20720\"><span style=\"font-size: 16px\"><strong>+ See More<\/strong><\/span><\/span><\/a><\/p>\n<\/div><\/li><li class=\"accordion__item \"><div class=\"accordion__header \" \r\n                id=\"accordion-header-post-1446\"\r\n                role=\"button\"\r\n                aria-expanded=\"false\"\r\n                aria-controls=\"accordion-content-post-1446\"\r\n                data-id=\"post-1446\" \r\n                data-item=\"\" \r\n                style=\"background:#FFFFFF;\" \r\n                data-tags=\"\"\r\n                tabindex=\"0\"><div class=\"accordion__title\">How long does it take to obtain permanent residence through the Qualified Investor program?<\/div><\/div><div id=\"accordion-content-post-1446\" \r\n                class=\"accordion__body\" \r\n                role=\"region\"\r\n                aria-labelledby=\"accordion-header-post-1446\"\r\n                style=\"background:#FCFCFC;\"><p class=\"attachment\"><a href='https:\/\/propanama.org\/wp-content\/uploads\/2021\/03\/faq2.png'><img loading=\"lazy\" decoding=\"async\" width=\"293\" height=\"300\" src=\"https:\/\/propanama.org\/wp-content\/uploads\/2021\/03\/faq2-293x300.png\" class=\"attachment-medium size-medium\" alt=\"\" srcset=\"https:\/\/propanama.org\/wp-content\/uploads\/2021\/03\/faq2-293x300.png 293w, https:\/\/propanama.org\/wp-content\/uploads\/2021\/03\/faq2-12x12.png 12w, https:\/\/propanama.org\/wp-content\/uploads\/2021\/03\/faq2.png 458w\" sizes=\"auto, (max-width: 293px) 100vw, 293px\" \/><\/a><\/p>\n<p>30 Days<\/p>\n<p><a href=\"https:\/\/propanama.org\/contacto\/\" target=\"_blank\" rel=\"noopener\"><span style=\"text-decoration: underline;color: #d20720\"><span style=\"font-size: 16px\"><strong>+ Contacto Us<\/strong><\/span><\/span><\/a><\/p>\n<\/div><\/li><li class=\"accordion__item \"><div class=\"accordion__header \" \r\n                id=\"accordion-header-post-1447\"\r\n                role=\"button\"\r\n                aria-expanded=\"false\"\r\n                aria-controls=\"accordion-content-post-1447\"\r\n                data-id=\"post-1447\" \r\n                data-item=\"\" \r\n                style=\"background:#FFFFFF;\" \r\n                data-tags=\"\"\r\n                tabindex=\"0\"><div class=\"accordion__title\">What is the friendly nations program?<\/div><\/div><div id=\"accordion-content-post-1447\" \r\n                class=\"accordion__body\" \r\n                role=\"region\"\r\n                aria-labelledby=\"accordion-header-post-1447\"\r\n                style=\"background:#FCFCFC;\"><p class=\"attachment\"><a href='https:\/\/propanama.org\/wp-content\/uploads\/2021\/03\/faq2.png'><img loading=\"lazy\" decoding=\"async\" width=\"293\" height=\"300\" src=\"https:\/\/propanama.org\/wp-content\/uploads\/2021\/03\/faq2-293x300.png\" class=\"attachment-medium size-medium\" alt=\"\" srcset=\"https:\/\/propanama.org\/wp-content\/uploads\/2021\/03\/faq2-293x300.png 293w, https:\/\/propanama.org\/wp-content\/uploads\/2021\/03\/faq2-12x12.png 12w, https:\/\/propanama.org\/wp-content\/uploads\/2021\/03\/faq2.png 458w\" sizes=\"auto, (max-width: 293px) 100vw, 293px\" \/><\/a><\/p>\n<p class=\"p1\">This is a visa for residents of certain Counties that Panama considers friendly nation countries through which they will be able to process permanent residence in a very fast, accessible and low-cost way.<\/p>\n<p><a href=\"https:\/\/propanama.org\/contacto\/\" target=\"_blank\" rel=\"noopener\"><span style=\"text-decoration: underline;color: #d20720\"><span style=\"font-size: 16px\"><strong>+ Contacto Us<\/strong><\/span><\/span><\/a><\/p>\n<\/div><\/li><li class=\"accordion__item \"><div class=\"accordion__header \" \r\n                id=\"accordion-header-post-1448\"\r\n                role=\"button\"\r\n                aria-expanded=\"false\"\r\n                aria-controls=\"accordion-content-post-1448\"\r\n                data-id=\"post-1448\" \r\n                data-item=\"\" \r\n                style=\"background:#FFFFFF;\" \r\n                data-tags=\"\"\r\n                tabindex=\"0\"><div class=\"accordion__title\">What are the requirements to obtain permanent residence through the Friendly Nations Program?<\/div><\/div><div id=\"accordion-content-post-1448\" \r\n                class=\"accordion__body\" \r\n                role=\"region\"\r\n                aria-labelledby=\"accordion-header-post-1448\"\r\n                style=\"background:#FCFCFC;\"><p class=\"attachment\"><a href='https:\/\/propanama.org\/wp-content\/uploads\/2021\/03\/faq2.png'><img loading=\"lazy\" decoding=\"async\" width=\"293\" height=\"300\" src=\"https:\/\/propanama.org\/wp-content\/uploads\/2021\/03\/faq2-293x300.png\" class=\"attachment-medium size-medium\" alt=\"\" srcset=\"https:\/\/propanama.org\/wp-content\/uploads\/2021\/03\/faq2-293x300.png 293w, https:\/\/propanama.org\/wp-content\/uploads\/2021\/03\/faq2-12x12.png 12w, https:\/\/propanama.org\/wp-content\/uploads\/2021\/03\/faq2.png 458w\" sizes=\"auto, (max-width: 293px) 100vw, 293px\" \/><\/a><\/p>\n<p class=\"p1\">It is necessary to create a commercial relationship with the country of Panama. As the investor with Panama, you must buy an investment, which can be the constitution of a company, have a bank account with 5,000 USD and start the corresponding immigration process.<span class=\"Apple-converted-space\">\u00a0<\/span><\/p>\n<p><a href=\"https:\/\/propanama.org\/contacto\/\" target=\"_blank\" rel=\"noopener\"><span style=\"text-decoration: underline;color: #d20720\"><span style=\"font-size: 16px\"><strong>+ Contact Us<\/strong><\/span><\/span><\/a><\/p>\n<\/div><\/li><li class=\"accordion__item \"><div class=\"accordion__header \" \r\n                id=\"accordion-header-post-1449\"\r\n                role=\"button\"\r\n                aria-expanded=\"false\"\r\n                aria-controls=\"accordion-content-post-1449\"\r\n                data-id=\"post-1449\" \r\n                data-item=\"\" \r\n                style=\"background:#FFFFFF;\" \r\n                data-tags=\"\"\r\n                tabindex=\"0\"><div class=\"accordion__title\">How long does it take to obtain permanent residency through the friendly nations program?<\/div><\/div><div id=\"accordion-content-post-1449\" \r\n                class=\"accordion__body\" \r\n                role=\"region\"\r\n                aria-labelledby=\"accordion-header-post-1449\"\r\n                style=\"background:#FCFCFC;\"><p class=\"attachment\"><a href='https:\/\/propanama.org\/wp-content\/uploads\/2021\/03\/faq2.png'><img loading=\"lazy\" decoding=\"async\" width=\"293\" height=\"300\" src=\"https:\/\/propanama.org\/wp-content\/uploads\/2021\/03\/faq2-293x300.png\" class=\"attachment-medium size-medium\" alt=\"\" srcset=\"https:\/\/propanama.org\/wp-content\/uploads\/2021\/03\/faq2-293x300.png 293w, https:\/\/propanama.org\/wp-content\/uploads\/2021\/03\/faq2-12x12.png 12w, https:\/\/propanama.org\/wp-content\/uploads\/2021\/03\/faq2.png 458w\" sizes=\"auto, (max-width: 293px) 100vw, 293px\" \/><\/a><\/p>\n<p class=\"p1\">The process for permanent residence can take between 4 and 6 months, as long as the requirements requested by migration are met in a timely fashion.<\/p>\n<p><a href=\"https:\/\/propanama.org\/contacto\/\" target=\"_blank\" rel=\"noopener\"><span style=\"text-decoration: underline;color: #d20720\"><span style=\"font-size: 16px\"><strong>+ Contact Us<\/strong><\/span><\/span><\/a><\/p>\n<\/div><\/li><li class=\"accordion__item \"><div class=\"accordion__header \" \r\n                id=\"accordion-header-post-1450\"\r\n                role=\"button\"\r\n                aria-expanded=\"false\"\r\n                aria-controls=\"accordion-content-post-1450\"\r\n                data-id=\"post-1450\" \r\n                data-item=\"\" \r\n                style=\"background:#FFFFFF;\" \r\n                data-tags=\"\"\r\n                tabindex=\"0\"><div class=\"accordion__title\">Can I open the bank account without going to Panama?<\/div><\/div><div id=\"accordion-content-post-1450\" \r\n                class=\"accordion__body\" \r\n                role=\"region\"\r\n                aria-labelledby=\"accordion-header-post-1450\"\r\n                style=\"background:#FCFCFC;\"><p class=\"attachment\"><a href='https:\/\/propanama.org\/wp-content\/uploads\/2021\/03\/faq2.png'><img loading=\"lazy\" decoding=\"async\" width=\"293\" height=\"300\" src=\"https:\/\/propanama.org\/wp-content\/uploads\/2021\/03\/faq2-293x300.png\" class=\"attachment-medium size-medium\" alt=\"\" srcset=\"https:\/\/propanama.org\/wp-content\/uploads\/2021\/03\/faq2-293x300.png 293w, https:\/\/propanama.org\/wp-content\/uploads\/2021\/03\/faq2-12x12.png 12w, https:\/\/propanama.org\/wp-content\/uploads\/2021\/03\/faq2.png 458w\" sizes=\"auto, (max-width: 293px) 100vw, 293px\" \/><\/a><\/p>\n<p class=\"p1\">Yes, with ProPanama it is possible to open a bank account from abroad without having to physically come to Panama. Interviews are scheduled online and all required documentation are sent digitally.<\/p>\n<p><a href=\"https:\/\/propanama.org\/contacto\/\" target=\"_blank\" rel=\"noopener\"><span style=\"text-decoration: underline;color: #d20720\"><span style=\"font-size: 16px\"><strong>+ Contact Us<\/strong><\/span><\/span><\/a><\/p>\n<\/div><\/li><li class=\"accordion__item \"><div class=\"accordion__header \" \r\n                id=\"accordion-header-post-1451\"\r\n                role=\"button\"\r\n                aria-expanded=\"false\"\r\n                aria-controls=\"accordion-content-post-1451\"\r\n                data-id=\"post-1451\" \r\n                data-item=\"\" \r\n                style=\"background:#FFFFFF;\" \r\n                data-tags=\"\"\r\n                tabindex=\"0\"><div class=\"accordion__title\">How long does it take to set up a corporation in PANAMA?<\/div><\/div><div id=\"accordion-content-post-1451\" \r\n                class=\"accordion__body\" \r\n                role=\"region\"\r\n                aria-labelledby=\"accordion-header-post-1451\"\r\n                style=\"background:#FCFCFC;\"><p class=\"attachment\"><a href='https:\/\/propanama.org\/wp-content\/uploads\/2021\/03\/faq2.png'><img loading=\"lazy\" decoding=\"async\" width=\"293\" height=\"300\" src=\"https:\/\/propanama.org\/wp-content\/uploads\/2021\/03\/faq2-293x300.png\" class=\"attachment-medium size-medium\" alt=\"\" srcset=\"https:\/\/propanama.org\/wp-content\/uploads\/2021\/03\/faq2-293x300.png 293w, https:\/\/propanama.org\/wp-content\/uploads\/2021\/03\/faq2-12x12.png 12w, https:\/\/propanama.org\/wp-content\/uploads\/2021\/03\/faq2.png 458w\" sizes=\"auto, (max-width: 293px) 100vw, 293px\" \/><\/a><\/p>\n<p class=\"p1\">The process is fairly quick, it can vary between 5 and 7 business days.<\/p>\n<p><a href=\"https:\/\/propanama.org\/contacto\/\" target=\"_blank\" rel=\"noopener\"><span style=\"text-decoration: underline;color: #d20720\"><span style=\"font-size: 16px\"><strong>+ Contacto Us<\/strong><\/span><\/span><\/a><\/p>\n<\/div><\/li><li class=\"accordion__item \"><div class=\"accordion__header \" \r\n                id=\"accordion-header-post-1452\"\r\n                role=\"button\"\r\n                aria-expanded=\"false\"\r\n                aria-controls=\"accordion-content-post-1452\"\r\n                data-id=\"post-1452\" \r\n                data-item=\"\" \r\n                style=\"background:#FFFFFF;\" \r\n                data-tags=\"\"\r\n                tabindex=\"0\"><div class=\"accordion__title\">Do I need to go to Panama to create a corporation?<\/div><\/div><div id=\"accordion-content-post-1452\" \r\n                class=\"accordion__body\" \r\n                role=\"region\"\r\n                aria-labelledby=\"accordion-header-post-1452\"\r\n                style=\"background:#FCFCFC;\"><p class=\"attachment\"><a href='https:\/\/propanama.org\/wp-content\/uploads\/2021\/03\/faq2.png'><img loading=\"lazy\" decoding=\"async\" width=\"293\" height=\"300\" src=\"https:\/\/propanama.org\/wp-content\/uploads\/2021\/03\/faq2-293x300.png\" class=\"attachment-medium size-medium\" alt=\"\" srcset=\"https:\/\/propanama.org\/wp-content\/uploads\/2021\/03\/faq2-293x300.png 293w, https:\/\/propanama.org\/wp-content\/uploads\/2021\/03\/faq2-12x12.png 12w, https:\/\/propanama.org\/wp-content\/uploads\/2021\/03\/faq2.png 458w\" sizes=\"auto, (max-width: 293px) 100vw, 293px\" \/><\/a><\/p>\n<p class=\"p1\">It is not necessary to be in Panama to set up your corporation, we can manage the creation of the corporation for you and send any necessary documents digitally.<\/p>\n<p><a href=\"https:\/\/propanama.org\/contacto\/\" target=\"_blank\" rel=\"noopener\"><span style=\"text-decoration: underline;color: #d20720\"><span style=\"font-size: 16px\"><strong>+ Contacto Us<\/strong><\/span><\/span><\/a><\/p>\n<\/div><\/li><li class=\"accordion__item \"><div class=\"accordion__header \" \r\n                id=\"accordion-header-post-1453\"\r\n                role=\"button\"\r\n                aria-expanded=\"false\"\r\n                aria-controls=\"accordion-content-post-1453\"\r\n                data-id=\"post-1453\" \r\n                data-item=\"\" \r\n                style=\"background:#FFFFFF;\" \r\n                data-tags=\"\"\r\n                tabindex=\"0\"><div class=\"accordion__title\">How long does the process of a Health Registry take?<\/div><\/div><div id=\"accordion-content-post-1453\" \r\n                class=\"accordion__body\" \r\n                role=\"region\"\r\n                aria-labelledby=\"accordion-header-post-1453\"\r\n                style=\"background:#FCFCFC;\"><p class=\"attachment\"><a href='https:\/\/propanama.org\/wp-content\/uploads\/2021\/03\/faq2.png'><img loading=\"lazy\" decoding=\"async\" width=\"293\" height=\"300\" src=\"https:\/\/propanama.org\/wp-content\/uploads\/2021\/03\/faq2-293x300.png\" class=\"attachment-medium size-medium\" alt=\"\" srcset=\"https:\/\/propanama.org\/wp-content\/uploads\/2021\/03\/faq2-293x300.png 293w, https:\/\/propanama.org\/wp-content\/uploads\/2021\/03\/faq2-12x12.png 12w, https:\/\/propanama.org\/wp-content\/uploads\/2021\/03\/faq2.png 458w\" sizes=\"auto, (max-width: 293px) 100vw, 293px\" \/><\/a><\/p>\n<p class=\"p1\">The health registration procedures are associated with the type of product for which registration is required. It can vary between 30 days and\/or<span class=\"Apple-converted-space\">\u00a0 <\/span>up to 6 months.<\/p>\n<p><a href=\"https:\/\/propanama.org\/contacto\/\" target=\"_blank\" rel=\"noopener\"><span style=\"text-decoration: underline;color: #d20720\"><span style=\"font-size: 16px\"><strong>+ Contact Us<\/strong><\/span><\/span><\/a><\/p>\n<\/div><\/li><\/ul><\/div><\/div><\/article><\/section>\n\n\t\t<\/div>\n\t<\/div>\n<div class=\"vcex-spacing wpex-w-100 wpex-clear\" style=\"height:20px\"><\/div><\/div><\/div><\/div><\/div><\/div><\/div><div class=\"vcex-spacing wpex-w-100 wpex-clear\" style=\"height:40px\"><\/div><div class=\"vc_separator wpb_content_element vc_separator_align_center vc_sep_width_50 vc_sep_border_width_3 vc_sep_pos_align_center vc_separator_no_text vc_sep_color_grey\" ><span class=\"vc_sep_holder vc_sep_holder_l\"><span  class=\"vc_sep_line\"><\/span><\/span><span class=\"vc_sep_holder vc_sep_holder_r\"><span  class=\"vc_sep_line\"><\/span><\/span>\n<\/div><\/div><\/div><\/div><\/div><div class=\"vc_row-full-width vc_clearfix\"><\/div><div class=\"vc_row wpb_row vc_row-fluid\"><div class=\"wpb_column vc_column_container vc_col-sm-12\"><div class=\"vc_column-inner\"><div class=\"wpb_wrapper\">\n\t<div class=\"wpb_text_column wpb_content_element \" >\n\t\t<div class=\"wpb_wrapper\">\n\t\t\t\n\t\t<\/div>\n\t<\/div>\n<\/div><\/div><\/div><\/div><div data-vc-full-width=\"true\" data-vc-full-width-init=\"false\" data-vc-stretch-content=\"true\" class=\"vc_row wpb_row vc_row-fluid vc_custom_1612297620081 vc_row-no-padding vc_row-o-content-middle vc_row-flex wpex-vc_row-has-fill visible-phone wpex-vc-row-stretched\" style=\"min-height:120px;\"><div class=\"wpb_column vc_column_container vc_col-sm-12\"><div class=\"vc_column-inner\"><div class=\"wpb_wrapper\"><div class=\"vcex-spacing wpex-w-100 wpex-clear\" style=\"height:50px\"><\/div>\n\t<div style=\"color:#111111;font-family:Montserrat;font-size:23px;font-weight:400;text-align:center;line-height:25px;\" class=\"wpb_text_column has-custom-color wpex-child-inherit-color wpb_content_element  vc_custom_1617662992371\" >\n\t\t<div class=\"wpb_wrapper\">\n\t\t\t<p>CREANDO <strong>OPORTUNIDADES, SOLUCIONES Y NEGOCIOS.<\/strong><\/p>\n\n\t\t<\/div>\n\t<\/div>\n<div class=\"vcex-spacing wpex-w-100 wpex-clear\" style=\"height:10px\"><\/div><div class=\"vcex-module vcex-heading wpex-text-2xl wpex-font-normal wpex-m-auto wpex-max-w-100 vcex-heading-plain wpex-block wpex-text-center  wpb_animate_when_almost_visible wpb_fadeIn fadeIn\" style=\"color:#d1031f;font-family:Montserrat;font-size:15px;letter-spacing:1px;font-weight:700;\"><span class=\"vcex-heading-inner wpex-inline-block wpex-clr\">#PROPANAMA<\/span><\/div><\/div><\/div><\/div><\/div><div class=\"vc_row-full-width vc_clearfix\"><\/div><div data-vc-full-width=\"true\" data-vc-full-width-init=\"false\" data-vc-stretch-content=\"true\" class=\"vc_row wpb_row vc_row-fluid vc_custom_1612297451242 vc_row-no-padding vc_row-o-content-middle vc_row-flex wpex-vc_row-has-fill hidden-phone wpex-vc-row-stretched\" style=\"min-height:250px;\"><div class=\"wpb_column vc_column_container vc_col-sm-12\"><div class=\"vc_column-inner\"><div class=\"wpb_wrapper\"><div class=\"vcex-spacing wpex-w-100 wpex-clear\" style=\"height:50px\"><\/div>\n\t<div style=\"color:#111111;font-family:Montserrat;font-size:40px;font-weight:400;text-align:center;\" class=\"wpb_text_column has-custom-color wpex-child-inherit-color wpb_content_element \" >\n\t\t<div class=\"wpb_wrapper\">\n\t\t\t<p>CREANDO <strong>OPORTUNIDADES, SOLUCIONES Y NEGOCIOS.<\/strong><\/p>\n\n\t\t<\/div>\n\t<\/div>\n<div class=\"vcex-spacing wpex-w-100 wpex-clear\" style=\"height:15px\"><\/div><div class=\"vcex-module vcex-heading wpex-text-2xl wpex-font-normal wpex-m-auto wpex-max-w-100 vcex-heading-plain wpex-block wpex-text-center  wpb_animate_when_almost_visible wpb_fadeIn fadeIn\" style=\"color:#d1031f;font-family:Montserrat;font-size:25px;letter-spacing:1px;font-weight:700;\"><span class=\"vcex-heading-inner wpex-inline-block wpex-clr\">#PROPANAMA<\/span><\/div><\/div><\/div><\/div><\/div><div class=\"vc_row-full-width vc_clearfix\"><\/div><div data-vc-full-width=\"true\" data-vc-full-width-init=\"false\" data-vc-stretch-content=\"true\" class=\"vc_section vc_custom_1612347302634 wpex-vc_section-has-fill hidden-phone wpex-vc-row-stretched\"><div class=\"vc_row wpb_row vc_row-fluid vc_custom_1612408727295 wpex-vc_row-has-fill wpex-vc-reset-negative-margin\"><div class=\"wpb_column vc_column_container vc_col-sm-12\"><div class=\"vc_column-inner vc_custom_1612409659391\"><div class=\"wpb_wrapper\"><div class=\"vcex-spacing wpex-w-100 wpex-clear\" style=\"height:40px\"><\/div><div class=\"vcex-module vcex-heading wpex-text-2xl wpex-font-normal wpex-m-auto wpex-max-w-100 vcex-heading-plain wpex-block wpex-text-left  wpb_animate_when_almost_visible wpb_fadeIn fadeIn\" style=\"color:#dbdbdb;font-family:Montserrat;font-size:40px;letter-spacing:1px;font-weight:700;\"><span class=\"vcex-heading-inner wpex-inline-block wpex-clr\">EVENTOS<\/span><\/div><div class=\"vcex-spacing wpex-w-100 wpex-clear\" style=\"height:30px\"><\/div><div class=\"vcex-module wpex-carousel wpex-carousel-blog wpex-clr owl-carousel arrwstyle-slim arrwpos-abs\" data-wpex-carousel=\"{&quot;nav&quot;:true,&quot;dots&quot;:true,&quot;autoplay&quot;:false,&quot;loop&quot;:true,&quot;center&quot;:false,&quot;smartSpeed&quot;:250,&quot;items&quot;:4,&quot;slideBy&quot;:1,&quot;autoplayTimeout&quot;:5000,&quot;margin&quot;:5,&quot;itemsTablet&quot;:3,&quot;itemsMobileLandscape&quot;:2,&quot;itemsMobilePortrait&quot;:1,&quot;autoWidth&quot;:false,&quot;autoHeight&quot;:false}\"><div class=\"wpex-carousel-slide wpex-clr textcenter has-media\"><div class=\"wpex-carousel-entry-media entry-media wpex-image-hover grow overlay-parent overlay-parent-title-excerpt-hover overlay-h wpex-overflow-hidden overlay-ms\"><a href=\"https:\/\/propanama.org\/en\/propanama-participo-en-la-mision-comercial-a-bogota\/\" title=\"ProPanama particip\u00f3 en la Misi\u00f3n Comercial a Bogot\u00e1\" class=\"wpex-carousel-entry-img\"><img loading=\"lazy\" decoding=\"async\" data-no-lazy=\"1\" class=\"wpex-align-middle skip-lazy\" src=\"https:\/\/propanama.org\/wp-content\/uploads\/2021\/10\/EVENT-TEMPLATE.png\" alt=\"\" width=\"1200\" height=\"1200\" \/>\n<div class=\"overlay-title-excerpt-hover overlay-hide theme-overlay wpex-absolute wpex-inset-0 wpex-transition-all wpex-duration-500 wpex-overflow-hidden wpex-flex wpex-items-center wpex-justify-center wpex-text-center\">\n\t<div class=\"overlay-bg wpex-bg-accent_alt wpex-absolute wpex-inset-0 wpex-opacity-70\"><\/div>\n\t<div class=\"overlay-content overlay-scale wpex-relative wpex-text-white wpex-p-15 wpex-duration-500 wpex-transition-transform wpex-clr\">\n\t\t<div class=\"overlay-title wpex-text-lg\">ProPanama particip\u00f3 en la Misi\u00f3n Comercial a Bogot\u00e1<\/div>\n\t\t<div class=\"overlay-excerpt wpex-opacity-80 wpex-italic wpex-mt-10 wpex-last-mb-0\"><p>La Misi\u00f3n Comercial organizada por la C\u00e1mara de Comercio e Industrias de Panam\u00e1 a Bogot\u00e1 fue un \u00e9xito&hellip;<\/p><\/div>\t<\/div>\n<\/div><\/a><\/div><\/div><div class=\"wpex-carousel-slide wpex-clr textcenter has-media\"><div class=\"wpex-carousel-entry-media entry-media wpex-image-hover grow overlay-parent overlay-parent-title-excerpt-hover overlay-h wpex-overflow-hidden overlay-ms\"><a href=\"https:\/\/propanama.org\/en\/global-fruit-latam-24-25-y-26-de-marzo-2021\/\" title=\"GLOBAL FRUIT LATAM | 24, 25 Y 26 DE MARZO 2021\" class=\"wpex-carousel-entry-img\"><img loading=\"lazy\" decoding=\"async\" data-no-lazy=\"1\" class=\"wpex-align-middle skip-lazy\" src=\"https:\/\/propanama.org\/wp-content\/uploads\/2021\/02\/PROPANAMA-NEWS-5.jpg\" alt=\"\" width=\"1200\" height=\"1200\" \/>\n<div class=\"overlay-title-excerpt-hover overlay-hide theme-overlay wpex-absolute wpex-inset-0 wpex-transition-all wpex-duration-500 wpex-overflow-hidden wpex-flex wpex-items-center wpex-justify-center wpex-text-center\">\n\t<div class=\"overlay-bg wpex-bg-accent_alt wpex-absolute wpex-inset-0 wpex-opacity-70\"><\/div>\n\t<div class=\"overlay-content overlay-scale wpex-relative wpex-text-white wpex-p-15 wpex-duration-500 wpex-transition-transform wpex-clr\">\n\t\t<div class=\"overlay-title wpex-text-lg\">GLOBAL FRUIT LATAM | 24, 25 Y 26 DE MARZO 2021<\/div>\n\t\t<div class=\"overlay-excerpt wpex-opacity-80 wpex-italic wpex-mt-10 wpex-last-mb-0\"><p>&nbsp; VIRTUAL. GLOBAL FRUIT LATAMES LA PRIMER FERIA INTERNACIONAL DE NEGOCIOS PARA PRODUCTOS FRESCOS DE LATINOAM\u00c9RICA EN MODALIDAD&hellip;<\/p><\/div>\t<\/div>\n<\/div><\/a><\/div><\/div><div class=\"wpex-carousel-slide wpex-clr textcenter has-media\"><div class=\"wpex-carousel-entry-media entry-media wpex-image-hover grow overlay-parent overlay-parent-title-excerpt-hover overlay-h wpex-overflow-hidden overlay-ms\"><a href=\"https:\/\/propanama.org\/en\/expansion-de-negocios-y-oportunidades-en-panama\/\" title=\"EXPANSI\u00d3N DE NEGOCIOS Y OPORTUNIDADES EN PANAM\u00c1 | OCTUBRE 28\" class=\"wpex-carousel-entry-img\"><img loading=\"lazy\" decoding=\"async\" data-no-lazy=\"1\" class=\"wpex-align-middle skip-lazy\" src=\"https:\/\/propanama.org\/wp-content\/uploads\/2021\/04\/PROPANAMA-NEWS-4.jpg\" alt=\"\" width=\"1200\" height=\"1200\" \/>\n<div class=\"overlay-title-excerpt-hover overlay-hide theme-overlay wpex-absolute wpex-inset-0 wpex-transition-all wpex-duration-500 wpex-overflow-hidden wpex-flex wpex-items-center wpex-justify-center wpex-text-center\">\n\t<div class=\"overlay-bg wpex-bg-accent_alt wpex-absolute wpex-inset-0 wpex-opacity-70\"><\/div>\n\t<div class=\"overlay-content overlay-scale wpex-relative wpex-text-white wpex-p-15 wpex-duration-500 wpex-transition-transform wpex-clr\">\n\t\t<div class=\"overlay-title wpex-text-lg\">EXPANSI\u00d3N DE NEGOCIOS Y OPORTUNIDADES EN PANAM\u00c1 | OCTUBRE 28<\/div>\n\t\t<div class=\"overlay-excerpt wpex-opacity-80 wpex-italic wpex-mt-10 wpex-last-mb-0\"><p>[3d-flip-book mode=\"fullscreen\" id=\"1508\" ][\/3d-flip-book]<\/p><\/div>\t<\/div>\n<\/div><\/a><\/div><\/div><div class=\"wpex-carousel-slide wpex-clr textcenter has-media\"><div class=\"wpex-carousel-entry-media entry-media wpex-image-hover grow overlay-parent overlay-parent-title-excerpt-hover overlay-h wpex-overflow-hidden overlay-ms\"><a href=\"https:\/\/propanama.org\/en\/bilateral-trade-and-investment-opportunities-between-india-and-panama-october-13\/\" title=\"BILATERAL TRADE &#038; INVESTMENT OPPORTUNITIES BETWEEN INDIA &#038; PANAMA | OCTOBER 13\" class=\"wpex-carousel-entry-img\"><img loading=\"lazy\" decoding=\"async\" data-no-lazy=\"1\" class=\"wpex-align-middle skip-lazy\" src=\"https:\/\/propanama.org\/wp-content\/uploads\/2021\/04\/PROPANAMA-NEWS-3.jpg\" alt=\"\" width=\"1200\" height=\"1200\" \/>\n<div class=\"overlay-title-excerpt-hover overlay-hide theme-overlay wpex-absolute wpex-inset-0 wpex-transition-all wpex-duration-500 wpex-overflow-hidden wpex-flex wpex-items-center wpex-justify-center wpex-text-center\">\n\t<div class=\"overlay-bg wpex-bg-accent_alt wpex-absolute wpex-inset-0 wpex-opacity-70\"><\/div>\n\t<div class=\"overlay-content overlay-scale wpex-relative wpex-text-white wpex-p-15 wpex-duration-500 wpex-transition-transform wpex-clr\">\n\t\t<div class=\"overlay-title wpex-text-lg\">BILATERAL TRADE &#038; INVESTMENT OPPORTUNITIES BETWEEN INDIA &#038; PANAMA | OCTOBER 13<\/div>\n\t\t<div class=\"overlay-excerpt wpex-opacity-80 wpex-italic wpex-mt-10 wpex-last-mb-0\"><p>Por segunda vez hemos sido invitados por empresarios de la India, quienes est\u00e1n mostrando un inter\u00e9s conducente en&hellip;<\/p><\/div>\t<\/div>\n<\/div><\/a><\/div><\/div><div class=\"wpex-carousel-slide wpex-clr textcenter has-media\"><div class=\"wpex-carousel-entry-media entry-media wpex-image-hover grow overlay-parent overlay-parent-title-excerpt-hover overlay-h wpex-overflow-hidden overlay-ms\"><a href=\"https:\/\/propanama.org\/en\/foro-de-oportunidades-panama\/\" title=\"FORO DE OPORTUNIDADES PANAM\u00c1 | JULIO 28\" class=\"wpex-carousel-entry-img\"><img loading=\"lazy\" decoding=\"async\" data-no-lazy=\"1\" class=\"wpex-align-middle skip-lazy\" src=\"https:\/\/propanama.org\/wp-content\/uploads\/2021\/04\/PROPANAMA-NEWS-2.jpg\" alt=\"\" width=\"1200\" height=\"1200\" \/>\n<div class=\"overlay-title-excerpt-hover overlay-hide theme-overlay wpex-absolute wpex-inset-0 wpex-transition-all wpex-duration-500 wpex-overflow-hidden wpex-flex wpex-items-center wpex-justify-center wpex-text-center\">\n\t<div class=\"overlay-bg wpex-bg-accent_alt wpex-absolute wpex-inset-0 wpex-opacity-70\"><\/div>\n\t<div class=\"overlay-content overlay-scale wpex-relative wpex-text-white wpex-p-15 wpex-duration-500 wpex-transition-transform wpex-clr\">\n\t\t<div class=\"overlay-title wpex-text-lg\">FORO DE OPORTUNIDADES PANAM\u00c1 | JULIO 28<\/div>\n\t\t<div class=\"overlay-excerpt wpex-opacity-80 wpex-italic wpex-mt-10 wpex-last-mb-0\"><p>PROPOSITO DEL FORO: El prop\u00f3sito del foro es dar a conocer a los empresarios mexicanos las oportunidades de&hellip;<\/p><\/div>\t<\/div>\n<\/div><\/a><\/div><\/div><\/div><div class=\"vcex-spacing wpex-w-100 wpex-clear\" style=\"height:25px\"><\/div><\/div><\/div><\/div><\/div><div class=\"vc_row wpb_row vc_row-fluid vc_custom_1612408727295 wpex-vc_row-has-fill wpex-vc-reset-negative-margin\"><div class=\"wpb_column vc_column_container vc_col-sm-6\"><div class=\"vc_column-inner vc_custom_1612411291156\"><div class=\"wpb_wrapper\"><div class=\"vcex-spacing wpex-w-100 wpex-clear\" style=\"height:30px\"><\/div><figure class=\"vcex-image vcex-module wpex-clr textcenter\"><div class=\"vcex-image-inner wpex-inline-block wpex-relative vc_custom_1612415998899\"><img decoding=\"async\" loading=\"lazy\" class=\"wpex-align-middle\" src=\"https:\/\/propanama.org\/wp-content\/uploads\/2021\/02\/noticias.png\" alt=\"\" width=\"483\" height=\"465\" \/><\/div><\/figure><div class=\"vcex-module vcex-heading wpex-text-2xl wpex-font-normal wpex-m-auto wpex-max-w-100 vcex-heading-plain wpex-block wpex-text-center  wpb_animate_when_almost_visible wpb_fadeIn fadeIn vc_custom_1612413414815\" style=\"color:#dbdbdb;font-family:Montserrat;font-size:40px;letter-spacing:1px;font-weight:700;\"><span class=\"vcex-heading-inner wpex-inline-block wpex-clr\">\u00daLTIMAS NOTICIAS<\/span><\/div><div class=\"vcex-spacing wpex-w-100 wpex-clear\" style=\"height:10px\"><\/div>\n\t<div style=\"color:#000000;font-family:Montserrat;font-size:16px;font-weight:400;text-align:center;line-height:17px;\" class=\"wpb_text_column has-custom-color wpex-child-inherit-color wpb_content_element  wpb_animate_when_almost_visible wpb_fadeInDown fadeInDown vc_custom_1620946445731\" >\n\t\t<div class=\"wpb_wrapper\">\n\t\t\t<div class=\"wpb_text_column has-custom-color wpex-child-inherit-color has-custom-color wpex-child-inherit-color wpb_content_element wpb_animate_when_almost_visible wpb_fadeInUp fadeInUp vc_custom_1611775470971 wpb_start_animation animated\">\n<div class=\"wpb_wrapper\">\n<p style=\"text-align: center;\">Conoce la manera de hacer negocios en Panam\u00e1, noticias relevantes y los eventos m\u00e1s importantes. Encuentra nuevas oportunidades de negocios y mantente actualizado.<\/p>\n<\/div>\n<\/div>\n\n\t\t<\/div>\n\t<\/div>\n<div class=\"vcex-spacing wpex-w-100 wpex-clear\" style=\"height:15px\"><\/div>\n\t<div style=\"color:#000000;font-family:Montserrat;font-size:16px;font-weight:400;text-align:center;line-height:17px;\" class=\"wpb_text_column has-custom-color wpex-child-inherit-color wpb_content_element  wpb_animate_when_almost_visible wpb_fadeInDown fadeInDown vc_custom_1612412241081\" >\n\t\t<div class=\"wpb_wrapper\">\n\t\t\t<div class=\"wpb_text_column has-custom-color wpex-child-inherit-color has-custom-color wpex-child-inherit-color wpb_content_element wpb_animate_when_almost_visible wpb_fadeInUp fadeInUp vc_custom_1611775470971 wpb_start_animation animated\">\n<div class=\"wpb_wrapper\"><\/div>\n<\/div>\n<div class=\"wpb_text_column has-custom-color wpex-child-inherit-color has-custom-color wpex-child-inherit-color wpb_content_element wpb_animate_when_almost_visible wpb_fadeIn fadeIn vc_custom_1610566384570 wpb_start_animation animated\">\n<div class=\"wpb_wrapper\">\n<p style=\"text-align: center;\"><strong><em>SOMOS MIEMBROS ACTIVOS DE:<\/em><\/strong><\/p>\n<\/div>\n<\/div>\n\n\t\t<\/div>\n\t<\/div>\n<div class=\"vcex-spacing wpex-w-100 wpex-clear\" style=\"height:20px\"><\/div><div class=\"vc_row wpb_row vc_inner vc_row-fluid\"><div class=\"wpb_column vc_column_container vc_col-sm-12\"><div class=\"vc_column-inner vc_custom_1612412366175\"><div class=\"wpb_wrapper\"><div class=\"vcex-image-grid-wrap wpex-clr\"><div class=\"vcex-module vcex-image-grid wpex-clr grid-style-default wpex-row gap-20 wpex-lightbox-group\"><div class=\"id-130 vcex-image-grid-entry vcex-grid-item textcenter span_1_of_3 col col-1\"><figure class=\"vcex-image-grid-entry-figure wpex-last-mb-0 wpex-clr\"><div class=\"vcex-image-grid-entry-img entry-media wpex-mb-20\"><a href=\"https:\/\/propanama.org\/wp-content\/uploads\/2021\/01\/pnchm.jpg\" class=\"vcex-image-grid-entry-img wpex-lightbox-group-item\" ><img decoding=\"async\" loading=\"lazy\" class=\"wpex-align-middle\" src=\"https:\/\/propanama.org\/wp-content\/uploads\/2021\/01\/pnchm.jpg\" alt=\"\" width=\"500\" height=\"500\" \/><\/a><\/div><\/figure><\/div><div class=\"id-129 vcex-image-grid-entry vcex-grid-item textcenter span_1_of_3 col col-2\"><figure class=\"vcex-image-grid-entry-figure wpex-last-mb-0 wpex-clr\"><div class=\"vcex-image-grid-entry-img entry-media wpex-mb-20\"><a href=\"https:\/\/propanama.org\/wp-content\/uploads\/2021\/01\/gc.jpg\" class=\"vcex-image-grid-entry-img wpex-lightbox-group-item\" ><img decoding=\"async\" loading=\"lazy\" class=\"wpex-align-middle\" src=\"https:\/\/propanama.org\/wp-content\/uploads\/2021\/01\/gc.jpg\" alt=\"\" width=\"500\" height=\"500\" \/><\/a><\/div><\/figure><\/div><div class=\"id-1062 vcex-image-grid-entry vcex-grid-item textcenter span_1_of_3 col col-3\"><figure class=\"vcex-image-grid-entry-figure wpex-last-mb-0 wpex-clr\"><div class=\"vcex-image-grid-entry-img entry-media wpex-mb-20\"><a href=\"https:\/\/propanama.org\/wp-content\/uploads\/2021\/02\/globalchamber.jpg\" class=\"vcex-image-grid-entry-img wpex-lightbox-group-item\" ><img decoding=\"async\" loading=\"lazy\" class=\"wpex-align-middle\" src=\"https:\/\/propanama.org\/wp-content\/uploads\/2021\/02\/globalchamber.jpg\" alt=\"\" width=\"500\" height=\"500\" \/><\/a><\/div><\/figure><\/div><\/div><\/div><\/div><\/div><\/div><\/div><div class=\"vcex-spacing wpex-w-100 wpex-clear\" style=\"height:50px\"><\/div><\/div><\/div><\/div><div class=\"wpb_column vc_column_container vc_col-sm-6\"><div class=\"vc_column-inner vc_custom_1612412106133\"><div class=\"wpb_wrapper\"><div class=\"vcex-module wpex-carousel wpex-carousel-blog wpex-clr owl-carousel arrwstyle-slim arrwpos-abs\" data-wpex-carousel=\"{&quot;nav&quot;:true,&quot;dots&quot;:false,&quot;autoplay&quot;:false,&quot;loop&quot;:true,&quot;center&quot;:false,&quot;smartSpeed&quot;:250,&quot;items&quot;:1,&quot;slideBy&quot;:1,&quot;autoplayTimeout&quot;:5000,&quot;margin&quot;:5,&quot;itemsTablet&quot;:3,&quot;itemsMobileLandscape&quot;:2,&quot;itemsMobilePortrait&quot;:1,&quot;autoHeight&quot;:true}\"><div class=\"wpex-carousel-slide wpex-clr textleft has-media\"><div class=\"wpex-carousel-entry-media entry-media wpex-image-hover grow wpex-mb-20\"><a href=\"https:\/\/propanama.org\/en\/reglamentacion-de-la-agencia-panamena-de-alimentos\/\" title=\"Reglamentaci\u00f3n de la Agencia Paname\u00f1a de Alimentos\" class=\"wpex-carousel-entry-img\"><img loading=\"lazy\" decoding=\"async\" data-no-lazy=\"1\" class=\"wpex-align-middle skip-lazy\" src=\"https:\/\/propanama.org\/wp-content\/uploads\/2021\/10\/Captura-de-Pantalla-2021-10-01-a-las-12.56.13.png\" alt=\"\" width=\"2018\" height=\"1342\" \/><\/a><\/div><div class=\"wpex-carousel-entry-details entry-details wpex-first-mt-0 wpex-last-mb-0 wpex-clr\"><div class=\"wpex-carousel-entry-title entry-title wpex-mb-5 wpex-child-inherit-color\" style=\"margin-top:5px;font-size:15px;line-height:12px;color:#424242;\"><a href=\"https:\/\/propanama.org\/en\/reglamentacion-de-la-agencia-panamena-de-alimentos\/\">Reglamentaci\u00f3n de la Agencia Paname\u00f1a de Alimentos<\/a><\/div><div class=\"wpex-carousel-entry-excerpt entry-excerpt wpex-my-15 wpex-last-mb-0 wpex-clr\" style=\"color:#3d3d3d;font-size:13px;\"><p>Decreto Ejecutivo No. 125 que reglamenta la Ley 206 de 2021 que crea la Agencia&hellip;<\/p><\/div><div class=\"wpex-carousel-entry-button entry-readmore-wrap wpex-my-15 wpex-clr\"><a href=\"https:\/\/propanama.org\/en\/reglamentacion-de-la-agencia-panamena-de-alimentos\/\" class=\"theme-button flat\" style=\"background:#263f92;color:#ffffff;font-size:12px;padding-top:5px;padding-right:35px;padding-bottom:5px;padding-left:35px;border-radius:25px;margin-top:0px;\" data-wpex-hover=\"{&quot;background&quot;:&quot;#e8e8e8&quot;,&quot;color&quot;:&quot;#263f92&quot;}\">+ LEER NOTICIA<\/a><\/div><\/div><\/div><div class=\"wpex-carousel-slide wpex-clr textleft has-media\"><div class=\"wpex-carousel-entry-media entry-media wpex-image-hover grow wpex-mb-20\"><a href=\"https:\/\/propanama.org\/en\/uno-de-los-programas-migratorios-mas-amigables-del-mundo-ha-cambiado-programa-de-las-naciones-amigas\/\" title=\"Uno de los programas migratorios m\u00e1s amigables del mundo ha cambiado.  PROGRAMA DE LAS NACIONES AMIGAS!\" class=\"wpex-carousel-entry-img\"><img loading=\"lazy\" decoding=\"async\" data-no-lazy=\"1\" class=\"wpex-align-middle skip-lazy\" src=\"https:\/\/propanama.org\/wp-content\/uploads\/2021\/06\/NOTICIAS-VIDEOS-TEMPLATE-1.png\" alt=\"\" width=\"6000\" height=\"4000\" \/><\/a><\/div><div class=\"wpex-carousel-entry-details entry-details wpex-first-mt-0 wpex-last-mb-0 wpex-clr\"><div class=\"wpex-carousel-entry-title entry-title wpex-mb-5 wpex-child-inherit-color\" style=\"margin-top:5px;font-size:15px;line-height:12px;color:#424242;\"><a href=\"https:\/\/propanama.org\/en\/uno-de-los-programas-migratorios-mas-amigables-del-mundo-ha-cambiado-programa-de-las-naciones-amigas\/\">Uno de los programas migratorios m\u00e1s amigables del mundo ha cambiado.  PROGRAMA DE LAS NACIONES AMIGAS!<\/a><\/div><div class=\"wpex-carousel-entry-excerpt entry-excerpt wpex-my-15 wpex-last-mb-0 wpex-clr\" style=\"color:#3d3d3d;font-size:13px;\"><\/div><div class=\"wpex-carousel-entry-button entry-readmore-wrap wpex-my-15 wpex-clr\"><a href=\"https:\/\/propanama.org\/en\/uno-de-los-programas-migratorios-mas-amigables-del-mundo-ha-cambiado-programa-de-las-naciones-amigas\/\" class=\"theme-button flat\" style=\"background:#263f92;color:#ffffff;font-size:12px;padding-top:5px;padding-right:35px;padding-bottom:5px;padding-left:35px;border-radius:25px;margin-top:0px;\" data-wpex-hover=\"{&quot;background&quot;:&quot;#e8e8e8&quot;,&quot;color&quot;:&quot;#263f92&quot;}\">+ LEER NOTICIA<\/a><\/div><\/div><\/div><div class=\"wpex-carousel-slide wpex-clr textleft has-media\"><div class=\"wpex-carousel-entry-media entry-media wpex-image-hover grow wpex-mb-20\"><a href=\"https:\/\/propanama.org\/en\/panama-una-nueva-opcion-para-vivir-y-trabajar-a-distancia\/\" title=\"PANAMA, una nueva opci\u00f3n para los Extranjeros que deseen TELETRABAJAR desde el para\u00edso!\" class=\"wpex-carousel-entry-img\"><img loading=\"lazy\" decoding=\"async\" data-no-lazy=\"1\" class=\"wpex-align-middle skip-lazy\" src=\"https:\/\/propanama.org\/wp-content\/uploads\/2021\/05\/NOTICIAS-VIDEOS-TEMPLATE-2.png\" alt=\"\" width=\"6000\" height=\"4000\" \/><\/a><\/div><div class=\"wpex-carousel-entry-details entry-details wpex-first-mt-0 wpex-last-mb-0 wpex-clr\"><div class=\"wpex-carousel-entry-title entry-title wpex-mb-5 wpex-child-inherit-color\" style=\"margin-top:5px;font-size:15px;line-height:12px;color:#424242;\"><a href=\"https:\/\/propanama.org\/en\/panama-una-nueva-opcion-para-vivir-y-trabajar-a-distancia\/\">PANAMA, una nueva opci\u00f3n para los Extranjeros que deseen TELETRABAJAR desde el para\u00edso!<\/a><\/div><div class=\"wpex-carousel-entry-excerpt entry-excerpt wpex-my-15 wpex-last-mb-0 wpex-clr\" style=\"color:#3d3d3d;font-size:13px;\"><p>El pasado 20 de mayo de 2021, el Gobierno Nacional emiti\u00f3 el Decreto Ejecutivo que&hellip;<\/p><\/div><div class=\"wpex-carousel-entry-button entry-readmore-wrap wpex-my-15 wpex-clr\"><a href=\"https:\/\/propanama.org\/en\/panama-una-nueva-opcion-para-vivir-y-trabajar-a-distancia\/\" class=\"theme-button flat\" style=\"background:#263f92;color:#ffffff;font-size:12px;padding-top:5px;padding-right:35px;padding-bottom:5px;padding-left:35px;border-radius:25px;margin-top:0px;\" data-wpex-hover=\"{&quot;background&quot;:&quot;#e8e8e8&quot;,&quot;color&quot;:&quot;#263f92&quot;}\">+ LEER NOTICIA<\/a><\/div><\/div><\/div><div class=\"wpex-carousel-slide wpex-clr textleft has-media\"><div class=\"wpex-carousel-entry-media entry-media wpex-image-hover grow wpex-mb-20\"><a href=\"https:\/\/propanama.org\/en\/se-incrementa-el-mercado-de-los-productos-de-panama-en-el-mundo-en-este-caso-ecuador\/\" title=\"Se incrementa el mercado de los productos de Panam\u00e1 en el mundo, en este caso: Ecuador\" class=\"wpex-carousel-entry-img\"><img loading=\"lazy\" decoding=\"async\" data-no-lazy=\"1\" class=\"wpex-align-middle skip-lazy\" src=\"https:\/\/propanama.org\/wp-content\/uploads\/2021\/05\/Ecuador.jpeg\" alt=\"\" width=\"1600\" height=\"1066\" \/><\/a><\/div><div class=\"wpex-carousel-entry-details entry-details wpex-first-mt-0 wpex-last-mb-0 wpex-clr\"><div class=\"wpex-carousel-entry-title entry-title wpex-mb-5 wpex-child-inherit-color\" style=\"margin-top:5px;font-size:15px;line-height:12px;color:#424242;\"><a href=\"https:\/\/propanama.org\/en\/se-incrementa-el-mercado-de-los-productos-de-panama-en-el-mundo-en-este-caso-ecuador\/\">Se incrementa el mercado de los productos de Panam\u00e1 en el mundo, en este caso: Ecuador<\/a><\/div><div class=\"wpex-carousel-entry-excerpt entry-excerpt wpex-my-15 wpex-last-mb-0 wpex-clr\" style=\"color:#3d3d3d;font-size:13px;\"><p>M\u00e1s productos ecuatorianos llegar\u00e1n a Panam\u00e1. Ambos pa\u00edses firmaron los T\u00e9rminos de Referencias (TDR) para&hellip;<\/p><\/div><div class=\"wpex-carousel-entry-button entry-readmore-wrap wpex-my-15 wpex-clr\"><a href=\"https:\/\/propanama.org\/en\/se-incrementa-el-mercado-de-los-productos-de-panama-en-el-mundo-en-este-caso-ecuador\/\" class=\"theme-button flat\" style=\"background:#263f92;color:#ffffff;font-size:12px;padding-top:5px;padding-right:35px;padding-bottom:5px;padding-left:35px;border-radius:25px;margin-top:0px;\" data-wpex-hover=\"{&quot;background&quot;:&quot;#e8e8e8&quot;,&quot;color&quot;:&quot;#263f92&quot;}\">+ LEER NOTICIA<\/a><\/div><\/div><\/div><div class=\"wpex-carousel-slide wpex-clr textleft has-media\"><div class=\"wpex-carousel-entry-media entry-media wpex-image-hover grow wpex-mb-20\"><a href=\"https:\/\/propanama.org\/en\/promoviendo-la-inversion-en-panama\/\" title=\"PROMOVIENDO LA INVERSI\u00d3N EN PANAM\u00c1\" class=\"wpex-carousel-entry-img\"><img loading=\"lazy\" decoding=\"async\" data-no-lazy=\"1\" class=\"wpex-align-middle skip-lazy\" src=\"https:\/\/propanama.org\/wp-content\/uploads\/2021\/04\/news3.jpg\" alt=\"\" width=\"1200\" height=\"800\" \/><\/a><\/div><div class=\"wpex-carousel-entry-details entry-details wpex-first-mt-0 wpex-last-mb-0 wpex-clr\"><div class=\"wpex-carousel-entry-title entry-title wpex-mb-5 wpex-child-inherit-color\" style=\"margin-top:5px;font-size:15px;line-height:12px;color:#424242;\"><a href=\"https:\/\/propanama.org\/en\/promoviendo-la-inversion-en-panama\/\">PROMOVIENDO LA INVERSI\u00d3N EN PANAM\u00c1<\/a><\/div><div class=\"wpex-carousel-entry-excerpt entry-excerpt wpex-my-15 wpex-last-mb-0 wpex-clr\" style=\"color:#3d3d3d;font-size:13px;\"><p>La creciente necesidad de atender a inversionistas extranjeros interesados en Panam\u00e1, llev\u00f3 a Yolany Alvarado&hellip;<\/p><\/div><div class=\"wpex-carousel-entry-button entry-readmore-wrap wpex-my-15 wpex-clr\"><a href=\"https:\/\/propanama.org\/en\/promoviendo-la-inversion-en-panama\/\" class=\"theme-button flat\" style=\"background:#263f92;color:#ffffff;font-size:12px;padding-top:5px;padding-right:35px;padding-bottom:5px;padding-left:35px;border-radius:25px;margin-top:0px;\" data-wpex-hover=\"{&quot;background&quot;:&quot;#e8e8e8&quot;,&quot;color&quot;:&quot;#263f92&quot;}\">+ LEER NOTICIA<\/a><\/div><\/div><\/div><div class=\"wpex-carousel-slide wpex-clr textleft has-media\"><div class=\"wpex-carousel-entry-media entry-media wpex-image-hover grow wpex-mb-20\"><a href=\"https:\/\/propanama.org\/en\/ya-viste-que-la-agencia-panamena-de-alimentos-es-una-realidad\/\" title=\"\u00bfYa viste que la Agencia Paname\u00f1a de Alimentos es una realidad?\" class=\"wpex-carousel-entry-img\"><img loading=\"lazy\" decoding=\"async\" data-no-lazy=\"1\" class=\"wpex-align-middle skip-lazy\" src=\"https:\/\/propanama.org\/wp-content\/uploads\/2021\/04\/yaviste.jpg\" alt=\"\" width=\"1200\" height=\"800\" \/><\/a><\/div><div class=\"wpex-carousel-entry-details entry-details wpex-first-mt-0 wpex-last-mb-0 wpex-clr\"><div class=\"wpex-carousel-entry-title entry-title wpex-mb-5 wpex-child-inherit-color\" style=\"margin-top:5px;font-size:15px;line-height:12px;color:#424242;\"><a href=\"https:\/\/propanama.org\/en\/ya-viste-que-la-agencia-panamena-de-alimentos-es-una-realidad\/\">\u00bfYa viste que la Agencia Paname\u00f1a de Alimentos es una realidad?<\/a><\/div><div class=\"wpex-carousel-entry-excerpt entry-excerpt wpex-my-15 wpex-last-mb-0 wpex-clr\" style=\"color:#3d3d3d;font-size:13px;\"><p>En PROPANAMA nos preguntamos qu\u00e9 debemos esperar de la ley No. 164, que elimina Aupsa&hellip;<\/p><\/div><div class=\"wpex-carousel-entry-button entry-readmore-wrap wpex-my-15 wpex-clr\"><a href=\"https:\/\/propanama.org\/en\/ya-viste-que-la-agencia-panamena-de-alimentos-es-una-realidad\/\" class=\"theme-button flat\" style=\"background:#263f92;color:#ffffff;font-size:12px;padding-top:5px;padding-right:35px;padding-bottom:5px;padding-left:35px;border-radius:25px;margin-top:0px;\" data-wpex-hover=\"{&quot;background&quot;:&quot;#e8e8e8&quot;,&quot;color&quot;:&quot;#263f92&quot;}\">+ LEER NOTICIA<\/a><\/div><\/div><\/div><div class=\"wpex-carousel-slide wpex-clr textleft has-media\"><div class=\"wpex-carousel-entry-media entry-media wpex-image-hover grow wpex-mb-20\"><a href=\"https:\/\/propanama.org\/en\/la-autoridad-de-seguridad-de-alimento-aupsa-sera-reemplazada-por-una-nueva-entidad-llamada-la-agencia-panamena-de-alimentos-apa\/\" title=\"La Autoridad de Seguridad de Alimento (AUPSA) ser\u00e1 reemplazada por una nueva entidad llamada la Agencia Paname\u00f1a de Alimentos (APA).\" class=\"wpex-carousel-entry-img\"><img loading=\"lazy\" decoding=\"async\" data-no-lazy=\"1\" class=\"wpex-align-middle skip-lazy\" src=\"https:\/\/propanama.org\/wp-content\/uploads\/2021\/03\/autoridades.jpg\" alt=\"\" width=\"1200\" height=\"800\" \/><\/a><\/div><div class=\"wpex-carousel-entry-details entry-details wpex-first-mt-0 wpex-last-mb-0 wpex-clr\"><div class=\"wpex-carousel-entry-title entry-title wpex-mb-5 wpex-child-inherit-color\" style=\"margin-top:5px;font-size:15px;line-height:12px;color:#424242;\"><a href=\"https:\/\/propanama.org\/en\/la-autoridad-de-seguridad-de-alimento-aupsa-sera-reemplazada-por-una-nueva-entidad-llamada-la-agencia-panamena-de-alimentos-apa\/\">La Autoridad de Seguridad de Alimento (AUPSA) ser\u00e1 reemplazada por una nueva entidad llamada la Agencia Paname\u00f1a de Alimentos (APA).<\/a><\/div><div class=\"wpex-carousel-entry-excerpt entry-excerpt wpex-my-15 wpex-last-mb-0 wpex-clr\" style=\"color:#3d3d3d;font-size:13px;\"><p>El pleno de la Asamblea Nacional de Panam\u00e1 aprob\u00f3 en tercera discusi\u00f3n el proyecto de&hellip;<\/p><\/div><div class=\"wpex-carousel-entry-button entry-readmore-wrap wpex-my-15 wpex-clr\"><a href=\"https:\/\/propanama.org\/en\/la-autoridad-de-seguridad-de-alimento-aupsa-sera-reemplazada-por-una-nueva-entidad-llamada-la-agencia-panamena-de-alimentos-apa\/\" class=\"theme-button flat\" style=\"background:#263f92;color:#ffffff;font-size:12px;padding-top:5px;padding-right:35px;padding-bottom:5px;padding-left:35px;border-radius:25px;margin-top:0px;\" data-wpex-hover=\"{&quot;background&quot;:&quot;#e8e8e8&quot;,&quot;color&quot;:&quot;#263f92&quot;}\">+ LEER NOTICIA<\/a><\/div><\/div><\/div><div class=\"wpex-carousel-slide wpex-clr textleft has-media\"><div class=\"wpex-carousel-entry-media entry-media wpex-image-hover grow wpex-mb-20\"><a href=\"https:\/\/propanama.org\/en\/panama-pais-de-negocios\/\" title=\"Panam\u00e1, Pa\u00eds de Negocios\" class=\"wpex-carousel-entry-img\"><img loading=\"lazy\" decoding=\"async\" data-no-lazy=\"1\" class=\"wpex-align-middle skip-lazy\" src=\"https:\/\/propanama.org\/wp-content\/uploads\/2021\/02\/panama-1.jpg\" alt=\"\" width=\"1200\" height=\"800\" \/><\/a><\/div><div class=\"wpex-carousel-entry-details entry-details wpex-first-mt-0 wpex-last-mb-0 wpex-clr\"><div class=\"wpex-carousel-entry-title entry-title wpex-mb-5 wpex-child-inherit-color\" style=\"margin-top:5px;font-size:15px;line-height:12px;color:#424242;\"><a href=\"https:\/\/propanama.org\/en\/panama-pais-de-negocios\/\">Panam\u00e1, Pa\u00eds de Negocios<\/a><\/div><div class=\"wpex-carousel-entry-excerpt entry-excerpt wpex-my-15 wpex-last-mb-0 wpex-clr\" style=\"color:#3d3d3d;font-size:13px;\"><p>PANAM\u00c1, PA\u00cdS DE NEGOCIOS En el mundo actual existen pocas fronteras, pr\u00e1cticamente est\u00e1 ya todo&hellip;<\/p><\/div><div class=\"wpex-carousel-entry-button entry-readmore-wrap wpex-my-15 wpex-clr\"><a href=\"https:\/\/propanama.org\/en\/panama-pais-de-negocios\/\" class=\"theme-button flat\" style=\"background:#263f92;color:#ffffff;font-size:12px;padding-top:5px;padding-right:35px;padding-bottom:5px;padding-left:35px;border-radius:25px;margin-top:0px;\" data-wpex-hover=\"{&quot;background&quot;:&quot;#e8e8e8&quot;,&quot;color&quot;:&quot;#263f92&quot;}\">+ LEER NOTICIA<\/a><\/div><\/div><\/div><div class=\"wpex-carousel-slide wpex-clr textleft has-media\"><div class=\"wpex-carousel-entry-media entry-media wpex-image-hover grow wpex-mb-20\"><a href=\"https:\/\/propanama.org\/en\/inversionista-calificado\/\" title=\"Nuevo programa de residencia y ciudadan\u00eda por inversi\u00f3n.\" class=\"wpex-carousel-entry-img\"><img loading=\"lazy\" decoding=\"async\" data-no-lazy=\"1\" class=\"wpex-align-middle skip-lazy\" src=\"https:\/\/propanama.org\/wp-content\/uploads\/2021\/02\/WhatsApp-Image-2021-05-13-at-3.40.39-PM.jpeg\" alt=\"\" width=\"1600\" height=\"1066\" \/><\/a><\/div><div class=\"wpex-carousel-entry-details entry-details wpex-first-mt-0 wpex-last-mb-0 wpex-clr\"><div class=\"wpex-carousel-entry-title entry-title wpex-mb-5 wpex-child-inherit-color\" style=\"margin-top:5px;font-size:15px;line-height:12px;color:#424242;\"><a href=\"https:\/\/propanama.org\/en\/inversionista-calificado\/\">Nuevo programa de residencia y ciudadan\u00eda por inversi\u00f3n.<\/a><\/div><div class=\"wpex-carousel-entry-excerpt entry-excerpt wpex-my-15 wpex-last-mb-0 wpex-clr\" style=\"color:#3d3d3d;font-size:13px;\"><p>&nbsp; Nuevo Programa de Residencia y Ciudadan\u00eda por Inversi\u00f3n de Panam\u00e1. POR TIPO DE INVERSI\u00d3N&hellip;<\/p><\/div><div class=\"wpex-carousel-entry-button entry-readmore-wrap wpex-my-15 wpex-clr\"><a href=\"https:\/\/propanama.org\/en\/inversionista-calificado\/\" class=\"theme-button flat\" style=\"background:#263f92;color:#ffffff;font-size:12px;padding-top:5px;padding-right:35px;padding-bottom:5px;padding-left:35px;border-radius:25px;margin-top:0px;\" data-wpex-hover=\"{&quot;background&quot;:&quot;#e8e8e8&quot;,&quot;color&quot;:&quot;#263f92&quot;}\">+ LEER NOTICIA<\/a><\/div><\/div><\/div><\/div><div class=\"vcex-spacing wpex-w-100 wpex-clear\" style=\"height:50px\"><\/div><\/div><\/div><\/div><\/div><\/div><div class=\"vc_row-full-width vc_clearfix\"><\/div><div data-vc-full-width=\"true\" data-vc-full-width-init=\"false\" data-vc-stretch-content=\"true\" class=\"vc_section vc_custom_1612347138393 wpex-vc_section-has-fill visible-phone wpex-vc-row-stretched\"><div class=\"vc_row wpb_row vc_row-fluid vc_custom_1612416088209 wpex-vc_row-has-fill wpex-vc-reset-negative-margin\"><div class=\"wpb_column vc_column_container vc_col-sm-12\"><div class=\"vc_column-inner vc_custom_1612416490065\"><div class=\"wpb_wrapper\"><div class=\"vcex-spacing wpex-w-100 wpex-clear\" style=\"height:40px\"><\/div><div class=\"vcex-module vcex-heading wpex-text-2xl wpex-font-normal wpex-m-auto wpex-max-w-100 vcex-heading-plain wpex-block wpex-text-center  wpb_animate_when_almost_visible wpb_fadeIn fadeIn\" style=\"color:#dbdbdb;font-family:Montserrat;font-size:25px;letter-spacing:1px;font-weight:700;\"><span class=\"vcex-heading-inner wpex-inline-block wpex-clr\">EVENTOS<\/span><\/div><div class=\"vcex-spacing wpex-w-100 wpex-clear\" style=\"height:30px\"><\/div><div class=\"vcex-module wpex-carousel wpex-carousel-blog wpex-clr owl-carousel arrwstyle-slim arrwpos-center\" data-wpex-carousel=\"{&quot;nav&quot;:true,&quot;dots&quot;:true,&quot;autoplay&quot;:false,&quot;loop&quot;:true,&quot;center&quot;:false,&quot;smartSpeed&quot;:250,&quot;items&quot;:4,&quot;slideBy&quot;:1,&quot;autoplayTimeout&quot;:5000,&quot;margin&quot;:5,&quot;itemsTablet&quot;:3,&quot;itemsMobileLandscape&quot;:2,&quot;itemsMobilePortrait&quot;:2,&quot;autoWidth&quot;:false,&quot;autoHeight&quot;:false}\"><div class=\"wpex-carousel-slide wpex-clr textcenter has-media\"><div class=\"wpex-carousel-entry-media entry-media wpex-image-hover grow overlay-parent overlay-parent-hover-button overlay-h wpex-overflow-hidden overlay-ms\"><a href=\"https:\/\/propanama.org\/en\/propanama-participo-en-la-mision-comercial-a-bogota\/\" title=\"ProPanama particip\u00f3 en la Misi\u00f3n Comercial a Bogot\u00e1\" class=\"wpex-carousel-entry-img\"><img loading=\"lazy\" decoding=\"async\" data-no-lazy=\"1\" class=\"wpex-align-middle skip-lazy\" src=\"https:\/\/propanama.org\/wp-content\/uploads\/2021\/10\/EVENT-TEMPLATE.png\" alt=\"\" width=\"1200\" height=\"1200\" \/><\/a>\n<div class=\"overlay-hover-button overlay-hide theme-overlay wpex-absolute wpex-inset-0 wpex-transition-all wpex-duration-500 wpex-flex wpex-items-center wpex-justify-center\">\n\t<span class=\"overlay-bg wpex-bg-accent_alt wpex-block wpex-absolute wpex-inset-0 wpex-opacity-90\"><\/span>\n\t<div class=\"overlay-content overlay-scale wpex-relative wpex-font-semibold wpex-transition-transform wpex-duration-500 wpex-p-20 wpex-clr\"><a href=\"https:\/\/propanama.org\/en\/propanama-participo-en-la-mision-comercial-a-bogota\/\" class=\"overlay-hover-button-link wpex-text-md theme-button minimal-border white\">+ VER EVENTO<\/a><\/div>\n<\/div><\/div><div class=\"wpex-carousel-entry-details entry-details wpex-boxed wpex-first-mt-0 wpex-last-mb-0 wpex-clr\"><div class=\"wpex-carousel-entry-title entry-title wpex-mb-5 wpex-child-inherit-color\" style=\"font-size:10px;font-weight:400;color:#848484;\"><a href=\"https:\/\/propanama.org\/en\/propanama-participo-en-la-mision-comercial-a-bogota\/\">ProPanama particip\u00f3 en la Misi\u00f3n Comercial a Bogot\u00e1<\/a><\/div><\/div><\/div><div class=\"wpex-carousel-slide wpex-clr textcenter has-media\"><div class=\"wpex-carousel-entry-media entry-media wpex-image-hover grow overlay-parent overlay-parent-hover-button overlay-h wpex-overflow-hidden overlay-ms\"><a href=\"https:\/\/propanama.org\/en\/global-fruit-latam-24-25-y-26-de-marzo-2021\/\" title=\"GLOBAL FRUIT LATAM | 24, 25 Y 26 DE MARZO 2021\" class=\"wpex-carousel-entry-img\"><img loading=\"lazy\" decoding=\"async\" data-no-lazy=\"1\" class=\"wpex-align-middle skip-lazy\" src=\"https:\/\/propanama.org\/wp-content\/uploads\/2021\/02\/PROPANAMA-NEWS-5.jpg\" alt=\"\" width=\"1200\" height=\"1200\" \/><\/a>\n<div class=\"overlay-hover-button overlay-hide theme-overlay wpex-absolute wpex-inset-0 wpex-transition-all wpex-duration-500 wpex-flex wpex-items-center wpex-justify-center\">\n\t<span class=\"overlay-bg wpex-bg-accent_alt wpex-block wpex-absolute wpex-inset-0 wpex-opacity-90\"><\/span>\n\t<div class=\"overlay-content overlay-scale wpex-relative wpex-font-semibold wpex-transition-transform wpex-duration-500 wpex-p-20 wpex-clr\"><a href=\"https:\/\/propanama.org\/en\/global-fruit-latam-24-25-y-26-de-marzo-2021\/\" class=\"overlay-hover-button-link wpex-text-md theme-button minimal-border white\">+ VER EVENTO<\/a><\/div>\n<\/div><\/div><div class=\"wpex-carousel-entry-details entry-details wpex-boxed wpex-first-mt-0 wpex-last-mb-0 wpex-clr\"><div class=\"wpex-carousel-entry-title entry-title wpex-mb-5 wpex-child-inherit-color\" style=\"font-size:10px;font-weight:400;color:#848484;\"><a href=\"https:\/\/propanama.org\/en\/global-fruit-latam-24-25-y-26-de-marzo-2021\/\">GLOBAL FRUIT LATAM | 24, 25 Y 26 DE MARZO 2021<\/a><\/div><\/div><\/div><div class=\"wpex-carousel-slide wpex-clr textcenter has-media\"><div class=\"wpex-carousel-entry-media entry-media wpex-image-hover grow overlay-parent overlay-parent-hover-button overlay-h wpex-overflow-hidden overlay-ms\"><a href=\"https:\/\/propanama.org\/en\/expansion-de-negocios-y-oportunidades-en-panama\/\" title=\"EXPANSI\u00d3N DE NEGOCIOS Y OPORTUNIDADES EN PANAM\u00c1 | OCTUBRE 28\" class=\"wpex-carousel-entry-img\"><img loading=\"lazy\" decoding=\"async\" data-no-lazy=\"1\" class=\"wpex-align-middle skip-lazy\" src=\"https:\/\/propanama.org\/wp-content\/uploads\/2021\/04\/PROPANAMA-NEWS-4.jpg\" alt=\"\" width=\"1200\" height=\"1200\" \/><\/a>\n<div class=\"overlay-hover-button overlay-hide theme-overlay wpex-absolute wpex-inset-0 wpex-transition-all wpex-duration-500 wpex-flex wpex-items-center wpex-justify-center\">\n\t<span class=\"overlay-bg wpex-bg-accent_alt wpex-block wpex-absolute wpex-inset-0 wpex-opacity-90\"><\/span>\n\t<div class=\"overlay-content overlay-scale wpex-relative wpex-font-semibold wpex-transition-transform wpex-duration-500 wpex-p-20 wpex-clr\"><a href=\"https:\/\/propanama.org\/en\/expansion-de-negocios-y-oportunidades-en-panama\/\" class=\"overlay-hover-button-link wpex-text-md theme-button minimal-border white\">+ VER EVENTO<\/a><\/div>\n<\/div><\/div><div class=\"wpex-carousel-entry-details entry-details wpex-boxed wpex-first-mt-0 wpex-last-mb-0 wpex-clr\"><div class=\"wpex-carousel-entry-title entry-title wpex-mb-5 wpex-child-inherit-color\" style=\"font-size:10px;font-weight:400;color:#848484;\"><a href=\"https:\/\/propanama.org\/en\/expansion-de-negocios-y-oportunidades-en-panama\/\">EXPANSI\u00d3N DE NEGOCIOS Y OPORTUNIDADES EN PANAM\u00c1 | OCTUBRE 28<\/a><\/div><\/div><\/div><div class=\"wpex-carousel-slide wpex-clr textcenter has-media\"><div class=\"wpex-carousel-entry-media entry-media wpex-image-hover grow overlay-parent overlay-parent-hover-button overlay-h wpex-overflow-hidden overlay-ms\"><a href=\"https:\/\/propanama.org\/en\/bilateral-trade-and-investment-opportunities-between-india-and-panama-october-13\/\" title=\"BILATERAL TRADE &#038; INVESTMENT OPPORTUNITIES BETWEEN INDIA &#038; PANAMA | OCTOBER 13\" class=\"wpex-carousel-entry-img\"><img loading=\"lazy\" decoding=\"async\" data-no-lazy=\"1\" class=\"wpex-align-middle skip-lazy\" src=\"https:\/\/propanama.org\/wp-content\/uploads\/2021\/04\/PROPANAMA-NEWS-3.jpg\" alt=\"\" width=\"1200\" height=\"1200\" \/><\/a>\n<div class=\"overlay-hover-button overlay-hide theme-overlay wpex-absolute wpex-inset-0 wpex-transition-all wpex-duration-500 wpex-flex wpex-items-center wpex-justify-center\">\n\t<span class=\"overlay-bg wpex-bg-accent_alt wpex-block wpex-absolute wpex-inset-0 wpex-opacity-90\"><\/span>\n\t<div class=\"overlay-content overlay-scale wpex-relative wpex-font-semibold wpex-transition-transform wpex-duration-500 wpex-p-20 wpex-clr\"><a href=\"https:\/\/propanama.org\/en\/bilateral-trade-and-investment-opportunities-between-india-and-panama-october-13\/\" class=\"overlay-hover-button-link wpex-text-md theme-button minimal-border white\">+ VER EVENTO<\/a><\/div>\n<\/div><\/div><div class=\"wpex-carousel-entry-details entry-details wpex-boxed wpex-first-mt-0 wpex-last-mb-0 wpex-clr\"><div class=\"wpex-carousel-entry-title entry-title wpex-mb-5 wpex-child-inherit-color\" style=\"font-size:10px;font-weight:400;color:#848484;\"><a href=\"https:\/\/propanama.org\/en\/bilateral-trade-and-investment-opportunities-between-india-and-panama-october-13\/\">BILATERAL TRADE &#038; INVESTMENT OPPORTUNITIES BETWEEN INDIA &#038; PANAMA | OCTOBER 13<\/a><\/div><\/div><\/div><div class=\"wpex-carousel-slide wpex-clr textcenter has-media\"><div class=\"wpex-carousel-entry-media entry-media wpex-image-hover grow overlay-parent overlay-parent-hover-button overlay-h wpex-overflow-hidden overlay-ms\"><a href=\"https:\/\/propanama.org\/en\/foro-de-oportunidades-panama\/\" title=\"FORO DE OPORTUNIDADES PANAM\u00c1 | JULIO 28\" class=\"wpex-carousel-entry-img\"><img loading=\"lazy\" decoding=\"async\" data-no-lazy=\"1\" class=\"wpex-align-middle skip-lazy\" src=\"https:\/\/propanama.org\/wp-content\/uploads\/2021\/04\/PROPANAMA-NEWS-2.jpg\" alt=\"\" width=\"1200\" height=\"1200\" \/><\/a>\n<div class=\"overlay-hover-button overlay-hide theme-overlay wpex-absolute wpex-inset-0 wpex-transition-all wpex-duration-500 wpex-flex wpex-items-center wpex-justify-center\">\n\t<span class=\"overlay-bg wpex-bg-accent_alt wpex-block wpex-absolute wpex-inset-0 wpex-opacity-90\"><\/span>\n\t<div class=\"overlay-content overlay-scale wpex-relative wpex-font-semibold wpex-transition-transform wpex-duration-500 wpex-p-20 wpex-clr\"><a href=\"https:\/\/propanama.org\/en\/foro-de-oportunidades-panama\/\" class=\"overlay-hover-button-link wpex-text-md theme-button minimal-border white\">+ VER EVENTO<\/a><\/div>\n<\/div><\/div><div class=\"wpex-carousel-entry-details entry-details wpex-boxed wpex-first-mt-0 wpex-last-mb-0 wpex-clr\"><div class=\"wpex-carousel-entry-title entry-title wpex-mb-5 wpex-child-inherit-color\" style=\"font-size:10px;font-weight:400;color:#848484;\"><a href=\"https:\/\/propanama.org\/en\/foro-de-oportunidades-panama\/\">FORO DE OPORTUNIDADES PANAM\u00c1 | JULIO 28<\/a><\/div><\/div><\/div><\/div><\/div><\/div><\/div><\/div><div class=\"vc_row wpb_row vc_row-fluid vc_custom_1612408727295 wpex-vc_row-has-fill wpex-vc-reset-negative-margin\"><div class=\"wpb_column vc_column_container vc_col-sm-12\"><div class=\"vc_column-inner\"><div class=\"wpb_wrapper\"><figure class=\"vcex-image vcex-module wpex-clr textcenter\"><div class=\"vcex-image-inner wpex-inline-block wpex-relative vc_custom_1612416473189\"><img decoding=\"async\" loading=\"lazy\" class=\"wpex-align-middle\" src=\"https:\/\/propanama.org\/wp-content\/uploads\/2021\/02\/noticias.png\" alt=\"\" width=\"483\" height=\"465\" \/><\/div><\/figure><div class=\"vcex-module vcex-heading wpex-text-2xl wpex-font-normal wpex-m-auto wpex-max-w-100 vcex-heading-plain wpex-block wpex-text-center  wpb_animate_when_almost_visible wpb_fadeIn fadeIn\" style=\"color:#dbdbdb;font-family:Montserrat;font-size:25px;letter-spacing:1px;font-weight:700;\"><span class=\"vcex-heading-inner wpex-inline-block wpex-clr\">\u00daLTIMAS NOTICIAS<\/span><\/div><div class=\"vcex-spacing wpex-w-100 wpex-clear\" style=\"height:10px\"><\/div>\n\t<div style=\"color:#000000;font-family:Montserrat;font-size:14px;font-weight:400;text-align:center;line-height:15px;\" class=\"wpb_text_column has-custom-color wpex-child-inherit-color wpb_content_element  wpb_animate_when_almost_visible wpb_fadeInDown fadeInDown vc_custom_1620946453555\" >\n\t\t<div class=\"wpb_wrapper\">\n\t\t\t<div class=\"wpb_text_column has-custom-color wpex-child-inherit-color has-custom-color wpex-child-inherit-color wpb_content_element wpb_animate_when_almost_visible wpb_fadeInUp fadeInUp vc_custom_1611775470971 wpb_start_animation animated\">\n<div class=\"wpb_wrapper\">\n<p style=\"text-align: center;\">Conoce la manera de hacer negocios en Panam\u00e1, noticias relevantes y los eventos m\u00e1s importantes. Encuentra nuevas oportunidades de negocios y mantente actualizado.<\/p>\n<\/div>\n<\/div>\n\n\t\t<\/div>\n\t<\/div>\n<div class=\"vcex-spacing wpex-w-100 wpex-clear\" style=\"height:15px\"><\/div>\n\t<div style=\"color:#000000;font-family:Montserrat;font-size:16px;font-weight:400;text-align:center;line-height:17px;\" class=\"wpb_text_column has-custom-color wpex-child-inherit-color wpb_content_element  wpb_animate_when_almost_visible wpb_fadeInDown fadeInDown\" >\n\t\t<div class=\"wpb_wrapper\">\n\t\t\t<div class=\"wpb_text_column has-custom-color wpex-child-inherit-color has-custom-color wpex-child-inherit-color wpb_content_element wpb_animate_when_almost_visible wpb_fadeInUp fadeInUp vc_custom_1611775470971 wpb_start_animation animated\">\n<div class=\"wpb_wrapper\"><\/div>\n<\/div>\n<div class=\"wpb_text_column has-custom-color wpex-child-inherit-color has-custom-color wpex-child-inherit-color wpb_content_element wpb_animate_when_almost_visible wpb_fadeIn fadeIn vc_custom_1610566384570 wpb_start_animation animated\">\n<div class=\"wpb_wrapper\">\n<p style=\"text-align: center;\"><strong><em>SOMOS MIEMBROS ACTIVOS DE:<\/em><\/strong><\/p>\n<\/div>\n<\/div>\n\n\t\t<\/div>\n\t<\/div>\n<div class=\"vcex-spacing wpex-w-100 wpex-clear\" style=\"height:20px\"><\/div><div class=\"vc_row wpb_row vc_inner vc_row-fluid\"><div class=\"wpb_column vc_column_container vc_col-sm-12 wpex-vc_col-has-fill\"><div class=\"vc_column-inner vc_custom_1612416604311\"><div class=\"wpb_wrapper\"><div class=\"vcex-image-grid-wrap wpex-clr\"><div class=\"vcex-module vcex-image-grid wpex-clr grid-style-default wpex-row gap-5 wpex-lightbox-group\"><div class=\"id-1062 vcex-image-grid-entry vcex-grid-item textcenter span_1_of_4 span_1_of_3_pp col col-1\"><figure class=\"vcex-image-grid-entry-figure wpex-last-mb-0 wpex-clr\"><div class=\"vcex-image-grid-entry-img entry-media wpex-mb-20\"><a href=\"https:\/\/propanama.org\/wp-content\/uploads\/2021\/02\/globalchamber.jpg\" class=\"vcex-image-grid-entry-img wpex-lightbox-group-item\" ><img decoding=\"async\" loading=\"lazy\" class=\"wpex-align-middle\" src=\"https:\/\/propanama.org\/wp-content\/uploads\/2021\/02\/globalchamber.jpg\" alt=\"\" width=\"500\" height=\"500\" \/><\/a><\/div><\/figure><\/div><div class=\"id-129 vcex-image-grid-entry vcex-grid-item textcenter span_1_of_4 span_1_of_3_pp col col-2\"><figure class=\"vcex-image-grid-entry-figure wpex-last-mb-0 wpex-clr\"><div class=\"vcex-image-grid-entry-img entry-media wpex-mb-20\"><a href=\"https:\/\/propanama.org\/wp-content\/uploads\/2021\/01\/gc.jpg\" class=\"vcex-image-grid-entry-img wpex-lightbox-group-item\" ><img decoding=\"async\" loading=\"lazy\" class=\"wpex-align-middle\" src=\"https:\/\/propanama.org\/wp-content\/uploads\/2021\/01\/gc.jpg\" alt=\"\" width=\"500\" height=\"500\" \/><\/a><\/div><\/figure><\/div><div class=\"id-130 vcex-image-grid-entry vcex-grid-item textcenter span_1_of_4 span_1_of_3_pp col col-3\"><figure class=\"vcex-image-grid-entry-figure wpex-last-mb-0 wpex-clr\"><div class=\"vcex-image-grid-entry-img entry-media wpex-mb-20\"><a href=\"https:\/\/propanama.org\/wp-content\/uploads\/2021\/01\/pnchm.jpg\" class=\"vcex-image-grid-entry-img wpex-lightbox-group-item\" ><img decoding=\"async\" loading=\"lazy\" class=\"wpex-align-middle\" src=\"https:\/\/propanama.org\/wp-content\/uploads\/2021\/01\/pnchm.jpg\" alt=\"\" width=\"500\" height=\"500\" \/><\/a><\/div><\/figure><\/div><\/div><\/div><\/div><\/div><\/div><\/div><div class=\"vc_row wpb_row vc_inner vc_row-fluid\"><div class=\"wpb_column vc_column_container vc_col-sm-12\"><div class=\"vc_column-inner vc_custom_1612416192885\"><div class=\"wpb_wrapper\"><div class=\"vcex-module wpex-carousel wpex-carousel-blog wpex-clr owl-carousel arrwstyle-slim arrwpos-center\" data-wpex-carousel=\"{&quot;nav&quot;:true,&quot;dots&quot;:false,&quot;autoplay&quot;:false,&quot;loop&quot;:true,&quot;center&quot;:false,&quot;smartSpeed&quot;:250,&quot;items&quot;:1,&quot;slideBy&quot;:1,&quot;autoplayTimeout&quot;:5000,&quot;margin&quot;:5,&quot;itemsTablet&quot;:3,&quot;itemsMobileLandscape&quot;:2,&quot;itemsMobilePortrait&quot;:1,&quot;autoHeight&quot;:true}\"><div class=\"wpex-carousel-slide wpex-clr textcenter has-media\"><div class=\"wpex-carousel-entry-media entry-media wpex-image-hover grow wpex-mb-20\"><a href=\"https:\/\/propanama.org\/en\/reglamentacion-de-la-agencia-panamena-de-alimentos\/\" title=\"Reglamentaci\u00f3n de la Agencia Paname\u00f1a de Alimentos\" class=\"wpex-carousel-entry-img\"><img loading=\"lazy\" decoding=\"async\" data-no-lazy=\"1\" class=\"wpex-align-middle skip-lazy\" src=\"https:\/\/propanama.org\/wp-content\/uploads\/2021\/10\/Captura-de-Pantalla-2021-10-01-a-las-12.56.13.png\" alt=\"\" width=\"2018\" height=\"1342\" \/><\/a><\/div><div class=\"wpex-carousel-entry-details entry-details wpex-first-mt-0 wpex-last-mb-0 wpex-clr\"><div class=\"wpex-carousel-entry-title entry-title wpex-mb-5 wpex-child-inherit-color\" style=\"margin-top:5px;font-size:15px;line-height:12px;color:#424242;\"><a href=\"https:\/\/propanama.org\/en\/reglamentacion-de-la-agencia-panamena-de-alimentos\/\">Reglamentaci\u00f3n de la Agencia Paname\u00f1a de Alimentos<\/a><\/div><div class=\"wpex-carousel-entry-excerpt entry-excerpt wpex-my-15 wpex-last-mb-0 wpex-clr\" style=\"color:#3d3d3d;font-size:13px;\"><p>Decreto Ejecutivo No. 125 que reglamenta la Ley 206 de 2021 que crea la Agencia&hellip;<\/p><\/div><div class=\"wpex-carousel-entry-button entry-readmore-wrap wpex-my-15 wpex-clr\"><a href=\"https:\/\/propanama.org\/en\/reglamentacion-de-la-agencia-panamena-de-alimentos\/\" class=\"theme-button flat\" style=\"background:#263f92;color:#ffffff;font-size:12px;padding-top:5px;padding-right:35px;padding-bottom:5px;padding-left:35px;border-radius:25px;margin-top:0px;\" data-wpex-hover=\"{&quot;background&quot;:&quot;#e8e8e8&quot;,&quot;color&quot;:&quot;#263f92&quot;}\">+ LEER NOTICIA<\/a><\/div><\/div><\/div><div class=\"wpex-carousel-slide wpex-clr textcenter has-media\"><div class=\"wpex-carousel-entry-media entry-media wpex-image-hover grow wpex-mb-20\"><a href=\"https:\/\/propanama.org\/en\/uno-de-los-programas-migratorios-mas-amigables-del-mundo-ha-cambiado-programa-de-las-naciones-amigas\/\" title=\"Uno de los programas migratorios m\u00e1s amigables del mundo ha cambiado.  PROGRAMA DE LAS NACIONES AMIGAS!\" class=\"wpex-carousel-entry-img\"><img loading=\"lazy\" decoding=\"async\" data-no-lazy=\"1\" class=\"wpex-align-middle skip-lazy\" src=\"https:\/\/propanama.org\/wp-content\/uploads\/2021\/06\/NOTICIAS-VIDEOS-TEMPLATE-1.png\" alt=\"\" width=\"6000\" height=\"4000\" \/><\/a><\/div><div class=\"wpex-carousel-entry-details entry-details wpex-first-mt-0 wpex-last-mb-0 wpex-clr\"><div class=\"wpex-carousel-entry-title entry-title wpex-mb-5 wpex-child-inherit-color\" style=\"margin-top:5px;font-size:15px;line-height:12px;color:#424242;\"><a href=\"https:\/\/propanama.org\/en\/uno-de-los-programas-migratorios-mas-amigables-del-mundo-ha-cambiado-programa-de-las-naciones-amigas\/\">Uno de los programas migratorios m\u00e1s amigables del mundo ha cambiado.  PROGRAMA DE LAS NACIONES AMIGAS!<\/a><\/div><div class=\"wpex-carousel-entry-excerpt entry-excerpt wpex-my-15 wpex-last-mb-0 wpex-clr\" style=\"color:#3d3d3d;font-size:13px;\"><\/div><div class=\"wpex-carousel-entry-button entry-readmore-wrap wpex-my-15 wpex-clr\"><a href=\"https:\/\/propanama.org\/en\/uno-de-los-programas-migratorios-mas-amigables-del-mundo-ha-cambiado-programa-de-las-naciones-amigas\/\" class=\"theme-button flat\" style=\"background:#263f92;color:#ffffff;font-size:12px;padding-top:5px;padding-right:35px;padding-bottom:5px;padding-left:35px;border-radius:25px;margin-top:0px;\" data-wpex-hover=\"{&quot;background&quot;:&quot;#e8e8e8&quot;,&quot;color&quot;:&quot;#263f92&quot;}\">+ LEER NOTICIA<\/a><\/div><\/div><\/div><div class=\"wpex-carousel-slide wpex-clr textcenter has-media\"><div class=\"wpex-carousel-entry-media entry-media wpex-image-hover grow wpex-mb-20\"><a href=\"https:\/\/propanama.org\/en\/panama-una-nueva-opcion-para-vivir-y-trabajar-a-distancia\/\" title=\"PANAMA, una nueva opci\u00f3n para los Extranjeros que deseen TELETRABAJAR desde el para\u00edso!\" class=\"wpex-carousel-entry-img\"><img loading=\"lazy\" decoding=\"async\" data-no-lazy=\"1\" class=\"wpex-align-middle skip-lazy\" src=\"https:\/\/propanama.org\/wp-content\/uploads\/2021\/05\/NOTICIAS-VIDEOS-TEMPLATE-2.png\" alt=\"\" width=\"6000\" height=\"4000\" \/><\/a><\/div><div class=\"wpex-carousel-entry-details entry-details wpex-first-mt-0 wpex-last-mb-0 wpex-clr\"><div class=\"wpex-carousel-entry-title entry-title wpex-mb-5 wpex-child-inherit-color\" style=\"margin-top:5px;font-size:15px;line-height:12px;color:#424242;\"><a href=\"https:\/\/propanama.org\/en\/panama-una-nueva-opcion-para-vivir-y-trabajar-a-distancia\/\">PANAMA, una nueva opci\u00f3n para los Extranjeros que deseen TELETRABAJAR desde el para\u00edso!<\/a><\/div><div class=\"wpex-carousel-entry-excerpt entry-excerpt wpex-my-15 wpex-last-mb-0 wpex-clr\" style=\"color:#3d3d3d;font-size:13px;\"><p>El pasado 20 de mayo de 2021, el Gobierno Nacional emiti\u00f3 el Decreto Ejecutivo que&hellip;<\/p><\/div><div class=\"wpex-carousel-entry-button entry-readmore-wrap wpex-my-15 wpex-clr\"><a href=\"https:\/\/propanama.org\/en\/panama-una-nueva-opcion-para-vivir-y-trabajar-a-distancia\/\" class=\"theme-button flat\" style=\"background:#263f92;color:#ffffff;font-size:12px;padding-top:5px;padding-right:35px;padding-bottom:5px;padding-left:35px;border-radius:25px;margin-top:0px;\" data-wpex-hover=\"{&quot;background&quot;:&quot;#e8e8e8&quot;,&quot;color&quot;:&quot;#263f92&quot;}\">+ LEER NOTICIA<\/a><\/div><\/div><\/div><div class=\"wpex-carousel-slide wpex-clr textcenter has-media\"><div class=\"wpex-carousel-entry-media entry-media wpex-image-hover grow wpex-mb-20\"><a href=\"https:\/\/propanama.org\/en\/se-incrementa-el-mercado-de-los-productos-de-panama-en-el-mundo-en-este-caso-ecuador\/\" title=\"Se incrementa el mercado de los productos de Panam\u00e1 en el mundo, en este caso: Ecuador\" class=\"wpex-carousel-entry-img\"><img loading=\"lazy\" decoding=\"async\" data-no-lazy=\"1\" class=\"wpex-align-middle skip-lazy\" src=\"https:\/\/propanama.org\/wp-content\/uploads\/2021\/05\/Ecuador.jpeg\" alt=\"\" width=\"1600\" height=\"1066\" \/><\/a><\/div><div class=\"wpex-carousel-entry-details entry-details wpex-first-mt-0 wpex-last-mb-0 wpex-clr\"><div class=\"wpex-carousel-entry-title entry-title wpex-mb-5 wpex-child-inherit-color\" style=\"margin-top:5px;font-size:15px;line-height:12px;color:#424242;\"><a href=\"https:\/\/propanama.org\/en\/se-incrementa-el-mercado-de-los-productos-de-panama-en-el-mundo-en-este-caso-ecuador\/\">Se incrementa el mercado de los productos de Panam\u00e1 en el mundo, en este caso: Ecuador<\/a><\/div><div class=\"wpex-carousel-entry-excerpt entry-excerpt wpex-my-15 wpex-last-mb-0 wpex-clr\" style=\"color:#3d3d3d;font-size:13px;\"><p>M\u00e1s productos ecuatorianos llegar\u00e1n a Panam\u00e1. Ambos pa\u00edses firmaron los T\u00e9rminos de Referencias (TDR) para&hellip;<\/p><\/div><div class=\"wpex-carousel-entry-button entry-readmore-wrap wpex-my-15 wpex-clr\"><a href=\"https:\/\/propanama.org\/en\/se-incrementa-el-mercado-de-los-productos-de-panama-en-el-mundo-en-este-caso-ecuador\/\" class=\"theme-button flat\" style=\"background:#263f92;color:#ffffff;font-size:12px;padding-top:5px;padding-right:35px;padding-bottom:5px;padding-left:35px;border-radius:25px;margin-top:0px;\" data-wpex-hover=\"{&quot;background&quot;:&quot;#e8e8e8&quot;,&quot;color&quot;:&quot;#263f92&quot;}\">+ LEER NOTICIA<\/a><\/div><\/div><\/div><div class=\"wpex-carousel-slide wpex-clr textcenter has-media\"><div class=\"wpex-carousel-entry-media entry-media wpex-image-hover grow wpex-mb-20\"><a href=\"https:\/\/propanama.org\/en\/promoviendo-la-inversion-en-panama\/\" title=\"PROMOVIENDO LA INVERSI\u00d3N EN PANAM\u00c1\" class=\"wpex-carousel-entry-img\"><img loading=\"lazy\" decoding=\"async\" data-no-lazy=\"1\" class=\"wpex-align-middle skip-lazy\" src=\"https:\/\/propanama.org\/wp-content\/uploads\/2021\/04\/news3.jpg\" alt=\"\" width=\"1200\" height=\"800\" \/><\/a><\/div><div class=\"wpex-carousel-entry-details entry-details wpex-first-mt-0 wpex-last-mb-0 wpex-clr\"><div class=\"wpex-carousel-entry-title entry-title wpex-mb-5 wpex-child-inherit-color\" style=\"margin-top:5px;font-size:15px;line-height:12px;color:#424242;\"><a href=\"https:\/\/propanama.org\/en\/promoviendo-la-inversion-en-panama\/\">PROMOVIENDO LA INVERSI\u00d3N EN PANAM\u00c1<\/a><\/div><div class=\"wpex-carousel-entry-excerpt entry-excerpt wpex-my-15 wpex-last-mb-0 wpex-clr\" style=\"color:#3d3d3d;font-size:13px;\"><p>La creciente necesidad de atender a inversionistas extranjeros interesados en Panam\u00e1, llev\u00f3 a Yolany Alvarado&hellip;<\/p><\/div><div class=\"wpex-carousel-entry-button entry-readmore-wrap wpex-my-15 wpex-clr\"><a href=\"https:\/\/propanama.org\/en\/promoviendo-la-inversion-en-panama\/\" class=\"theme-button flat\" style=\"background:#263f92;color:#ffffff;font-size:12px;padding-top:5px;padding-right:35px;padding-bottom:5px;padding-left:35px;border-radius:25px;margin-top:0px;\" data-wpex-hover=\"{&quot;background&quot;:&quot;#e8e8e8&quot;,&quot;color&quot;:&quot;#263f92&quot;}\">+ LEER NOTICIA<\/a><\/div><\/div><\/div><div class=\"wpex-carousel-slide wpex-clr textcenter has-media\"><div class=\"wpex-carousel-entry-media entry-media wpex-image-hover grow wpex-mb-20\"><a href=\"https:\/\/propanama.org\/en\/ya-viste-que-la-agencia-panamena-de-alimentos-es-una-realidad\/\" title=\"\u00bfYa viste que la Agencia Paname\u00f1a de Alimentos es una realidad?\" class=\"wpex-carousel-entry-img\"><img loading=\"lazy\" decoding=\"async\" data-no-lazy=\"1\" class=\"wpex-align-middle skip-lazy\" src=\"https:\/\/propanama.org\/wp-content\/uploads\/2021\/04\/yaviste.jpg\" alt=\"\" width=\"1200\" height=\"800\" \/><\/a><\/div><div class=\"wpex-carousel-entry-details entry-details wpex-first-mt-0 wpex-last-mb-0 wpex-clr\"><div class=\"wpex-carousel-entry-title entry-title wpex-mb-5 wpex-child-inherit-color\" style=\"margin-top:5px;font-size:15px;line-height:12px;color:#424242;\"><a href=\"https:\/\/propanama.org\/en\/ya-viste-que-la-agencia-panamena-de-alimentos-es-una-realidad\/\">\u00bfYa viste que la Agencia Paname\u00f1a de Alimentos es una realidad?<\/a><\/div><div class=\"wpex-carousel-entry-excerpt entry-excerpt wpex-my-15 wpex-last-mb-0 wpex-clr\" style=\"color:#3d3d3d;font-size:13px;\"><p>En PROPANAMA nos preguntamos qu\u00e9 debemos esperar de la ley No. 164, que elimina Aupsa&hellip;<\/p><\/div><div class=\"wpex-carousel-entry-button entry-readmore-wrap wpex-my-15 wpex-clr\"><a href=\"https:\/\/propanama.org\/en\/ya-viste-que-la-agencia-panamena-de-alimentos-es-una-realidad\/\" class=\"theme-button flat\" style=\"background:#263f92;color:#ffffff;font-size:12px;padding-top:5px;padding-right:35px;padding-bottom:5px;padding-left:35px;border-radius:25px;margin-top:0px;\" data-wpex-hover=\"{&quot;background&quot;:&quot;#e8e8e8&quot;,&quot;color&quot;:&quot;#263f92&quot;}\">+ LEER NOTICIA<\/a><\/div><\/div><\/div><div class=\"wpex-carousel-slide wpex-clr textcenter has-media\"><div class=\"wpex-carousel-entry-media entry-media wpex-image-hover grow wpex-mb-20\"><a href=\"https:\/\/propanama.org\/en\/la-autoridad-de-seguridad-de-alimento-aupsa-sera-reemplazada-por-una-nueva-entidad-llamada-la-agencia-panamena-de-alimentos-apa\/\" title=\"La Autoridad de Seguridad de Alimento (AUPSA) ser\u00e1 reemplazada por una nueva entidad llamada la Agencia Paname\u00f1a de Alimentos (APA).\" class=\"wpex-carousel-entry-img\"><img loading=\"lazy\" decoding=\"async\" data-no-lazy=\"1\" class=\"wpex-align-middle skip-lazy\" src=\"https:\/\/propanama.org\/wp-content\/uploads\/2021\/03\/autoridades.jpg\" alt=\"\" width=\"1200\" height=\"800\" \/><\/a><\/div><div class=\"wpex-carousel-entry-details entry-details wpex-first-mt-0 wpex-last-mb-0 wpex-clr\"><div class=\"wpex-carousel-entry-title entry-title wpex-mb-5 wpex-child-inherit-color\" style=\"margin-top:5px;font-size:15px;line-height:12px;color:#424242;\"><a href=\"https:\/\/propanama.org\/en\/la-autoridad-de-seguridad-de-alimento-aupsa-sera-reemplazada-por-una-nueva-entidad-llamada-la-agencia-panamena-de-alimentos-apa\/\">La Autoridad de Seguridad de Alimento (AUPSA) ser\u00e1 reemplazada por una nueva entidad llamada la Agencia Paname\u00f1a de Alimentos (APA).<\/a><\/div><div class=\"wpex-carousel-entry-excerpt entry-excerpt wpex-my-15 wpex-last-mb-0 wpex-clr\" style=\"color:#3d3d3d;font-size:13px;\"><p>El pleno de la Asamblea Nacional de Panam\u00e1 aprob\u00f3 en tercera discusi\u00f3n el proyecto de&hellip;<\/p><\/div><div class=\"wpex-carousel-entry-button entry-readmore-wrap wpex-my-15 wpex-clr\"><a href=\"https:\/\/propanama.org\/en\/la-autoridad-de-seguridad-de-alimento-aupsa-sera-reemplazada-por-una-nueva-entidad-llamada-la-agencia-panamena-de-alimentos-apa\/\" class=\"theme-button flat\" style=\"background:#263f92;color:#ffffff;font-size:12px;padding-top:5px;padding-right:35px;padding-bottom:5px;padding-left:35px;border-radius:25px;margin-top:0px;\" data-wpex-hover=\"{&quot;background&quot;:&quot;#e8e8e8&quot;,&quot;color&quot;:&quot;#263f92&quot;}\">+ LEER NOTICIA<\/a><\/div><\/div><\/div><div class=\"wpex-carousel-slide wpex-clr textcenter has-media\"><div class=\"wpex-carousel-entry-media entry-media wpex-image-hover grow wpex-mb-20\"><a href=\"https:\/\/propanama.org\/en\/panama-pais-de-negocios\/\" title=\"Panam\u00e1, Pa\u00eds de Negocios\" class=\"wpex-carousel-entry-img\"><img loading=\"lazy\" decoding=\"async\" data-no-lazy=\"1\" class=\"wpex-align-middle skip-lazy\" src=\"https:\/\/propanama.org\/wp-content\/uploads\/2021\/02\/panama-1.jpg\" alt=\"\" width=\"1200\" height=\"800\" \/><\/a><\/div><div class=\"wpex-carousel-entry-details entry-details wpex-first-mt-0 wpex-last-mb-0 wpex-clr\"><div class=\"wpex-carousel-entry-title entry-title wpex-mb-5 wpex-child-inherit-color\" style=\"margin-top:5px;font-size:15px;line-height:12px;color:#424242;\"><a href=\"https:\/\/propanama.org\/en\/panama-pais-de-negocios\/\">Panam\u00e1, Pa\u00eds de Negocios<\/a><\/div><div class=\"wpex-carousel-entry-excerpt entry-excerpt wpex-my-15 wpex-last-mb-0 wpex-clr\" style=\"color:#3d3d3d;font-size:13px;\"><p>PANAM\u00c1, PA\u00cdS DE NEGOCIOS En el mundo actual existen pocas fronteras, pr\u00e1cticamente est\u00e1 ya todo&hellip;<\/p><\/div><div class=\"wpex-carousel-entry-button entry-readmore-wrap wpex-my-15 wpex-clr\"><a href=\"https:\/\/propanama.org\/en\/panama-pais-de-negocios\/\" class=\"theme-button flat\" style=\"background:#263f92;color:#ffffff;font-size:12px;padding-top:5px;padding-right:35px;padding-bottom:5px;padding-left:35px;border-radius:25px;margin-top:0px;\" data-wpex-hover=\"{&quot;background&quot;:&quot;#e8e8e8&quot;,&quot;color&quot;:&quot;#263f92&quot;}\">+ LEER NOTICIA<\/a><\/div><\/div><\/div><div class=\"wpex-carousel-slide wpex-clr textcenter has-media\"><div class=\"wpex-carousel-entry-media entry-media wpex-image-hover grow wpex-mb-20\"><a href=\"https:\/\/propanama.org\/en\/inversionista-calificado\/\" title=\"Nuevo programa de residencia y ciudadan\u00eda por inversi\u00f3n.\" class=\"wpex-carousel-entry-img\"><img loading=\"lazy\" decoding=\"async\" data-no-lazy=\"1\" class=\"wpex-align-middle skip-lazy\" src=\"https:\/\/propanama.org\/wp-content\/uploads\/2021\/02\/WhatsApp-Image-2021-05-13-at-3.40.39-PM.jpeg\" alt=\"\" width=\"1600\" height=\"1066\" \/><\/a><\/div><div class=\"wpex-carousel-entry-details entry-details wpex-first-mt-0 wpex-last-mb-0 wpex-clr\"><div class=\"wpex-carousel-entry-title entry-title wpex-mb-5 wpex-child-inherit-color\" style=\"margin-top:5px;font-size:15px;line-height:12px;color:#424242;\"><a href=\"https:\/\/propanama.org\/en\/inversionista-calificado\/\">Nuevo programa de residencia y ciudadan\u00eda por inversi\u00f3n.<\/a><\/div><div class=\"wpex-carousel-entry-excerpt entry-excerpt wpex-my-15 wpex-last-mb-0 wpex-clr\" style=\"color:#3d3d3d;font-size:13px;\"><p>&nbsp; Nuevo Programa de Residencia y Ciudadan\u00eda por Inversi\u00f3n de Panam\u00e1. POR TIPO DE INVERSI\u00d3N&hellip;<\/p><\/div><div class=\"wpex-carousel-entry-button entry-readmore-wrap wpex-my-15 wpex-clr\"><a href=\"https:\/\/propanama.org\/en\/inversionista-calificado\/\" class=\"theme-button flat\" style=\"background:#263f92;color:#ffffff;font-size:12px;padding-top:5px;padding-right:35px;padding-bottom:5px;padding-left:35px;border-radius:25px;margin-top:0px;\" data-wpex-hover=\"{&quot;background&quot;:&quot;#e8e8e8&quot;,&quot;color&quot;:&quot;#263f92&quot;}\">+ LEER NOTICIA<\/a><\/div><\/div><\/div><\/div><\/div><\/div><\/div><\/div><div class=\"vcex-spacing wpex-w-100 wpex-clear\" style=\"height:30px\"><\/div><\/div><\/div><\/div><\/div><\/div><div class=\"vc_row-full-width vc_clearfix\"><\/div>\n","protected":false},"excerpt":{"rendered":"&nbsp; Nuevo Programa de Residencia y Ciudadan\u00eda por Inversi\u00f3n de Panam\u00e1. POR TIPO DE INVERSI\u00d3N INVERSIONISTA CALIFICADO *Compra de Inmueble VALORES *Se permite un monto m\u00ednimo de inversi\u00f3n de US$300,000.00 para calificar en este programa A partir del 15 de&hellip;","protected":false},"author":2,"featured_media":0,"parent":0,"menu_order":0,"comment_status":"closed","ping_status":"closed","template":"","meta":{"_joinchat":[],"footnotes":""},"class_list":["post-1078","page","type-page","status-publish","hentry","entry","has-media"],"_links":{"self":[{"href":"https:\/\/propanama.org\/en\/wp-json\/wp\/v2\/pages\/1078","targetHints":{"allow":["GET"]}}],"collection":[{"href":"https:\/\/propanama.org\/en\/wp-json\/wp\/v2\/pages"}],"about":[{"href":"https:\/\/propanama.org\/en\/wp-json\/wp\/v2\/types\/page"}],"author":[{"embeddable":true,"href":"https:\/\/propanama.org\/en\/wp-json\/wp\/v2\/users\/2"}],"replies":[{"embeddable":true,"href":"https:\/\/propanama.org\/en\/wp-json\/wp\/v2\/comments?post=1078"}],"version-history":[{"count":45,"href":"https:\/\/propanama.org\/en\/wp-json\/wp\/v2\/pages\/1078\/revisions"}],"predecessor-version":[{"id":1884,"href":"https:\/\/propanama.org\/en\/wp-json\/wp\/v2\/pages\/1078\/revisions\/1884"}],"wp:attachment":[{"href":"https:\/\/propanama.org\/en\/wp-json\/wp\/v2\/media?parent=1078"}],"curies":[{"name":"wp","href":"https:\/\/api.w.org\/{rel}","templated":true}]}}