{"id":974,"date":"2021-02-10T17:40:53","date_gmt":"2021-02-10T17:40:53","guid":{"rendered":"http:\/\/1punto618.mx\/demo3\/?page_id=974"},"modified":"2023-08-09T20:47:53","modified_gmt":"2023-08-09T20:47:53","slug":"nosotros","status":"publish","type":"page","link":"https:\/\/propanama.org\/en\/nosotros\/","title":{"rendered":"Nosotros"},"content":{"rendered":"<div data-vc-full-width=\"true\" data-vc-full-width-init=\"false\" data-vc-stretch-content=\"true\" data-vc-parallax=\"1.3\" data-vc-parallax-image=\"https:\/\/propanama.org\/wp-content\/uploads\/2021\/01\/ciudadepanama.jpg\" class=\"vc_row wpb_row vc_row-fluid vc_row-no-padding vc_row-o-content-middle vc_row-flex vc_general vc_parallax vc_parallax-content-moving wpex-vc_row-has-fill visible-phone wpex-vc-row-stretched wpex-has-overlay\" style=\"min-height:550px;\"><div class=\"wpb_column vc_column_container vc_col-sm-12\"><div class=\"vc_column-inner\"><div class=\"wpb_wrapper\"><div class=\"vcex-module vcex-heading wpex-text-2xl wpex-font-normal wpex-m-auto wpex-max-w-100 vcex-heading-plain wpex-block wpex-text-center\" data-wpex-rcss='{&quot;font-size&quot;:{&quot;d&quot;:&quot;60px&quot;,&quot;pp&quot;:&quot;35px&quot;}}' style=\"color:#ffffff;font-family:Montserrat;font-weight:700;line-height:50px;\"><span class=\"vcex-heading-inner wpex-inline-block wpex-clr\">NOSOTROS<\/span><\/div><\/div><\/div><\/div><div class=\"wpex-bg-overlay-wrap\"><span class=\"wpex-bg-overlay color\" style=\"background-color:#0a0a0a;opacity:.3;\" data-style=\"background-color:#0a0a0a;opacity:.3;\"><\/span><\/div><\/div><div class=\"vc_row-full-width vc_clearfix\"><\/div><div data-vc-full-width=\"true\" data-vc-full-width-init=\"false\" data-vc-stretch-content=\"true\" class=\"vc_row wpb_row vc_row-fluid vc_row-no-padding hidden-phone wpex-vc-row-stretched\"><div class=\"wpb_column vc_column_container vc_col-sm-12\"><div class=\"vc_column-inner\"><div class=\"wpb_wrapper\"><figure class=\"vcex-image vcex-module wpex-clr\"><div class=\"vcex-image-inner wpex-inline-block wpex-relative\"><img decoding=\"async\" loading=\"lazy\" class=\"wpex-align-middle\" src=\"https:\/\/propanama.org\/wp-content\/uploads\/2021\/01\/sombra.jpg\" alt=\"\" width=\"1914\" height=\"65\" \/><\/div><\/figure><\/div><\/div><\/div><div class=\"wpb_column vc_column_container vc_col-sm-12\"><div class=\"vc_column-inner vc_custom_1613027744587\"><div class=\"wpb_wrapper\"><div class=\"vcex-spacing wpex-w-100 wpex-clear\" style=\"height:10px\"><\/div><figure class=\"vcex-image vcex-module wpex-clr textcenter\"><div class=\"vcex-image-inner wpex-inline-block wpex-relative vc_custom_1615762194737\"><img decoding=\"async\" loading=\"lazy\" class=\"wpex-align-middle\" src=\"https:\/\/propanama.org\/wp-content\/uploads\/2021\/03\/logo1.png\" alt=\"\" width=\"1061\" height=\"261\" \/><\/div><\/figure><div class=\"vcex-spacing wpex-w-100 wpex-clear\" style=\"height:45px\"><\/div>\n\t<div style=\"color:#0a0a0a;font-family:Montserrat;font-size:20px;font-weight:400;text-align:center;line-height:24px;\" class=\"wpb_text_column has-custom-color wpex-child-inherit-color wpb_content_element  vc_custom_1620946240468\" >\n\t\t<div class=\"wpb_wrapper\">\n\t\t\t<p>Somos una organizaci\u00f3n privada que ofrece soluciones para aquellos que deseen hacer negocios, invertir o vivir en Panam\u00e1.<\/p>\n<p>ProPanama te apoyar\u00e1 a trav\u00e9s de su amplia gama de servicios a hacer de Panam\u00e1 tu siguiente socio comercial de la manera m\u00e1s eficiente, confiable y segura.<\/p>\n\n\t\t<\/div>\n\t<\/div>\n<div class=\"vcex-spacing wpex-w-100 wpex-clear\" style=\"height:20px\"><\/div>\n\t<div style=\"color:#0a0a0a;font-family:Montserrat;font-size:16px;text-align:center;line-height:18px;\" class=\"wpb_text_column has-custom-color wpex-child-inherit-color wpb_content_element  vc_custom_1613028779584\" >\n\t\t<div class=\"wpb_wrapper\">\n\t\t\t<p><b><i>Nuestro selecto grupo de expertos en diversas \u00e1reas trabajan para ofrecer una atenci\u00f3n especializada y personalizada.<\/i><\/b><\/p>\n\n\t\t<\/div>\n\t<\/div>\n<div class=\"vcex-spacing wpex-w-100 wpex-clear\" style=\"height:80px\"><\/div><div class=\"vc_separator wpb_content_element vc_separator_align_center vc_sep_width_50 vc_sep_border_width_3 vc_sep_pos_align_center vc_separator_no_text vc_sep_color_grey\" ><span class=\"vc_sep_holder vc_sep_holder_l\"><span  class=\"vc_sep_line\"><\/span><\/span><span class=\"vc_sep_holder vc_sep_holder_r\"><span  class=\"vc_sep_line\"><\/span><\/span>\n<\/div><\/div><\/div><\/div><div class=\"wpb_column vc_column_container vc_col-sm-12\"><div class=\"vc_column-inner\"><div class=\"wpb_wrapper\"><div class=\"vcex-spacing wpex-w-100 wpex-clear\" style=\"height:30px\"><\/div><div class=\"vc_row wpb_row vc_inner vc_row-fluid\"><div class=\"wpb_column vc_column_container vc_col-sm-6\"><div class=\"vc_column-inner vc_custom_1613030491531\"><div class=\"wpb_wrapper\"><figure class=\"vcex-image vcex-module wpex-clr textright  wpb_animate_when_almost_visible wpb_fadeIn fadeIn\"><div class=\"vcex-image-inner wpex-inline-block wpex-relative vc_custom_1691614011374\"><img decoding=\"async\" loading=\"lazy\" class=\"wpex-align-middle\" src=\"https:\/\/propanama.org\/wp-content\/uploads\/2023\/08\/equipon_2.png\" alt=\"\" width=\"667\" height=\"659\" \/><\/div><\/figure><\/div><\/div><\/div><div class=\"wpb_column vc_column_container vc_col-sm-6\"><div class=\"vc_column-inner vc_custom_1613030428853\"><div class=\"wpb_wrapper\"><div class=\"vcex-spacing wpex-w-100 wpex-clear\" style=\"height:145px\"><\/div>\n\t<div style=\"color:#0a0a0a;font-family:Montserrat;font-size:25px;font-weight:700;text-align:left;line-height:40px;\" class=\"wpb_text_column has-custom-color wpex-child-inherit-color wpb_content_element \" >\n\t\t<div class=\"wpb_wrapper\">\n\t\t\t<p><b>NUESTRO EQUIPO.<\/b><\/p>\n\n\t\t<\/div>\n\t<\/div>\n<div class=\"vcex-spacing wpex-w-100 wpex-clear\" style=\"height:10px\"><\/div>\n\t<div style=\"color:#0a0a0a;font-family:Montserrat;font-size:20px;font-weight:400;text-align:left;line-height:24px;\" class=\"wpb_text_column has-custom-color wpex-child-inherit-color wpb_content_element  vc_custom_1615762305841\" >\n\t\t<div class=\"wpb_wrapper\">\n\t\t\t<p>Nuestro equipo de trabajo cuenta con una amplia experiencia en diversas ramas.<\/p>\n<p>Te apoyaremos con asesores expertos en sus divisiones de trabajo acorde a tus necesidades, intereses y objetivos. Desde asesor\u00eda legal y financiera hasta apoyo en importaci\u00f3n y exportaci\u00f3n.<\/p>\n\n\t\t<\/div>\n\t<\/div>\n<\/div><\/div><\/div><div class=\"wpb_column vc_column_container vc_col-sm-12\"><div class=\"vc_column-inner\"><div class=\"wpb_wrapper\"><div class=\"vc_separator wpb_content_element vc_separator_align_center vc_sep_width_50 vc_sep_border_width_3 vc_sep_pos_align_center vc_separator_no_text vc_sep_color_grey\" ><span class=\"vc_sep_holder vc_sep_holder_l\"><span  class=\"vc_sep_line\"><\/span><\/span><span class=\"vc_sep_holder vc_sep_holder_r\"><span  class=\"vc_sep_line\"><\/span><\/span>\n<\/div><\/div><\/div><\/div><\/div><div class=\"vc_row wpb_row vc_inner vc_row-fluid\"><div class=\"wpb_column vc_column_container vc_col-sm-6\"><div class=\"vc_column-inner vc_custom_1613030491531\"><div class=\"wpb_wrapper\"><div class=\"vcex-spacing wpex-w-100 wpex-clear\" style=\"height:120px\"><\/div>\n\t<div style=\"color:#0a0a0a;font-family:Montserrat;font-size:25px;font-weight:700;text-align:right;line-height:40px;\" class=\"wpb_text_column has-custom-color wpex-child-inherit-color wpb_content_element \" >\n\t\t<div class=\"wpb_wrapper\">\n\t\t\t<p><b>NUESTRAS DIVISIONES DE TRABAJO.<\/b><\/p>\n\n\t\t<\/div>\n\t<\/div>\n\n\t<div style=\"color:#0a0a0a;font-family:Montserrat;font-size:20px;font-weight:400;text-align:right;line-height:24px;\" class=\"wpb_text_column has-custom-color wpex-child-inherit-color wpb_content_element  vc_custom_1621364184357\" >\n\t\t<div class=\"wpb_wrapper\">\n\t\t\t<p>Nuestros aliados y divisiones de trabajo nos permite tener un mayor alcance y relaciones para ofrecerte un servicio integral, con la mayor calidad posible y acorde a tus necesidades.<\/p>\n<p>Haremos de Panam\u00e1 tu siguiente socio comercial de la manera m\u00e1s\u00a0eficiente, confiable y segura.<\/p>\n\n\t\t<\/div>\n\t<\/div>\n<\/div><\/div><\/div><div class=\"wpb_column vc_column_container vc_col-sm-6\"><div class=\"vc_column-inner vc_custom_1613030831469\"><div class=\"wpb_wrapper\"><div class=\"vcex-spacing wpex-w-100 wpex-clear\" style=\"height:30px\"><\/div><div class=\"vcex-image-grid-wrap wpex-clr\"><div class=\"vcex-image-grid-css-wrapper vc_custom_1613030858550\"><div class=\"vcex-module vcex-image-grid wpex-clr grid-style-default wpex-row gap-15 wpex-lightbox-group\"><div class=\"id-192 vcex-image-grid-entry vcex-grid-item textcenter span_1_of_2 col  wpb_animate_when_almost_visible wpb_fadeIn fadeIn col-1\"><figure class=\"vcex-image-grid-entry-figure wpex-last-mb-0 wpex-clr\"><div class=\"vcex-image-grid-entry-img entry-media hvr hvr-grow wpex-mb-20\"><a href=\"https:\/\/propanama.org\/wp-content\/uploads\/2021\/01\/alvaradopalacios.jpg\" class=\"vcex-image-grid-entry-img wpex-lightbox-group-item\" ><img decoding=\"async\" loading=\"lazy\" class=\"wpex-align-middle\" src=\"https:\/\/propanama.org\/wp-content\/uploads\/2021\/01\/alvaradopalacios.jpg\" alt=\"\" width=\"283\" height=\"113\" \/><\/a><\/div><figcaption class=\"vcex-image-grid-entry-title wpex-mb-10 wpex-clr\"><h2 style=\"font-size:15px;color:#494949;line-height:16px;margin-right:5px;margin-left:5px;font-weight:600;font-family:Montserrat;\" class=\"entry-title\">L\u00edderes en asesor\u00eda legal y asuntos regulatorios.<\/h2><\/figcaption><\/figure><\/div><div class=\"id-198 vcex-image-grid-entry vcex-grid-item textcenter span_1_of_2 col  wpb_animate_when_almost_visible wpb_fadeIn fadeIn col-2\"><figure class=\"vcex-image-grid-entry-figure wpex-last-mb-0 wpex-clr\"><div class=\"vcex-image-grid-entry-img entry-media hvr hvr-grow wpex-mb-20\"><a href=\"https:\/\/propanama.org\/wp-content\/uploads\/2021\/01\/loanexperts2.jpg\" class=\"vcex-image-grid-entry-img wpex-lightbox-group-item\" ><img decoding=\"async\" loading=\"lazy\" class=\"wpex-align-middle\" src=\"https:\/\/propanama.org\/wp-content\/uploads\/2021\/01\/loanexperts2.jpg\" alt=\"\" width=\"283\" height=\"113\" \/><\/a><\/div><figcaption class=\"vcex-image-grid-entry-title wpex-mb-10 wpex-clr\"><h2 style=\"font-size:15px;color:#494949;line-height:16px;margin-right:5px;margin-left:5px;font-weight:600;font-family:Montserrat;\" class=\"entry-title\">Especialistas en apertura de cuentas bancarias y gesti\u00f3n de cr\u00e9ditos bancarios para extranjeros.<\/h2><\/figcaption><\/figure><\/div><div class=\"id-252 vcex-image-grid-entry vcex-grid-item textcenter span_1_of_2 col  wpb_animate_when_almost_visible wpb_fadeIn fadeIn col-1\"><figure class=\"vcex-image-grid-entry-figure wpex-last-mb-0 wpex-clr\"><div class=\"vcex-image-grid-entry-img entry-media hvr hvr-grow wpex-mb-20\"><a href=\"https:\/\/propanama.org\/wp-content\/uploads\/2021\/01\/customerborkerr3.jpg\" class=\"vcex-image-grid-entry-img wpex-lightbox-group-item\" ><img decoding=\"async\" loading=\"lazy\" class=\"wpex-align-middle\" src=\"https:\/\/propanama.org\/wp-content\/uploads\/2021\/01\/customerborkerr3.jpg\" alt=\"\" width=\"283\" height=\"113\" \/><\/a><\/div><figcaption class=\"vcex-image-grid-entry-title wpex-mb-10 wpex-clr\"><h2 style=\"font-size:15px;color:#494949;line-height:16px;margin-right:5px;margin-left:5px;font-weight:600;font-family:Montserrat;\" class=\"entry-title\">L\u00edderes en tr\u00e1mites aduaneros y expertos en asesor\u00eda en Exportaci\u00f3n e Importaci\u00f3n de mercanc\u00edas. Especialistas en Aplicaci\u00f3n de Tratados de Libre Comercio.<\/h2><\/figcaption><\/figure><\/div><div class=\"id-195 vcex-image-grid-entry vcex-grid-item textcenter span_1_of_2 col  wpb_animate_when_almost_visible wpb_fadeIn fadeIn col-2\"><figure class=\"vcex-image-grid-entry-figure wpex-last-mb-0 wpex-clr\"><div class=\"vcex-image-grid-entry-img entry-media hvr hvr-grow wpex-mb-20\"><a href=\"https:\/\/propanama.org\/wp-content\/uploads\/2021\/01\/registrossanitarios.jpg\" class=\"vcex-image-grid-entry-img wpex-lightbox-group-item\" ><img decoding=\"async\" loading=\"lazy\" class=\"wpex-align-middle\" src=\"https:\/\/propanama.org\/wp-content\/uploads\/2021\/01\/registrossanitarios.jpg\" alt=\"\" width=\"283\" height=\"113\" \/><\/a><\/div><figcaption class=\"vcex-image-grid-entry-title wpex-mb-10 wpex-clr\"><h2 style=\"font-size:15px;color:#494949;line-height:16px;margin-right:5px;margin-left:5px;font-weight:600;font-family:Montserrat;\" class=\"entry-title\">Especialistas en asuntos regulatorios y registros sanitarios.<\/h2><\/figcaption><\/figure><\/div><\/div><\/div><\/div><\/div><\/div><\/div><\/div><div class=\"vcex-spacing wpex-w-100 wpex-clear\" style=\"height:30px\"><\/div><\/div><\/div><\/div><\/div><div class=\"vc_row-full-width vc_clearfix\"><\/div><div data-vc-full-width=\"true\" data-vc-full-width-init=\"false\" data-vc-stretch-content=\"true\" class=\"vc_row wpb_row vc_row-fluid vc_row-no-padding visible-phone wpex-vc-row-stretched\"><div class=\"wpb_column vc_column_container vc_col-sm-12 wpex-vc_col-has-fill\"><div class=\"vc_column-inner vc_custom_1612418084571\"><div class=\"wpb_wrapper\"><figure class=\"vcex-image vcex-module wpex-clr\"><div class=\"vcex-image-inner wpex-inline-block wpex-relative\"><img decoding=\"async\" loading=\"lazy\" class=\"wpex-align-middle\" src=\"https:\/\/propanama.org\/wp-content\/uploads\/2021\/01\/sombra.jpg\" alt=\"\" width=\"1914\" height=\"65\" \/><\/div><\/figure><div class=\"vcex-spacing wpex-w-100 wpex-clear\" style=\"height:55px\"><\/div><figure class=\"vcex-image vcex-module wpex-clr textcenter  wpb_animate_when_almost_visible wpb_fadeIn fadeIn\"><div class=\"vcex-image-inner wpex-inline-block wpex-relative vc_custom_1615762664301\"><img decoding=\"async\" loading=\"lazy\" class=\"wpex-align-middle\" src=\"https:\/\/propanama.org\/wp-content\/uploads\/2021\/03\/logo1.png\" alt=\"\" width=\"1061\" height=\"261\" \/><\/div><\/figure><div class=\"vcex-spacing wpex-w-100 wpex-clear\" style=\"height:15px\"><\/div>\n\t<div style=\"color:#0a0a0a;font-family:Montserrat;font-size:14px;text-align:center;line-height:16px;\" class=\"wpb_text_column has-custom-color wpex-child-inherit-color wpb_content_element  vc_custom_1620946250445\" >\n\t\t<div class=\"wpb_wrapper\">\n\t\t\t<p>Somos una organizaci\u00f3n privada que ofrece soluciones para aquellos que deseen hacer negocios, invertir o vivir en Panam\u00e1.<\/p>\n<p>ProPanama te apoyar\u00e1 a trav\u00e9s de su amplia gama de servicios a hacer de Panam\u00e1 tu siguiente socio comercial de la manera m\u00e1s eficiente, confiable y segura.<\/p>\n\n\t\t<\/div>\n\t<\/div>\n<div class=\"vcex-spacing wpex-w-100 wpex-clear\" style=\"height:15px\"><\/div>\n\t<div style=\"color:#0a0a0a;font-family:Montserrat;font-size:11px;text-align:center;line-height:12px;\" class=\"wpb_text_column has-custom-color wpex-child-inherit-color wpb_content_element  vc_custom_1611096276187\" >\n\t\t<div class=\"wpb_wrapper\">\n\t\t\t<p><b><i>Colaboramos con un selecto grupo de expertos que asesoran en sus \u00e1reas de expertise.<\/i><\/b><\/p>\n\n\t\t<\/div>\n\t<\/div>\n<div class=\"vcex-spacing wpex-w-100 wpex-clear\" style=\"height:15px\"><\/div><div class=\"vcex-image-grid-wrap wpex-clr\"><div class=\"vcex-image-grid-css-wrapper vc_custom_1611775660419\"><div class=\"vcex-module vcex-image-grid wpex-clr grid-style-default wpex-row gap-20 wpex-lightbox-group\"><div class=\"id-252 vcex-image-grid-entry vcex-grid-item textcenter span_1_of_4 span_1_of_2_pp col  wpb_animate_when_almost_visible wpb_fadeIn fadeIn col-1\"><figure class=\"vcex-image-grid-entry-figure wpex-last-mb-0 wpex-clr vc_custom_1611775660420\"><div class=\"vcex-image-grid-entry-img entry-media wpex-mb-20\"><a href=\"https:\/\/propanama.org\/wp-content\/uploads\/2021\/01\/customerborkerr3.jpg\" class=\"vcex-image-grid-entry-img wpex-lightbox-group-item\" ><img decoding=\"async\" loading=\"lazy\" class=\"wpex-align-middle\" src=\"https:\/\/propanama.org\/wp-content\/uploads\/2021\/01\/customerborkerr3.jpg\" alt=\"\" width=\"283\" height=\"113\" \/><\/a><\/div><\/figure><\/div><div class=\"id-195 vcex-image-grid-entry vcex-grid-item textcenter span_1_of_4 span_1_of_2_pp col  wpb_animate_when_almost_visible wpb_fadeIn fadeIn col-2\"><figure class=\"vcex-image-grid-entry-figure wpex-last-mb-0 wpex-clr vc_custom_1611775660420\"><div class=\"vcex-image-grid-entry-img entry-media wpex-mb-20\"><a href=\"https:\/\/propanama.org\/wp-content\/uploads\/2021\/01\/registrossanitarios.jpg\" class=\"vcex-image-grid-entry-img wpex-lightbox-group-item\" ><img decoding=\"async\" loading=\"lazy\" class=\"wpex-align-middle\" src=\"https:\/\/propanama.org\/wp-content\/uploads\/2021\/01\/registrossanitarios.jpg\" alt=\"\" width=\"283\" height=\"113\" \/><\/a><\/div><\/figure><\/div><div class=\"id-192 vcex-image-grid-entry vcex-grid-item textcenter span_1_of_4 span_1_of_2_pp col  wpb_animate_when_almost_visible wpb_fadeIn fadeIn col-3\"><figure class=\"vcex-image-grid-entry-figure wpex-last-mb-0 wpex-clr vc_custom_1611775660420\"><div class=\"vcex-image-grid-entry-img entry-media wpex-mb-20\"><a href=\"https:\/\/propanama.org\/wp-content\/uploads\/2021\/01\/alvaradopalacios.jpg\" class=\"vcex-image-grid-entry-img wpex-lightbox-group-item\" ><img decoding=\"async\" loading=\"lazy\" class=\"wpex-align-middle\" src=\"https:\/\/propanama.org\/wp-content\/uploads\/2021\/01\/alvaradopalacios.jpg\" alt=\"\" width=\"283\" height=\"113\" \/><\/a><\/div><\/figure><\/div><div class=\"id-198 vcex-image-grid-entry vcex-grid-item textcenter span_1_of_4 span_1_of_2_pp col  wpb_animate_when_almost_visible wpb_fadeIn fadeIn col-4\"><figure class=\"vcex-image-grid-entry-figure wpex-last-mb-0 wpex-clr vc_custom_1611775660420\"><div class=\"vcex-image-grid-entry-img entry-media wpex-mb-20\"><a href=\"https:\/\/propanama.org\/wp-content\/uploads\/2021\/01\/loanexperts2.jpg\" class=\"vcex-image-grid-entry-img wpex-lightbox-group-item\" ><img decoding=\"async\" loading=\"lazy\" class=\"wpex-align-middle\" src=\"https:\/\/propanama.org\/wp-content\/uploads\/2021\/01\/loanexperts2.jpg\" alt=\"\" width=\"283\" height=\"113\" \/><\/a><\/div><\/figure><\/div><\/div><\/div><\/div><div class=\"vcex-spacing wpex-w-100 wpex-clear\" style=\"height:50px\"><\/div><div class=\"vc_separator wpb_content_element vc_separator_align_center vc_sep_width_90 vc_sep_border_width_3 vc_sep_pos_align_center vc_separator_no_text vc_sep_color_grey\" ><span class=\"vc_sep_holder vc_sep_holder_l\"><span  class=\"vc_sep_line\"><\/span><\/span><span class=\"vc_sep_holder vc_sep_holder_r\"><span  class=\"vc_sep_line\"><\/span><\/span>\n<\/div><div class=\"vcex-spacing wpex-w-100 wpex-clear\" style=\"height:25px\"><\/div><figure class=\"vcex-image vcex-module wpex-clr textcenter  wpb_animate_when_almost_visible wpb_fadeIn fadeIn\"><div class=\"vcex-image-inner wpex-inline-block wpex-relative vc_custom_1691614067201\"><img decoding=\"async\" loading=\"lazy\" class=\"wpex-align-middle\" src=\"https:\/\/propanama.org\/wp-content\/uploads\/2023\/08\/equipon_2.png\" alt=\"\" width=\"667\" height=\"659\" \/><\/div><\/figure><div class=\"vcex-spacing wpex-w-100 wpex-clear\" style=\"height:15px\"><\/div>\n\t<div style=\"color:#0a0a0a;font-family:Montserrat;font-size:14px;text-align:center;line-height:16px;\" class=\"wpb_text_column has-custom-color wpex-child-inherit-color wpb_content_element  vc_custom_1615762562014\" >\n\t\t<div class=\"wpb_wrapper\">\n\t\t\t<p>Nuestro equipo de trabajo cuenta con una amplia experiencia en diversas ramas.<\/p>\n<p>Te apoyaremos con asesores expertos en sus divisiones de trabajo acorde a tus necesidades, intereses y objetivos. Desde asesor\u00eda legal y financiera hasta apoyo en importaci\u00f3n y exportaci\u00f3n.<\/p>\n\n\t\t<\/div>\n\t<\/div>\n<div class=\"vcex-spacing wpex-w-100 wpex-clear\" style=\"height:80px\"><\/div><div class=\"vc_separator wpb_content_element vc_separator_align_center vc_sep_width_90 vc_sep_border_width_3 vc_sep_pos_align_center vc_separator_no_text vc_sep_color_grey\" ><span class=\"vc_sep_holder vc_sep_holder_l\"><span  class=\"vc_sep_line\"><\/span><\/span><span class=\"vc_sep_holder vc_sep_holder_r\"><span  class=\"vc_sep_line\"><\/span><\/span>\n<\/div><div class=\"vcex-spacing wpex-w-100 wpex-clear\" style=\"height:80px\"><\/div><h2 class=\"vcex-module vcex-heading wpex-text-2xl wpex-font-normal wpex-m-auto wpex-max-w-100 vcex-heading-plain wpex-block wpex-text-center\" style=\"color:#0a0a0a;font-family:Montserrat;font-size:18px;letter-spacing:1px;font-weight:700;\"><span class=\"vcex-heading-inner wpex-inline-block wpex-clr\">NUESTRAS DIVISIONES DE TRABAJO<\/span><\/h2>\n\t<div style=\"color:#0a0a0a;font-family:Montserrat;font-size:14px;text-align:center;line-height:16px;\" class=\"wpb_text_column has-custom-color wpex-child-inherit-color wpb_content_element  vc_custom_1621364194787\" >\n\t\t<div class=\"wpb_wrapper\">\n\t\t\t<p>Nuestros aliados y divisiones de trabajo nos permite tener un mayor alcance y relaciones para ofrecerte un servicio integral, con la mayor calidad posible y acorde a tus necesidades.<\/p>\n<p>Haremos de Panam\u00e1 tu siguiente socio comercial de la manera m\u00e1s\u00a0eficiente, confiable y segura.<\/p>\n\n\t\t<\/div>\n\t<\/div>\n<div class=\"vcex-spacing wpex-w-100 wpex-clear\" style=\"height:15px\"><\/div><div class=\"vc_row wpb_row vc_inner vc_row-fluid\"><div class=\"wpb_column vc_column_container vc_col-sm-12\"><div class=\"vc_column-inner vc_custom_1615762897617\"><div class=\"wpb_wrapper\"><div class=\"vcex-image-grid-wrap wpex-clr\"><div class=\"vcex-image-grid-css-wrapper vc_custom_1615762786240\"><div class=\"vcex-module vcex-image-grid wpex-clr grid-style-default wpex-row gap-15 wpex-lightbox-group\"><div class=\"id-192 vcex-image-grid-entry vcex-grid-item textcenter span_1_of_2 span_1_of_2_pp col  wpb_animate_when_almost_visible wpb_fadeIn fadeIn col-1\"><figure class=\"vcex-image-grid-entry-figure wpex-last-mb-0 wpex-clr\"><div class=\"vcex-image-grid-entry-img entry-media hvr hvr-grow wpex-mb-20\"><a href=\"https:\/\/propanama.org\/wp-content\/uploads\/2021\/01\/alvaradopalacios.jpg\" class=\"vcex-image-grid-entry-img wpex-lightbox-group-item\" ><img decoding=\"async\" loading=\"lazy\" class=\"wpex-align-middle\" src=\"https:\/\/propanama.org\/wp-content\/uploads\/2021\/01\/alvaradopalacios.jpg\" alt=\"\" width=\"283\" height=\"113\" \/><\/a><\/div><figcaption class=\"vcex-image-grid-entry-title wpex-mb-10 wpex-clr\"><h2 style=\"font-size:8px;color:#494949;line-height:10px;margin-right:5px;margin-left:5px;font-weight:600;font-family:Montserrat;\" class=\"entry-title\">L\u00edderes en asesor\u00eda legal y asuntos regulatorios.<\/h2><\/figcaption><\/figure><\/div><div class=\"id-198 vcex-image-grid-entry vcex-grid-item textcenter span_1_of_2 span_1_of_2_pp col  wpb_animate_when_almost_visible wpb_fadeIn fadeIn col-2\"><figure class=\"vcex-image-grid-entry-figure wpex-last-mb-0 wpex-clr\"><div class=\"vcex-image-grid-entry-img entry-media hvr hvr-grow wpex-mb-20\"><a href=\"https:\/\/propanama.org\/wp-content\/uploads\/2021\/01\/loanexperts2.jpg\" class=\"vcex-image-grid-entry-img wpex-lightbox-group-item\" ><img decoding=\"async\" loading=\"lazy\" class=\"wpex-align-middle\" src=\"https:\/\/propanama.org\/wp-content\/uploads\/2021\/01\/loanexperts2.jpg\" alt=\"\" width=\"283\" height=\"113\" \/><\/a><\/div><figcaption class=\"vcex-image-grid-entry-title wpex-mb-10 wpex-clr\"><h2 style=\"font-size:8px;color:#494949;line-height:10px;margin-right:5px;margin-left:5px;font-weight:600;font-family:Montserrat;\" class=\"entry-title\">Especialistas en apertura de cuentas bancarias y gesti\u00f3n de cr\u00e9ditos bancarios para extranjeros.<\/h2><\/figcaption><\/figure><\/div><div class=\"id-252 vcex-image-grid-entry vcex-grid-item textcenter span_1_of_2 span_1_of_2_pp col  wpb_animate_when_almost_visible wpb_fadeIn fadeIn col-1\"><figure class=\"vcex-image-grid-entry-figure wpex-last-mb-0 wpex-clr\"><div class=\"vcex-image-grid-entry-img entry-media hvr hvr-grow wpex-mb-20\"><a href=\"https:\/\/propanama.org\/wp-content\/uploads\/2021\/01\/customerborkerr3.jpg\" class=\"vcex-image-grid-entry-img wpex-lightbox-group-item\" ><img decoding=\"async\" loading=\"lazy\" class=\"wpex-align-middle\" src=\"https:\/\/propanama.org\/wp-content\/uploads\/2021\/01\/customerborkerr3.jpg\" alt=\"\" width=\"283\" height=\"113\" \/><\/a><\/div><figcaption class=\"vcex-image-grid-entry-title wpex-mb-10 wpex-clr\"><h2 style=\"font-size:8px;color:#494949;line-height:10px;margin-right:5px;margin-left:5px;font-weight:600;font-family:Montserrat;\" class=\"entry-title\">L\u00edderes en tr\u00e1mites aduaneros y expertos en asesor\u00eda en Exportaci\u00f3n e Importaci\u00f3n de mercanc\u00edas. Especialistas en Aplicaci\u00f3n de Tratados de Libre Comercio.<\/h2><\/figcaption><\/figure><\/div><div class=\"id-195 vcex-image-grid-entry vcex-grid-item textcenter span_1_of_2 span_1_of_2_pp col  wpb_animate_when_almost_visible wpb_fadeIn fadeIn col-2\"><figure class=\"vcex-image-grid-entry-figure wpex-last-mb-0 wpex-clr\"><div class=\"vcex-image-grid-entry-img entry-media hvr hvr-grow wpex-mb-20\"><a href=\"https:\/\/propanama.org\/wp-content\/uploads\/2021\/01\/registrossanitarios.jpg\" class=\"vcex-image-grid-entry-img wpex-lightbox-group-item\" ><img decoding=\"async\" loading=\"lazy\" class=\"wpex-align-middle\" src=\"https:\/\/propanama.org\/wp-content\/uploads\/2021\/01\/registrossanitarios.jpg\" alt=\"\" width=\"283\" height=\"113\" \/><\/a><\/div><figcaption class=\"vcex-image-grid-entry-title wpex-mb-10 wpex-clr\"><h2 style=\"font-size:8px;color:#494949;line-height:10px;margin-right:5px;margin-left:5px;font-weight:600;font-family:Montserrat;\" class=\"entry-title\">Especialistas en asuntos regulatorios y registros sanitarios.<\/h2><\/figcaption><\/figure><\/div><\/div><\/div><\/div><\/div><\/div><\/div><\/div><div class=\"vcex-spacing wpex-w-100 wpex-clear\" style=\"height:15px\"><\/div><div class=\"vcex-spacing wpex-w-100 wpex-clear\" style=\"height:15px\"><\/div><div class=\"vcex-spacing wpex-w-100 wpex-clear\" style=\"height:35px\"><\/div><\/div><\/div><\/div><\/div><div class=\"vc_row-full-width vc_clearfix\"><\/div><div class=\"vc_row wpb_row vc_row-fluid\"><div class=\"wpb_column vc_column_container vc_col-sm-12\"><div class=\"vc_column-inner\"><div class=\"wpb_wrapper\">\n\t<div class=\"wpb_text_column wpb_content_element \" >\n\t\t<div class=\"wpb_wrapper\">\n\t\t\t\n\t\t<\/div>\n\t<\/div>\n<\/div><\/div><\/div><\/div><div class=\"vc_row wpb_row vc_row-fluid\"><div class=\"wpb_column vc_column_container vc_col-sm-12\"><div class=\"vc_column-inner\"><div class=\"wpb_wrapper\">\n\t<div class=\"wpb_text_column wpb_content_element \" >\n\t\t<div class=\"wpb_wrapper\">\n\t\t\t\n\t\t<\/div>\n\t<\/div>\n<\/div><\/div><\/div><\/div><div data-vc-full-width=\"true\" data-vc-full-width-init=\"false\" data-vc-stretch-content=\"true\" class=\"vc_row wpb_row vc_row-fluid vc_custom_1612297620081 vc_row-no-padding vc_row-o-content-middle vc_row-flex wpex-vc_row-has-fill visible-phone wpex-vc-row-stretched\" style=\"min-height:120px;\"><div class=\"wpb_column vc_column_container vc_col-sm-12\"><div class=\"vc_column-inner\"><div class=\"wpb_wrapper\"><div class=\"vcex-spacing wpex-w-100 wpex-clear\" style=\"height:50px\"><\/div>\n\t<div style=\"color:#111111;font-family:Montserrat;font-size:23px;font-weight:400;text-align:center;line-height:25px;\" class=\"wpb_text_column has-custom-color wpex-child-inherit-color wpb_content_element  vc_custom_1617662992371\" >\n\t\t<div class=\"wpb_wrapper\">\n\t\t\t<p>CREANDO <strong>OPORTUNIDADES, SOLUCIONES Y NEGOCIOS.<\/strong><\/p>\n\n\t\t<\/div>\n\t<\/div>\n<div class=\"vcex-spacing wpex-w-100 wpex-clear\" style=\"height:10px\"><\/div><div class=\"vcex-module vcex-heading wpex-text-2xl wpex-font-normal wpex-m-auto wpex-max-w-100 vcex-heading-plain wpex-block wpex-text-center  wpb_animate_when_almost_visible wpb_fadeIn fadeIn\" style=\"color:#d1031f;font-family:Montserrat;font-size:15px;letter-spacing:1px;font-weight:700;\"><span class=\"vcex-heading-inner wpex-inline-block wpex-clr\">#PROPANAMA<\/span><\/div><\/div><\/div><\/div><\/div><div class=\"vc_row-full-width vc_clearfix\"><\/div><div data-vc-full-width=\"true\" data-vc-full-width-init=\"false\" data-vc-stretch-content=\"true\" class=\"vc_row wpb_row vc_row-fluid vc_custom_1612297451242 vc_row-no-padding vc_row-o-content-middle vc_row-flex wpex-vc_row-has-fill hidden-phone wpex-vc-row-stretched\" style=\"min-height:250px;\"><div class=\"wpb_column vc_column_container vc_col-sm-12\"><div class=\"vc_column-inner\"><div class=\"wpb_wrapper\"><div class=\"vcex-spacing wpex-w-100 wpex-clear\" style=\"height:50px\"><\/div>\n\t<div style=\"color:#111111;font-family:Montserrat;font-size:40px;font-weight:400;text-align:center;\" class=\"wpb_text_column has-custom-color wpex-child-inherit-color wpb_content_element \" >\n\t\t<div class=\"wpb_wrapper\">\n\t\t\t<p>CREANDO <strong>OPORTUNIDADES, SOLUCIONES Y NEGOCIOS.<\/strong><\/p>\n\n\t\t<\/div>\n\t<\/div>\n<div class=\"vcex-spacing wpex-w-100 wpex-clear\" style=\"height:15px\"><\/div><div class=\"vcex-module vcex-heading wpex-text-2xl wpex-font-normal wpex-m-auto wpex-max-w-100 vcex-heading-plain wpex-block wpex-text-center  wpb_animate_when_almost_visible wpb_fadeIn fadeIn\" style=\"color:#d1031f;font-family:Montserrat;font-size:25px;letter-spacing:1px;font-weight:700;\"><span class=\"vcex-heading-inner wpex-inline-block wpex-clr\">#PROPANAMA<\/span><\/div><\/div><\/div><\/div><\/div><div class=\"vc_row-full-width vc_clearfix\"><\/div><div data-vc-full-width=\"true\" data-vc-full-width-init=\"false\" data-vc-stretch-content=\"true\" class=\"vc_section vc_custom_1612347302634 wpex-vc_section-has-fill hidden-phone wpex-vc-row-stretched\"><div class=\"vc_row wpb_row vc_row-fluid vc_custom_1612408727295 wpex-vc_row-has-fill wpex-vc-reset-negative-margin\"><div class=\"wpb_column vc_column_container vc_col-sm-12\"><div class=\"vc_column-inner vc_custom_1612409659391\"><div class=\"wpb_wrapper\"><div class=\"vcex-spacing wpex-w-100 wpex-clear\" style=\"height:40px\"><\/div><div class=\"vcex-module vcex-heading wpex-text-2xl wpex-font-normal wpex-m-auto wpex-max-w-100 vcex-heading-plain wpex-block wpex-text-left  wpb_animate_when_almost_visible wpb_fadeIn fadeIn\" style=\"color:#dbdbdb;font-family:Montserrat;font-size:40px;letter-spacing:1px;font-weight:700;\"><span class=\"vcex-heading-inner wpex-inline-block wpex-clr\">EVENTOS<\/span><\/div><div class=\"vcex-spacing wpex-w-100 wpex-clear\" style=\"height:30px\"><\/div><div class=\"vcex-module wpex-carousel wpex-carousel-blog wpex-clr owl-carousel arrwstyle-slim arrwpos-abs\" data-wpex-carousel=\"{&quot;nav&quot;:true,&quot;dots&quot;:true,&quot;autoplay&quot;:false,&quot;loop&quot;:true,&quot;center&quot;:false,&quot;smartSpeed&quot;:250,&quot;items&quot;:4,&quot;slideBy&quot;:1,&quot;autoplayTimeout&quot;:5000,&quot;margin&quot;:5,&quot;itemsTablet&quot;:3,&quot;itemsMobileLandscape&quot;:2,&quot;itemsMobilePortrait&quot;:1,&quot;autoWidth&quot;:false,&quot;autoHeight&quot;:false}\"><div class=\"wpex-carousel-slide wpex-clr textcenter has-media\"><div class=\"wpex-carousel-entry-media entry-media wpex-image-hover grow overlay-parent overlay-parent-title-excerpt-hover overlay-h wpex-overflow-hidden overlay-ms\"><a href=\"https:\/\/propanama.org\/en\/propanama-participo-en-la-mision-comercial-a-bogota\/\" title=\"ProPanama particip\u00f3 en la Misi\u00f3n Comercial a Bogot\u00e1\" class=\"wpex-carousel-entry-img\"><img loading=\"lazy\" decoding=\"async\" data-no-lazy=\"1\" class=\"wpex-align-middle skip-lazy\" src=\"https:\/\/propanama.org\/wp-content\/uploads\/2021\/10\/EVENT-TEMPLATE.png\" alt=\"\" width=\"1200\" height=\"1200\" \/>\n<div class=\"overlay-title-excerpt-hover overlay-hide theme-overlay wpex-absolute wpex-inset-0 wpex-transition-all wpex-duration-500 wpex-overflow-hidden wpex-flex wpex-items-center wpex-justify-center wpex-text-center\">\n\t<div class=\"overlay-bg wpex-bg-accent_alt wpex-absolute wpex-inset-0 wpex-opacity-70\"><\/div>\n\t<div class=\"overlay-content overlay-scale wpex-relative wpex-text-white wpex-p-15 wpex-duration-500 wpex-transition-transform wpex-clr\">\n\t\t<div class=\"overlay-title wpex-text-lg\">ProPanama particip\u00f3 en la Misi\u00f3n Comercial a Bogot\u00e1<\/div>\n\t\t<div class=\"overlay-excerpt wpex-opacity-80 wpex-italic wpex-mt-10 wpex-last-mb-0\"><p>La Misi\u00f3n Comercial organizada por la C\u00e1mara de Comercio e Industrias de Panam\u00e1 a Bogot\u00e1 fue un \u00e9xito&hellip;<\/p><\/div>\t<\/div>\n<\/div><\/a><\/div><\/div><div class=\"wpex-carousel-slide wpex-clr textcenter has-media\"><div class=\"wpex-carousel-entry-media entry-media wpex-image-hover grow overlay-parent overlay-parent-title-excerpt-hover overlay-h wpex-overflow-hidden overlay-ms\"><a href=\"https:\/\/propanama.org\/en\/global-fruit-latam-24-25-y-26-de-marzo-2021\/\" title=\"GLOBAL FRUIT LATAM | 24, 25 Y 26 DE MARZO 2021\" class=\"wpex-carousel-entry-img\"><img loading=\"lazy\" decoding=\"async\" data-no-lazy=\"1\" class=\"wpex-align-middle skip-lazy\" src=\"https:\/\/propanama.org\/wp-content\/uploads\/2021\/02\/PROPANAMA-NEWS-5.jpg\" alt=\"\" width=\"1200\" height=\"1200\" \/>\n<div class=\"overlay-title-excerpt-hover overlay-hide theme-overlay wpex-absolute wpex-inset-0 wpex-transition-all wpex-duration-500 wpex-overflow-hidden wpex-flex wpex-items-center wpex-justify-center wpex-text-center\">\n\t<div class=\"overlay-bg wpex-bg-accent_alt wpex-absolute wpex-inset-0 wpex-opacity-70\"><\/div>\n\t<div class=\"overlay-content overlay-scale wpex-relative wpex-text-white wpex-p-15 wpex-duration-500 wpex-transition-transform wpex-clr\">\n\t\t<div class=\"overlay-title wpex-text-lg\">GLOBAL FRUIT LATAM | 24, 25 Y 26 DE MARZO 2021<\/div>\n\t\t<div class=\"overlay-excerpt wpex-opacity-80 wpex-italic wpex-mt-10 wpex-last-mb-0\"><p>&nbsp; VIRTUAL. GLOBAL FRUIT LATAMES LA PRIMER FERIA INTERNACIONAL DE NEGOCIOS PARA PRODUCTOS FRESCOS DE LATINOAM\u00c9RICA EN MODALIDAD&hellip;<\/p><\/div>\t<\/div>\n<\/div><\/a><\/div><\/div><div class=\"wpex-carousel-slide wpex-clr textcenter has-media\"><div class=\"wpex-carousel-entry-media entry-media wpex-image-hover grow overlay-parent overlay-parent-title-excerpt-hover overlay-h wpex-overflow-hidden overlay-ms\"><a href=\"https:\/\/propanama.org\/en\/expansion-de-negocios-y-oportunidades-en-panama\/\" title=\"EXPANSI\u00d3N DE NEGOCIOS Y OPORTUNIDADES EN PANAM\u00c1 | OCTUBRE 28\" class=\"wpex-carousel-entry-img\"><img loading=\"lazy\" decoding=\"async\" data-no-lazy=\"1\" class=\"wpex-align-middle skip-lazy\" src=\"https:\/\/propanama.org\/wp-content\/uploads\/2021\/04\/PROPANAMA-NEWS-4.jpg\" alt=\"\" width=\"1200\" height=\"1200\" \/>\n<div class=\"overlay-title-excerpt-hover overlay-hide theme-overlay wpex-absolute wpex-inset-0 wpex-transition-all wpex-duration-500 wpex-overflow-hidden wpex-flex wpex-items-center wpex-justify-center wpex-text-center\">\n\t<div class=\"overlay-bg wpex-bg-accent_alt wpex-absolute wpex-inset-0 wpex-opacity-70\"><\/div>\n\t<div class=\"overlay-content overlay-scale wpex-relative wpex-text-white wpex-p-15 wpex-duration-500 wpex-transition-transform wpex-clr\">\n\t\t<div class=\"overlay-title wpex-text-lg\">EXPANSI\u00d3N DE NEGOCIOS Y OPORTUNIDADES EN PANAM\u00c1 | OCTUBRE 28<\/div>\n\t\t<div class=\"overlay-excerpt wpex-opacity-80 wpex-italic wpex-mt-10 wpex-last-mb-0\"><p>[3d-flip-book mode=\"fullscreen\" id=\"1508\" ][\/3d-flip-book]<\/p><\/div>\t<\/div>\n<\/div><\/a><\/div><\/div><div class=\"wpex-carousel-slide wpex-clr textcenter has-media\"><div class=\"wpex-carousel-entry-media entry-media wpex-image-hover grow overlay-parent overlay-parent-title-excerpt-hover overlay-h wpex-overflow-hidden overlay-ms\"><a href=\"https:\/\/propanama.org\/en\/bilateral-trade-and-investment-opportunities-between-india-and-panama-october-13\/\" title=\"BILATERAL TRADE &#038; INVESTMENT OPPORTUNITIES BETWEEN INDIA &#038; PANAMA | OCTOBER 13\" class=\"wpex-carousel-entry-img\"><img loading=\"lazy\" decoding=\"async\" data-no-lazy=\"1\" class=\"wpex-align-middle skip-lazy\" src=\"https:\/\/propanama.org\/wp-content\/uploads\/2021\/04\/PROPANAMA-NEWS-3.jpg\" alt=\"\" width=\"1200\" height=\"1200\" \/>\n<div class=\"overlay-title-excerpt-hover overlay-hide theme-overlay wpex-absolute wpex-inset-0 wpex-transition-all wpex-duration-500 wpex-overflow-hidden wpex-flex wpex-items-center wpex-justify-center wpex-text-center\">\n\t<div class=\"overlay-bg wpex-bg-accent_alt wpex-absolute wpex-inset-0 wpex-opacity-70\"><\/div>\n\t<div class=\"overlay-content overlay-scale wpex-relative wpex-text-white wpex-p-15 wpex-duration-500 wpex-transition-transform wpex-clr\">\n\t\t<div class=\"overlay-title wpex-text-lg\">BILATERAL TRADE &#038; INVESTMENT OPPORTUNITIES BETWEEN INDIA &#038; PANAMA | OCTOBER 13<\/div>\n\t\t<div class=\"overlay-excerpt wpex-opacity-80 wpex-italic wpex-mt-10 wpex-last-mb-0\"><p>Por segunda vez hemos sido invitados por empresarios de la India, quienes est\u00e1n mostrando un inter\u00e9s conducente en&hellip;<\/p><\/div>\t<\/div>\n<\/div><\/a><\/div><\/div><div class=\"wpex-carousel-slide wpex-clr textcenter has-media\"><div class=\"wpex-carousel-entry-media entry-media wpex-image-hover grow overlay-parent overlay-parent-title-excerpt-hover overlay-h wpex-overflow-hidden overlay-ms\"><a href=\"https:\/\/propanama.org\/en\/foro-de-oportunidades-panama\/\" title=\"FORO DE OPORTUNIDADES PANAM\u00c1 | JULIO 28\" class=\"wpex-carousel-entry-img\"><img loading=\"lazy\" decoding=\"async\" data-no-lazy=\"1\" class=\"wpex-align-middle skip-lazy\" src=\"https:\/\/propanama.org\/wp-content\/uploads\/2021\/04\/PROPANAMA-NEWS-2.jpg\" alt=\"\" width=\"1200\" height=\"1200\" \/>\n<div class=\"overlay-title-excerpt-hover overlay-hide theme-overlay wpex-absolute wpex-inset-0 wpex-transition-all wpex-duration-500 wpex-overflow-hidden wpex-flex wpex-items-center wpex-justify-center wpex-text-center\">\n\t<div class=\"overlay-bg wpex-bg-accent_alt wpex-absolute wpex-inset-0 wpex-opacity-70\"><\/div>\n\t<div class=\"overlay-content overlay-scale wpex-relative wpex-text-white wpex-p-15 wpex-duration-500 wpex-transition-transform wpex-clr\">\n\t\t<div class=\"overlay-title wpex-text-lg\">FORO DE OPORTUNIDADES PANAM\u00c1 | JULIO 28<\/div>\n\t\t<div class=\"overlay-excerpt wpex-opacity-80 wpex-italic wpex-mt-10 wpex-last-mb-0\"><p>PROPOSITO DEL FORO: El prop\u00f3sito del foro es dar a conocer a los empresarios mexicanos las oportunidades de&hellip;<\/p><\/div>\t<\/div>\n<\/div><\/a><\/div><\/div><\/div><div class=\"vcex-spacing wpex-w-100 wpex-clear\" style=\"height:25px\"><\/div><\/div><\/div><\/div><\/div><div class=\"vc_row wpb_row vc_row-fluid vc_custom_1612408727295 wpex-vc_row-has-fill wpex-vc-reset-negative-margin\"><div class=\"wpb_column vc_column_container vc_col-sm-6\"><div class=\"vc_column-inner vc_custom_1612411291156\"><div class=\"wpb_wrapper\"><div class=\"vcex-spacing wpex-w-100 wpex-clear\" style=\"height:30px\"><\/div><figure class=\"vcex-image vcex-module wpex-clr textcenter\"><div class=\"vcex-image-inner wpex-inline-block wpex-relative vc_custom_1612415998899\"><img decoding=\"async\" loading=\"lazy\" class=\"wpex-align-middle\" src=\"https:\/\/propanama.org\/wp-content\/uploads\/2021\/02\/noticias.png\" alt=\"\" width=\"483\" height=\"465\" \/><\/div><\/figure><div class=\"vcex-module vcex-heading wpex-text-2xl wpex-font-normal wpex-m-auto wpex-max-w-100 vcex-heading-plain wpex-block wpex-text-center  wpb_animate_when_almost_visible wpb_fadeIn fadeIn vc_custom_1612413414815\" style=\"color:#dbdbdb;font-family:Montserrat;font-size:40px;letter-spacing:1px;font-weight:700;\"><span class=\"vcex-heading-inner wpex-inline-block wpex-clr\">\u00daLTIMAS NOTICIAS<\/span><\/div><div class=\"vcex-spacing wpex-w-100 wpex-clear\" style=\"height:10px\"><\/div>\n\t<div style=\"color:#000000;font-family:Montserrat;font-size:16px;font-weight:400;text-align:center;line-height:17px;\" class=\"wpb_text_column has-custom-color wpex-child-inherit-color wpb_content_element  wpb_animate_when_almost_visible wpb_fadeInDown fadeInDown vc_custom_1620946322111\" >\n\t\t<div class=\"wpb_wrapper\">\n\t\t\t<div class=\"wpb_text_column has-custom-color wpex-child-inherit-color has-custom-color wpex-child-inherit-color wpb_content_element wpb_animate_when_almost_visible wpb_fadeInUp fadeInUp vc_custom_1611775470971 wpb_start_animation animated\">\n<div class=\"wpb_wrapper\">\n<p style=\"text-align: center;\">Conoce la manera de hacer negocios en Panam\u00e1, noticias relevantes y los eventos m\u00e1s importantes. Encuentra nuevas oportunidades de negocios y mantente actualizado.<\/p>\n<\/div>\n<\/div>\n\n\t\t<\/div>\n\t<\/div>\n<div class=\"vcex-spacing wpex-w-100 wpex-clear\" style=\"height:15px\"><\/div>\n\t<div style=\"color:#000000;font-family:Montserrat;font-size:16px;font-weight:400;text-align:center;line-height:17px;\" class=\"wpb_text_column has-custom-color wpex-child-inherit-color wpb_content_element  wpb_animate_when_almost_visible wpb_fadeInDown fadeInDown vc_custom_1612412241081\" >\n\t\t<div class=\"wpb_wrapper\">\n\t\t\t<div class=\"wpb_text_column has-custom-color wpex-child-inherit-color has-custom-color wpex-child-inherit-color wpb_content_element wpb_animate_when_almost_visible wpb_fadeInUp fadeInUp vc_custom_1611775470971 wpb_start_animation animated\">\n<div class=\"wpb_wrapper\"><\/div>\n<\/div>\n<div class=\"wpb_text_column has-custom-color wpex-child-inherit-color has-custom-color wpex-child-inherit-color wpb_content_element wpb_animate_when_almost_visible wpb_fadeIn fadeIn vc_custom_1610566384570 wpb_start_animation animated\">\n<div class=\"wpb_wrapper\">\n<p style=\"text-align: center;\"><strong><em>SOMOS MIEMBROS ACTIVOS DE:<\/em><\/strong><\/p>\n<\/div>\n<\/div>\n\n\t\t<\/div>\n\t<\/div>\n<div class=\"vcex-spacing wpex-w-100 wpex-clear\" style=\"height:20px\"><\/div><div class=\"vc_row wpb_row vc_inner vc_row-fluid\"><div class=\"wpb_column vc_column_container vc_col-sm-12\"><div class=\"vc_column-inner vc_custom_1612412366175\"><div class=\"wpb_wrapper\"><div class=\"vcex-image-grid-wrap wpex-clr\"><div class=\"vcex-module vcex-image-grid wpex-clr grid-style-default wpex-row gap-20 wpex-lightbox-group\"><div class=\"id-130 vcex-image-grid-entry vcex-grid-item textcenter span_1_of_3 col col-1\"><figure class=\"vcex-image-grid-entry-figure wpex-last-mb-0 wpex-clr\"><div class=\"vcex-image-grid-entry-img entry-media wpex-mb-20\"><a href=\"https:\/\/propanama.org\/wp-content\/uploads\/2021\/01\/pnchm.jpg\" class=\"vcex-image-grid-entry-img wpex-lightbox-group-item\" ><img decoding=\"async\" loading=\"lazy\" class=\"wpex-align-middle\" src=\"https:\/\/propanama.org\/wp-content\/uploads\/2021\/01\/pnchm.jpg\" alt=\"\" width=\"500\" height=\"500\" \/><\/a><\/div><\/figure><\/div><div class=\"id-129 vcex-image-grid-entry vcex-grid-item textcenter span_1_of_3 col col-2\"><figure class=\"vcex-image-grid-entry-figure wpex-last-mb-0 wpex-clr\"><div class=\"vcex-image-grid-entry-img entry-media wpex-mb-20\"><a href=\"https:\/\/propanama.org\/wp-content\/uploads\/2021\/01\/gc.jpg\" class=\"vcex-image-grid-entry-img wpex-lightbox-group-item\" ><img decoding=\"async\" loading=\"lazy\" class=\"wpex-align-middle\" src=\"https:\/\/propanama.org\/wp-content\/uploads\/2021\/01\/gc.jpg\" alt=\"\" width=\"500\" height=\"500\" \/><\/a><\/div><\/figure><\/div><div class=\"id-1062 vcex-image-grid-entry vcex-grid-item textcenter span_1_of_3 col col-3\"><figure class=\"vcex-image-grid-entry-figure wpex-last-mb-0 wpex-clr\"><div class=\"vcex-image-grid-entry-img entry-media wpex-mb-20\"><a href=\"https:\/\/propanama.org\/wp-content\/uploads\/2021\/02\/globalchamber.jpg\" class=\"vcex-image-grid-entry-img wpex-lightbox-group-item\" ><img decoding=\"async\" loading=\"lazy\" class=\"wpex-align-middle\" src=\"https:\/\/propanama.org\/wp-content\/uploads\/2021\/02\/globalchamber.jpg\" alt=\"\" width=\"500\" height=\"500\" \/><\/a><\/div><\/figure><\/div><\/div><\/div><\/div><\/div><\/div><\/div><div class=\"vcex-spacing wpex-w-100 wpex-clear\" style=\"height:50px\"><\/div><\/div><\/div><\/div><div class=\"wpb_column vc_column_container vc_col-sm-6\"><div class=\"vc_column-inner vc_custom_1612412106133\"><div class=\"wpb_wrapper\"><div class=\"vcex-module wpex-carousel wpex-carousel-blog wpex-clr owl-carousel arrwstyle-slim arrwpos-abs\" data-wpex-carousel=\"{&quot;nav&quot;:true,&quot;dots&quot;:false,&quot;autoplay&quot;:false,&quot;loop&quot;:true,&quot;center&quot;:false,&quot;smartSpeed&quot;:250,&quot;items&quot;:1,&quot;slideBy&quot;:1,&quot;autoplayTimeout&quot;:5000,&quot;margin&quot;:5,&quot;itemsTablet&quot;:3,&quot;itemsMobileLandscape&quot;:2,&quot;itemsMobilePortrait&quot;:1,&quot;autoHeight&quot;:true}\"><div class=\"wpex-carousel-slide wpex-clr textleft has-media\"><div class=\"wpex-carousel-entry-media entry-media wpex-image-hover grow wpex-mb-20\"><a href=\"https:\/\/propanama.org\/en\/reglamentacion-de-la-agencia-panamena-de-alimentos\/\" title=\"Reglamentaci\u00f3n de la Agencia Paname\u00f1a de Alimentos\" class=\"wpex-carousel-entry-img\"><img loading=\"lazy\" decoding=\"async\" data-no-lazy=\"1\" class=\"wpex-align-middle skip-lazy\" src=\"https:\/\/propanama.org\/wp-content\/uploads\/2021\/10\/Captura-de-Pantalla-2021-10-01-a-las-12.56.13.png\" alt=\"\" width=\"2018\" height=\"1342\" \/><\/a><\/div><div class=\"wpex-carousel-entry-details entry-details wpex-first-mt-0 wpex-last-mb-0 wpex-clr\"><div class=\"wpex-carousel-entry-title entry-title wpex-mb-5 wpex-child-inherit-color\" style=\"margin-top:5px;font-size:15px;line-height:12px;color:#424242;\"><a href=\"https:\/\/propanama.org\/en\/reglamentacion-de-la-agencia-panamena-de-alimentos\/\">Reglamentaci\u00f3n de la Agencia Paname\u00f1a de Alimentos<\/a><\/div><div class=\"wpex-carousel-entry-excerpt entry-excerpt wpex-my-15 wpex-last-mb-0 wpex-clr\" style=\"color:#3d3d3d;font-size:13px;\"><p>Decreto Ejecutivo No. 125 que reglamenta la Ley 206 de 2021 que crea la Agencia&hellip;<\/p><\/div><div class=\"wpex-carousel-entry-button entry-readmore-wrap wpex-my-15 wpex-clr\"><a href=\"https:\/\/propanama.org\/en\/reglamentacion-de-la-agencia-panamena-de-alimentos\/\" class=\"theme-button flat\" style=\"background:#263f92;color:#ffffff;font-size:12px;padding-top:5px;padding-right:35px;padding-bottom:5px;padding-left:35px;border-radius:25px;margin-top:0px;\" data-wpex-hover=\"{&quot;background&quot;:&quot;#e8e8e8&quot;,&quot;color&quot;:&quot;#263f92&quot;}\">+ LEER NOTICIA<\/a><\/div><\/div><\/div><div class=\"wpex-carousel-slide wpex-clr textleft has-media\"><div class=\"wpex-carousel-entry-media entry-media wpex-image-hover grow wpex-mb-20\"><a href=\"https:\/\/propanama.org\/en\/uno-de-los-programas-migratorios-mas-amigables-del-mundo-ha-cambiado-programa-de-las-naciones-amigas\/\" title=\"Uno de los programas migratorios m\u00e1s amigables del mundo ha cambiado.  PROGRAMA DE LAS NACIONES AMIGAS!\" class=\"wpex-carousel-entry-img\"><img loading=\"lazy\" decoding=\"async\" data-no-lazy=\"1\" class=\"wpex-align-middle skip-lazy\" src=\"https:\/\/propanama.org\/wp-content\/uploads\/2021\/06\/NOTICIAS-VIDEOS-TEMPLATE-1.png\" alt=\"\" width=\"6000\" height=\"4000\" \/><\/a><\/div><div class=\"wpex-carousel-entry-details entry-details wpex-first-mt-0 wpex-last-mb-0 wpex-clr\"><div class=\"wpex-carousel-entry-title entry-title wpex-mb-5 wpex-child-inherit-color\" style=\"margin-top:5px;font-size:15px;line-height:12px;color:#424242;\"><a href=\"https:\/\/propanama.org\/en\/uno-de-los-programas-migratorios-mas-amigables-del-mundo-ha-cambiado-programa-de-las-naciones-amigas\/\">Uno de los programas migratorios m\u00e1s amigables del mundo ha cambiado.  PROGRAMA DE LAS NACIONES AMIGAS!<\/a><\/div><div class=\"wpex-carousel-entry-excerpt entry-excerpt wpex-my-15 wpex-last-mb-0 wpex-clr\" style=\"color:#3d3d3d;font-size:13px;\"><\/div><div class=\"wpex-carousel-entry-button entry-readmore-wrap wpex-my-15 wpex-clr\"><a href=\"https:\/\/propanama.org\/en\/uno-de-los-programas-migratorios-mas-amigables-del-mundo-ha-cambiado-programa-de-las-naciones-amigas\/\" class=\"theme-button flat\" style=\"background:#263f92;color:#ffffff;font-size:12px;padding-top:5px;padding-right:35px;padding-bottom:5px;padding-left:35px;border-radius:25px;margin-top:0px;\" data-wpex-hover=\"{&quot;background&quot;:&quot;#e8e8e8&quot;,&quot;color&quot;:&quot;#263f92&quot;}\">+ LEER NOTICIA<\/a><\/div><\/div><\/div><div class=\"wpex-carousel-slide wpex-clr textleft has-media\"><div class=\"wpex-carousel-entry-media entry-media wpex-image-hover grow wpex-mb-20\"><a href=\"https:\/\/propanama.org\/en\/panama-una-nueva-opcion-para-vivir-y-trabajar-a-distancia\/\" title=\"PANAMA, una nueva opci\u00f3n para los Extranjeros que deseen TELETRABAJAR desde el para\u00edso!\" class=\"wpex-carousel-entry-img\"><img loading=\"lazy\" decoding=\"async\" data-no-lazy=\"1\" class=\"wpex-align-middle skip-lazy\" src=\"https:\/\/propanama.org\/wp-content\/uploads\/2021\/05\/NOTICIAS-VIDEOS-TEMPLATE-2.png\" alt=\"\" width=\"6000\" height=\"4000\" \/><\/a><\/div><div class=\"wpex-carousel-entry-details entry-details wpex-first-mt-0 wpex-last-mb-0 wpex-clr\"><div class=\"wpex-carousel-entry-title entry-title wpex-mb-5 wpex-child-inherit-color\" style=\"margin-top:5px;font-size:15px;line-height:12px;color:#424242;\"><a href=\"https:\/\/propanama.org\/en\/panama-una-nueva-opcion-para-vivir-y-trabajar-a-distancia\/\">PANAMA, una nueva opci\u00f3n para los Extranjeros que deseen TELETRABAJAR desde el para\u00edso!<\/a><\/div><div class=\"wpex-carousel-entry-excerpt entry-excerpt wpex-my-15 wpex-last-mb-0 wpex-clr\" style=\"color:#3d3d3d;font-size:13px;\"><p>El pasado 20 de mayo de 2021, el Gobierno Nacional emiti\u00f3 el Decreto Ejecutivo que&hellip;<\/p><\/div><div class=\"wpex-carousel-entry-button entry-readmore-wrap wpex-my-15 wpex-clr\"><a href=\"https:\/\/propanama.org\/en\/panama-una-nueva-opcion-para-vivir-y-trabajar-a-distancia\/\" class=\"theme-button flat\" style=\"background:#263f92;color:#ffffff;font-size:12px;padding-top:5px;padding-right:35px;padding-bottom:5px;padding-left:35px;border-radius:25px;margin-top:0px;\" data-wpex-hover=\"{&quot;background&quot;:&quot;#e8e8e8&quot;,&quot;color&quot;:&quot;#263f92&quot;}\">+ LEER NOTICIA<\/a><\/div><\/div><\/div><div class=\"wpex-carousel-slide wpex-clr textleft has-media\"><div class=\"wpex-carousel-entry-media entry-media wpex-image-hover grow wpex-mb-20\"><a href=\"https:\/\/propanama.org\/en\/se-incrementa-el-mercado-de-los-productos-de-panama-en-el-mundo-en-este-caso-ecuador\/\" title=\"Se incrementa el mercado de los productos de Panam\u00e1 en el mundo, en este caso: Ecuador\" class=\"wpex-carousel-entry-img\"><img loading=\"lazy\" decoding=\"async\" data-no-lazy=\"1\" class=\"wpex-align-middle skip-lazy\" src=\"https:\/\/propanama.org\/wp-content\/uploads\/2021\/05\/Ecuador.jpeg\" alt=\"\" width=\"1600\" height=\"1066\" \/><\/a><\/div><div class=\"wpex-carousel-entry-details entry-details wpex-first-mt-0 wpex-last-mb-0 wpex-clr\"><div class=\"wpex-carousel-entry-title entry-title wpex-mb-5 wpex-child-inherit-color\" style=\"margin-top:5px;font-size:15px;line-height:12px;color:#424242;\"><a href=\"https:\/\/propanama.org\/en\/se-incrementa-el-mercado-de-los-productos-de-panama-en-el-mundo-en-este-caso-ecuador\/\">Se incrementa el mercado de los productos de Panam\u00e1 en el mundo, en este caso: Ecuador<\/a><\/div><div class=\"wpex-carousel-entry-excerpt entry-excerpt wpex-my-15 wpex-last-mb-0 wpex-clr\" style=\"color:#3d3d3d;font-size:13px;\"><p>M\u00e1s productos ecuatorianos llegar\u00e1n a Panam\u00e1. Ambos pa\u00edses firmaron los T\u00e9rminos de Referencias (TDR) para&hellip;<\/p><\/div><div class=\"wpex-carousel-entry-button entry-readmore-wrap wpex-my-15 wpex-clr\"><a href=\"https:\/\/propanama.org\/en\/se-incrementa-el-mercado-de-los-productos-de-panama-en-el-mundo-en-este-caso-ecuador\/\" class=\"theme-button flat\" style=\"background:#263f92;color:#ffffff;font-size:12px;padding-top:5px;padding-right:35px;padding-bottom:5px;padding-left:35px;border-radius:25px;margin-top:0px;\" data-wpex-hover=\"{&quot;background&quot;:&quot;#e8e8e8&quot;,&quot;color&quot;:&quot;#263f92&quot;}\">+ LEER NOTICIA<\/a><\/div><\/div><\/div><div class=\"wpex-carousel-slide wpex-clr textleft has-media\"><div class=\"wpex-carousel-entry-media entry-media wpex-image-hover grow wpex-mb-20\"><a href=\"https:\/\/propanama.org\/en\/promoviendo-la-inversion-en-panama\/\" title=\"PROMOVIENDO LA INVERSI\u00d3N EN PANAM\u00c1\" class=\"wpex-carousel-entry-img\"><img loading=\"lazy\" decoding=\"async\" data-no-lazy=\"1\" class=\"wpex-align-middle skip-lazy\" src=\"https:\/\/propanama.org\/wp-content\/uploads\/2021\/04\/news3.jpg\" alt=\"\" width=\"1200\" height=\"800\" \/><\/a><\/div><div class=\"wpex-carousel-entry-details entry-details wpex-first-mt-0 wpex-last-mb-0 wpex-clr\"><div class=\"wpex-carousel-entry-title entry-title wpex-mb-5 wpex-child-inherit-color\" style=\"margin-top:5px;font-size:15px;line-height:12px;color:#424242;\"><a href=\"https:\/\/propanama.org\/en\/promoviendo-la-inversion-en-panama\/\">PROMOVIENDO LA INVERSI\u00d3N EN PANAM\u00c1<\/a><\/div><div class=\"wpex-carousel-entry-excerpt entry-excerpt wpex-my-15 wpex-last-mb-0 wpex-clr\" style=\"color:#3d3d3d;font-size:13px;\"><p>La creciente necesidad de atender a inversionistas extranjeros interesados en Panam\u00e1, llev\u00f3 a Yolany Alvarado&hellip;<\/p><\/div><div class=\"wpex-carousel-entry-button entry-readmore-wrap wpex-my-15 wpex-clr\"><a href=\"https:\/\/propanama.org\/en\/promoviendo-la-inversion-en-panama\/\" class=\"theme-button flat\" style=\"background:#263f92;color:#ffffff;font-size:12px;padding-top:5px;padding-right:35px;padding-bottom:5px;padding-left:35px;border-radius:25px;margin-top:0px;\" data-wpex-hover=\"{&quot;background&quot;:&quot;#e8e8e8&quot;,&quot;color&quot;:&quot;#263f92&quot;}\">+ LEER NOTICIA<\/a><\/div><\/div><\/div><div class=\"wpex-carousel-slide wpex-clr textleft has-media\"><div class=\"wpex-carousel-entry-media entry-media wpex-image-hover grow wpex-mb-20\"><a href=\"https:\/\/propanama.org\/en\/ya-viste-que-la-agencia-panamena-de-alimentos-es-una-realidad\/\" title=\"\u00bfYa viste que la Agencia Paname\u00f1a de Alimentos es una realidad?\" class=\"wpex-carousel-entry-img\"><img loading=\"lazy\" decoding=\"async\" data-no-lazy=\"1\" class=\"wpex-align-middle skip-lazy\" src=\"https:\/\/propanama.org\/wp-content\/uploads\/2021\/04\/yaviste.jpg\" alt=\"\" width=\"1200\" height=\"800\" \/><\/a><\/div><div class=\"wpex-carousel-entry-details entry-details wpex-first-mt-0 wpex-last-mb-0 wpex-clr\"><div class=\"wpex-carousel-entry-title entry-title wpex-mb-5 wpex-child-inherit-color\" style=\"margin-top:5px;font-size:15px;line-height:12px;color:#424242;\"><a href=\"https:\/\/propanama.org\/en\/ya-viste-que-la-agencia-panamena-de-alimentos-es-una-realidad\/\">\u00bfYa viste que la Agencia Paname\u00f1a de Alimentos es una realidad?<\/a><\/div><div class=\"wpex-carousel-entry-excerpt entry-excerpt wpex-my-15 wpex-last-mb-0 wpex-clr\" style=\"color:#3d3d3d;font-size:13px;\"><p>En PROPANAMA nos preguntamos qu\u00e9 debemos esperar de la ley No. 164, que elimina Aupsa&hellip;<\/p><\/div><div class=\"wpex-carousel-entry-button entry-readmore-wrap wpex-my-15 wpex-clr\"><a href=\"https:\/\/propanama.org\/en\/ya-viste-que-la-agencia-panamena-de-alimentos-es-una-realidad\/\" class=\"theme-button flat\" style=\"background:#263f92;color:#ffffff;font-size:12px;padding-top:5px;padding-right:35px;padding-bottom:5px;padding-left:35px;border-radius:25px;margin-top:0px;\" data-wpex-hover=\"{&quot;background&quot;:&quot;#e8e8e8&quot;,&quot;color&quot;:&quot;#263f92&quot;}\">+ LEER NOTICIA<\/a><\/div><\/div><\/div><div class=\"wpex-carousel-slide wpex-clr textleft has-media\"><div class=\"wpex-carousel-entry-media entry-media wpex-image-hover grow wpex-mb-20\"><a href=\"https:\/\/propanama.org\/en\/la-autoridad-de-seguridad-de-alimento-aupsa-sera-reemplazada-por-una-nueva-entidad-llamada-la-agencia-panamena-de-alimentos-apa\/\" title=\"La Autoridad de Seguridad de Alimento (AUPSA) ser\u00e1 reemplazada por una nueva entidad llamada la Agencia Paname\u00f1a de Alimentos (APA).\" class=\"wpex-carousel-entry-img\"><img loading=\"lazy\" decoding=\"async\" data-no-lazy=\"1\" class=\"wpex-align-middle skip-lazy\" src=\"https:\/\/propanama.org\/wp-content\/uploads\/2021\/03\/autoridades.jpg\" alt=\"\" width=\"1200\" height=\"800\" \/><\/a><\/div><div class=\"wpex-carousel-entry-details entry-details wpex-first-mt-0 wpex-last-mb-0 wpex-clr\"><div class=\"wpex-carousel-entry-title entry-title wpex-mb-5 wpex-child-inherit-color\" style=\"margin-top:5px;font-size:15px;line-height:12px;color:#424242;\"><a href=\"https:\/\/propanama.org\/en\/la-autoridad-de-seguridad-de-alimento-aupsa-sera-reemplazada-por-una-nueva-entidad-llamada-la-agencia-panamena-de-alimentos-apa\/\">La Autoridad de Seguridad de Alimento (AUPSA) ser\u00e1 reemplazada por una nueva entidad llamada la Agencia Paname\u00f1a de Alimentos (APA).<\/a><\/div><div class=\"wpex-carousel-entry-excerpt entry-excerpt wpex-my-15 wpex-last-mb-0 wpex-clr\" style=\"color:#3d3d3d;font-size:13px;\"><p>El pleno de la Asamblea Nacional de Panam\u00e1 aprob\u00f3 en tercera discusi\u00f3n el proyecto de&hellip;<\/p><\/div><div class=\"wpex-carousel-entry-button entry-readmore-wrap wpex-my-15 wpex-clr\"><a href=\"https:\/\/propanama.org\/en\/la-autoridad-de-seguridad-de-alimento-aupsa-sera-reemplazada-por-una-nueva-entidad-llamada-la-agencia-panamena-de-alimentos-apa\/\" class=\"theme-button flat\" style=\"background:#263f92;color:#ffffff;font-size:12px;padding-top:5px;padding-right:35px;padding-bottom:5px;padding-left:35px;border-radius:25px;margin-top:0px;\" data-wpex-hover=\"{&quot;background&quot;:&quot;#e8e8e8&quot;,&quot;color&quot;:&quot;#263f92&quot;}\">+ LEER NOTICIA<\/a><\/div><\/div><\/div><div class=\"wpex-carousel-slide wpex-clr textleft has-media\"><div class=\"wpex-carousel-entry-media entry-media wpex-image-hover grow wpex-mb-20\"><a href=\"https:\/\/propanama.org\/en\/panama-pais-de-negocios\/\" title=\"Panam\u00e1, Pa\u00eds de Negocios\" class=\"wpex-carousel-entry-img\"><img loading=\"lazy\" decoding=\"async\" data-no-lazy=\"1\" class=\"wpex-align-middle skip-lazy\" src=\"https:\/\/propanama.org\/wp-content\/uploads\/2021\/02\/panama-1.jpg\" alt=\"\" width=\"1200\" height=\"800\" \/><\/a><\/div><div class=\"wpex-carousel-entry-details entry-details wpex-first-mt-0 wpex-last-mb-0 wpex-clr\"><div class=\"wpex-carousel-entry-title entry-title wpex-mb-5 wpex-child-inherit-color\" style=\"margin-top:5px;font-size:15px;line-height:12px;color:#424242;\"><a href=\"https:\/\/propanama.org\/en\/panama-pais-de-negocios\/\">Panam\u00e1, Pa\u00eds de Negocios<\/a><\/div><div class=\"wpex-carousel-entry-excerpt entry-excerpt wpex-my-15 wpex-last-mb-0 wpex-clr\" style=\"color:#3d3d3d;font-size:13px;\"><p>PANAM\u00c1, PA\u00cdS DE NEGOCIOS En el mundo actual existen pocas fronteras, pr\u00e1cticamente est\u00e1 ya todo&hellip;<\/p><\/div><div class=\"wpex-carousel-entry-button entry-readmore-wrap wpex-my-15 wpex-clr\"><a href=\"https:\/\/propanama.org\/en\/panama-pais-de-negocios\/\" class=\"theme-button flat\" style=\"background:#263f92;color:#ffffff;font-size:12px;padding-top:5px;padding-right:35px;padding-bottom:5px;padding-left:35px;border-radius:25px;margin-top:0px;\" data-wpex-hover=\"{&quot;background&quot;:&quot;#e8e8e8&quot;,&quot;color&quot;:&quot;#263f92&quot;}\">+ LEER NOTICIA<\/a><\/div><\/div><\/div><div class=\"wpex-carousel-slide wpex-clr textleft has-media\"><div class=\"wpex-carousel-entry-media entry-media wpex-image-hover grow wpex-mb-20\"><a href=\"https:\/\/propanama.org\/en\/inversionista-calificado\/\" title=\"Nuevo programa de residencia y ciudadan\u00eda por inversi\u00f3n.\" class=\"wpex-carousel-entry-img\"><img loading=\"lazy\" decoding=\"async\" data-no-lazy=\"1\" class=\"wpex-align-middle skip-lazy\" src=\"https:\/\/propanama.org\/wp-content\/uploads\/2021\/02\/WhatsApp-Image-2021-05-13-at-3.40.39-PM.jpeg\" alt=\"\" width=\"1600\" height=\"1066\" \/><\/a><\/div><div class=\"wpex-carousel-entry-details entry-details wpex-first-mt-0 wpex-last-mb-0 wpex-clr\"><div class=\"wpex-carousel-entry-title entry-title wpex-mb-5 wpex-child-inherit-color\" style=\"margin-top:5px;font-size:15px;line-height:12px;color:#424242;\"><a href=\"https:\/\/propanama.org\/en\/inversionista-calificado\/\">Nuevo programa de residencia y ciudadan\u00eda por inversi\u00f3n.<\/a><\/div><div class=\"wpex-carousel-entry-excerpt entry-excerpt wpex-my-15 wpex-last-mb-0 wpex-clr\" style=\"color:#3d3d3d;font-size:13px;\"><p>&nbsp; Nuevo Programa de Residencia y Ciudadan\u00eda por Inversi\u00f3n de Panam\u00e1. POR TIPO DE INVERSI\u00d3N&hellip;<\/p><\/div><div class=\"wpex-carousel-entry-button entry-readmore-wrap wpex-my-15 wpex-clr\"><a href=\"https:\/\/propanama.org\/en\/inversionista-calificado\/\" class=\"theme-button flat\" style=\"background:#263f92;color:#ffffff;font-size:12px;padding-top:5px;padding-right:35px;padding-bottom:5px;padding-left:35px;border-radius:25px;margin-top:0px;\" data-wpex-hover=\"{&quot;background&quot;:&quot;#e8e8e8&quot;,&quot;color&quot;:&quot;#263f92&quot;}\">+ LEER NOTICIA<\/a><\/div><\/div><\/div><\/div><div class=\"vcex-spacing wpex-w-100 wpex-clear\" style=\"height:50px\"><\/div><\/div><\/div><\/div><\/div><\/div><div class=\"vc_row-full-width vc_clearfix\"><\/div><div data-vc-full-width=\"true\" data-vc-full-width-init=\"false\" data-vc-stretch-content=\"true\" class=\"vc_section vc_custom_1612347138393 wpex-vc_section-has-fill visible-phone wpex-vc-row-stretched\"><div class=\"vc_row wpb_row vc_row-fluid vc_custom_1612416088209 wpex-vc_row-has-fill wpex-vc-reset-negative-margin\"><div class=\"wpb_column vc_column_container vc_col-sm-12\"><div class=\"vc_column-inner vc_custom_1612416490065\"><div class=\"wpb_wrapper\"><div class=\"vcex-spacing wpex-w-100 wpex-clear\" style=\"height:40px\"><\/div><div class=\"vcex-module vcex-heading wpex-text-2xl wpex-font-normal wpex-m-auto wpex-max-w-100 vcex-heading-plain wpex-block wpex-text-center  wpb_animate_when_almost_visible wpb_fadeIn fadeIn\" style=\"color:#dbdbdb;font-family:Montserrat;font-size:25px;letter-spacing:1px;font-weight:700;\"><span class=\"vcex-heading-inner wpex-inline-block wpex-clr\">EVENTOS<\/span><\/div><div class=\"vcex-spacing wpex-w-100 wpex-clear\" style=\"height:30px\"><\/div><div class=\"vcex-module wpex-carousel wpex-carousel-blog wpex-clr owl-carousel arrwstyle-slim arrwpos-center\" data-wpex-carousel=\"{&quot;nav&quot;:true,&quot;dots&quot;:true,&quot;autoplay&quot;:false,&quot;loop&quot;:true,&quot;center&quot;:false,&quot;smartSpeed&quot;:250,&quot;items&quot;:4,&quot;slideBy&quot;:1,&quot;autoplayTimeout&quot;:5000,&quot;margin&quot;:5,&quot;itemsTablet&quot;:3,&quot;itemsMobileLandscape&quot;:2,&quot;itemsMobilePortrait&quot;:2,&quot;autoWidth&quot;:false,&quot;autoHeight&quot;:false}\"><div class=\"wpex-carousel-slide wpex-clr textcenter has-media\"><div class=\"wpex-carousel-entry-media entry-media wpex-image-hover grow overlay-parent overlay-parent-hover-button overlay-h wpex-overflow-hidden overlay-ms\"><a href=\"https:\/\/propanama.org\/en\/propanama-participo-en-la-mision-comercial-a-bogota\/\" title=\"ProPanama particip\u00f3 en la Misi\u00f3n Comercial a Bogot\u00e1\" class=\"wpex-carousel-entry-img\"><img loading=\"lazy\" decoding=\"async\" data-no-lazy=\"1\" class=\"wpex-align-middle skip-lazy\" src=\"https:\/\/propanama.org\/wp-content\/uploads\/2021\/10\/EVENT-TEMPLATE.png\" alt=\"\" width=\"1200\" height=\"1200\" \/><\/a>\n<div class=\"overlay-hover-button overlay-hide theme-overlay wpex-absolute wpex-inset-0 wpex-transition-all wpex-duration-500 wpex-flex wpex-items-center wpex-justify-center\">\n\t<span class=\"overlay-bg wpex-bg-accent_alt wpex-block wpex-absolute wpex-inset-0 wpex-opacity-90\"><\/span>\n\t<div class=\"overlay-content overlay-scale wpex-relative wpex-font-semibold wpex-transition-transform wpex-duration-500 wpex-p-20 wpex-clr\"><a href=\"https:\/\/propanama.org\/en\/propanama-participo-en-la-mision-comercial-a-bogota\/\" class=\"overlay-hover-button-link wpex-text-md theme-button minimal-border white\">+ VER EVENTO<\/a><\/div>\n<\/div><\/div><div class=\"wpex-carousel-entry-details entry-details wpex-boxed wpex-first-mt-0 wpex-last-mb-0 wpex-clr\"><div class=\"wpex-carousel-entry-title entry-title wpex-mb-5 wpex-child-inherit-color\" style=\"font-size:10px;font-weight:400;color:#848484;\"><a href=\"https:\/\/propanama.org\/en\/propanama-participo-en-la-mision-comercial-a-bogota\/\">ProPanama particip\u00f3 en la Misi\u00f3n Comercial a Bogot\u00e1<\/a><\/div><\/div><\/div><div class=\"wpex-carousel-slide wpex-clr textcenter has-media\"><div class=\"wpex-carousel-entry-media entry-media wpex-image-hover grow overlay-parent overlay-parent-hover-button overlay-h wpex-overflow-hidden overlay-ms\"><a href=\"https:\/\/propanama.org\/en\/global-fruit-latam-24-25-y-26-de-marzo-2021\/\" title=\"GLOBAL FRUIT LATAM | 24, 25 Y 26 DE MARZO 2021\" class=\"wpex-carousel-entry-img\"><img loading=\"lazy\" decoding=\"async\" data-no-lazy=\"1\" class=\"wpex-align-middle skip-lazy\" src=\"https:\/\/propanama.org\/wp-content\/uploads\/2021\/02\/PROPANAMA-NEWS-5.jpg\" alt=\"\" width=\"1200\" height=\"1200\" \/><\/a>\n<div class=\"overlay-hover-button overlay-hide theme-overlay wpex-absolute wpex-inset-0 wpex-transition-all wpex-duration-500 wpex-flex wpex-items-center wpex-justify-center\">\n\t<span class=\"overlay-bg wpex-bg-accent_alt wpex-block wpex-absolute wpex-inset-0 wpex-opacity-90\"><\/span>\n\t<div class=\"overlay-content overlay-scale wpex-relative wpex-font-semibold wpex-transition-transform wpex-duration-500 wpex-p-20 wpex-clr\"><a href=\"https:\/\/propanama.org\/en\/global-fruit-latam-24-25-y-26-de-marzo-2021\/\" class=\"overlay-hover-button-link wpex-text-md theme-button minimal-border white\">+ VER EVENTO<\/a><\/div>\n<\/div><\/div><div class=\"wpex-carousel-entry-details entry-details wpex-boxed wpex-first-mt-0 wpex-last-mb-0 wpex-clr\"><div class=\"wpex-carousel-entry-title entry-title wpex-mb-5 wpex-child-inherit-color\" style=\"font-size:10px;font-weight:400;color:#848484;\"><a href=\"https:\/\/propanama.org\/en\/global-fruit-latam-24-25-y-26-de-marzo-2021\/\">GLOBAL FRUIT LATAM | 24, 25 Y 26 DE MARZO 2021<\/a><\/div><\/div><\/div><div class=\"wpex-carousel-slide wpex-clr textcenter has-media\"><div class=\"wpex-carousel-entry-media entry-media wpex-image-hover grow overlay-parent overlay-parent-hover-button overlay-h wpex-overflow-hidden overlay-ms\"><a href=\"https:\/\/propanama.org\/en\/expansion-de-negocios-y-oportunidades-en-panama\/\" title=\"EXPANSI\u00d3N DE NEGOCIOS Y OPORTUNIDADES EN PANAM\u00c1 | OCTUBRE 28\" class=\"wpex-carousel-entry-img\"><img loading=\"lazy\" decoding=\"async\" data-no-lazy=\"1\" class=\"wpex-align-middle skip-lazy\" src=\"https:\/\/propanama.org\/wp-content\/uploads\/2021\/04\/PROPANAMA-NEWS-4.jpg\" alt=\"\" width=\"1200\" height=\"1200\" \/><\/a>\n<div class=\"overlay-hover-button overlay-hide theme-overlay wpex-absolute wpex-inset-0 wpex-transition-all wpex-duration-500 wpex-flex wpex-items-center wpex-justify-center\">\n\t<span class=\"overlay-bg wpex-bg-accent_alt wpex-block wpex-absolute wpex-inset-0 wpex-opacity-90\"><\/span>\n\t<div class=\"overlay-content overlay-scale wpex-relative wpex-font-semibold wpex-transition-transform wpex-duration-500 wpex-p-20 wpex-clr\"><a href=\"https:\/\/propanama.org\/en\/expansion-de-negocios-y-oportunidades-en-panama\/\" class=\"overlay-hover-button-link wpex-text-md theme-button minimal-border white\">+ VER EVENTO<\/a><\/div>\n<\/div><\/div><div class=\"wpex-carousel-entry-details entry-details wpex-boxed wpex-first-mt-0 wpex-last-mb-0 wpex-clr\"><div class=\"wpex-carousel-entry-title entry-title wpex-mb-5 wpex-child-inherit-color\" style=\"font-size:10px;font-weight:400;color:#848484;\"><a href=\"https:\/\/propanama.org\/en\/expansion-de-negocios-y-oportunidades-en-panama\/\">EXPANSI\u00d3N DE NEGOCIOS Y OPORTUNIDADES EN PANAM\u00c1 | OCTUBRE 28<\/a><\/div><\/div><\/div><div class=\"wpex-carousel-slide wpex-clr textcenter has-media\"><div class=\"wpex-carousel-entry-media entry-media wpex-image-hover grow overlay-parent overlay-parent-hover-button overlay-h wpex-overflow-hidden overlay-ms\"><a href=\"https:\/\/propanama.org\/en\/bilateral-trade-and-investment-opportunities-between-india-and-panama-october-13\/\" title=\"BILATERAL TRADE &#038; INVESTMENT OPPORTUNITIES BETWEEN INDIA &#038; PANAMA | OCTOBER 13\" class=\"wpex-carousel-entry-img\"><img loading=\"lazy\" decoding=\"async\" data-no-lazy=\"1\" class=\"wpex-align-middle skip-lazy\" src=\"https:\/\/propanama.org\/wp-content\/uploads\/2021\/04\/PROPANAMA-NEWS-3.jpg\" alt=\"\" width=\"1200\" height=\"1200\" \/><\/a>\n<div class=\"overlay-hover-button overlay-hide theme-overlay wpex-absolute wpex-inset-0 wpex-transition-all wpex-duration-500 wpex-flex wpex-items-center wpex-justify-center\">\n\t<span class=\"overlay-bg wpex-bg-accent_alt wpex-block wpex-absolute wpex-inset-0 wpex-opacity-90\"><\/span>\n\t<div class=\"overlay-content overlay-scale wpex-relative wpex-font-semibold wpex-transition-transform wpex-duration-500 wpex-p-20 wpex-clr\"><a href=\"https:\/\/propanama.org\/en\/bilateral-trade-and-investment-opportunities-between-india-and-panama-october-13\/\" class=\"overlay-hover-button-link wpex-text-md theme-button minimal-border white\">+ VER EVENTO<\/a><\/div>\n<\/div><\/div><div class=\"wpex-carousel-entry-details entry-details wpex-boxed wpex-first-mt-0 wpex-last-mb-0 wpex-clr\"><div class=\"wpex-carousel-entry-title entry-title wpex-mb-5 wpex-child-inherit-color\" style=\"font-size:10px;font-weight:400;color:#848484;\"><a href=\"https:\/\/propanama.org\/en\/bilateral-trade-and-investment-opportunities-between-india-and-panama-october-13\/\">BILATERAL TRADE &#038; INVESTMENT OPPORTUNITIES BETWEEN INDIA &#038; PANAMA | OCTOBER 13<\/a><\/div><\/div><\/div><div class=\"wpex-carousel-slide wpex-clr textcenter has-media\"><div class=\"wpex-carousel-entry-media entry-media wpex-image-hover grow overlay-parent overlay-parent-hover-button overlay-h wpex-overflow-hidden overlay-ms\"><a href=\"https:\/\/propanama.org\/en\/foro-de-oportunidades-panama\/\" title=\"FORO DE OPORTUNIDADES PANAM\u00c1 | JULIO 28\" class=\"wpex-carousel-entry-img\"><img loading=\"lazy\" decoding=\"async\" data-no-lazy=\"1\" class=\"wpex-align-middle skip-lazy\" src=\"https:\/\/propanama.org\/wp-content\/uploads\/2021\/04\/PROPANAMA-NEWS-2.jpg\" alt=\"\" width=\"1200\" height=\"1200\" \/><\/a>\n<div class=\"overlay-hover-button overlay-hide theme-overlay wpex-absolute wpex-inset-0 wpex-transition-all wpex-duration-500 wpex-flex wpex-items-center wpex-justify-center\">\n\t<span class=\"overlay-bg wpex-bg-accent_alt wpex-block wpex-absolute wpex-inset-0 wpex-opacity-90\"><\/span>\n\t<div class=\"overlay-content overlay-scale wpex-relative wpex-font-semibold wpex-transition-transform wpex-duration-500 wpex-p-20 wpex-clr\"><a href=\"https:\/\/propanama.org\/en\/foro-de-oportunidades-panama\/\" class=\"overlay-hover-button-link wpex-text-md theme-button minimal-border white\">+ VER EVENTO<\/a><\/div>\n<\/div><\/div><div class=\"wpex-carousel-entry-details entry-details wpex-boxed wpex-first-mt-0 wpex-last-mb-0 wpex-clr\"><div class=\"wpex-carousel-entry-title entry-title wpex-mb-5 wpex-child-inherit-color\" style=\"font-size:10px;font-weight:400;color:#848484;\"><a href=\"https:\/\/propanama.org\/en\/foro-de-oportunidades-panama\/\">FORO DE OPORTUNIDADES PANAM\u00c1 | JULIO 28<\/a><\/div><\/div><\/div><\/div><\/div><\/div><\/div><\/div><div class=\"vc_row wpb_row vc_row-fluid vc_custom_1612408727295 wpex-vc_row-has-fill wpex-vc-reset-negative-margin\"><div class=\"wpb_column vc_column_container vc_col-sm-12\"><div class=\"vc_column-inner\"><div class=\"wpb_wrapper\"><figure class=\"vcex-image vcex-module wpex-clr textcenter\"><div class=\"vcex-image-inner wpex-inline-block wpex-relative vc_custom_1612416473189\"><img decoding=\"async\" loading=\"lazy\" class=\"wpex-align-middle\" src=\"https:\/\/propanama.org\/wp-content\/uploads\/2021\/02\/noticias.png\" alt=\"\" width=\"483\" height=\"465\" \/><\/div><\/figure><div class=\"vcex-module vcex-heading wpex-text-2xl wpex-font-normal wpex-m-auto wpex-max-w-100 vcex-heading-plain wpex-block wpex-text-center  wpb_animate_when_almost_visible wpb_fadeIn fadeIn\" style=\"color:#dbdbdb;font-family:Montserrat;font-size:25px;letter-spacing:1px;font-weight:700;\"><span class=\"vcex-heading-inner wpex-inline-block wpex-clr\">\u00daLTIMAS NOTICIAS<\/span><\/div><div class=\"vcex-spacing wpex-w-100 wpex-clear\" style=\"height:10px\"><\/div>\n\t<div style=\"color:#000000;font-family:Montserrat;font-size:14px;font-weight:400;text-align:center;line-height:15px;\" class=\"wpb_text_column has-custom-color wpex-child-inherit-color wpb_content_element  wpb_animate_when_almost_visible wpb_fadeInDown fadeInDown vc_custom_1620946330497\" >\n\t\t<div class=\"wpb_wrapper\">\n\t\t\t<div class=\"wpb_text_column has-custom-color wpex-child-inherit-color has-custom-color wpex-child-inherit-color wpb_content_element wpb_animate_when_almost_visible wpb_fadeInUp fadeInUp vc_custom_1611775470971 wpb_start_animation animated\">\n<div class=\"wpb_wrapper\">\n<p style=\"text-align: center;\">Conoce la manera de hacer negocios en Panam\u00e1, noticias relevantes y los eventos m\u00e1s importantes. Encuentra nuevas oportunidades de negocios y mantente actualizado.<\/p>\n<\/div>\n<\/div>\n\n\t\t<\/div>\n\t<\/div>\n<div class=\"vcex-spacing wpex-w-100 wpex-clear\" style=\"height:15px\"><\/div>\n\t<div style=\"color:#000000;font-family:Montserrat;font-size:16px;font-weight:400;text-align:center;line-height:17px;\" class=\"wpb_text_column has-custom-color wpex-child-inherit-color wpb_content_element  wpb_animate_when_almost_visible wpb_fadeInDown fadeInDown\" >\n\t\t<div class=\"wpb_wrapper\">\n\t\t\t<div class=\"wpb_text_column has-custom-color wpex-child-inherit-color has-custom-color wpex-child-inherit-color wpb_content_element wpb_animate_when_almost_visible wpb_fadeInUp fadeInUp vc_custom_1611775470971 wpb_start_animation animated\">\n<div class=\"wpb_wrapper\"><\/div>\n<\/div>\n<div class=\"wpb_text_column has-custom-color wpex-child-inherit-color has-custom-color wpex-child-inherit-color wpb_content_element wpb_animate_when_almost_visible wpb_fadeIn fadeIn vc_custom_1610566384570 wpb_start_animation animated\">\n<div class=\"wpb_wrapper\">\n<p style=\"text-align: center;\"><strong><em>SOMOS MIEMBROS ACTIVOS DE:<\/em><\/strong><\/p>\n<\/div>\n<\/div>\n\n\t\t<\/div>\n\t<\/div>\n<div class=\"vcex-spacing wpex-w-100 wpex-clear\" style=\"height:20px\"><\/div><div class=\"vc_row wpb_row vc_inner vc_row-fluid\"><div class=\"wpb_column vc_column_container vc_col-sm-12 wpex-vc_col-has-fill\"><div class=\"vc_column-inner vc_custom_1612416604311\"><div class=\"wpb_wrapper\"><div class=\"vcex-image-grid-wrap wpex-clr\"><div class=\"vcex-module vcex-image-grid wpex-clr grid-style-default wpex-row gap-5 wpex-lightbox-group\"><div class=\"id-1062 vcex-image-grid-entry vcex-grid-item textcenter span_1_of_4 span_1_of_3_pp col col-1\"><figure class=\"vcex-image-grid-entry-figure wpex-last-mb-0 wpex-clr\"><div class=\"vcex-image-grid-entry-img entry-media wpex-mb-20\"><a href=\"https:\/\/propanama.org\/wp-content\/uploads\/2021\/02\/globalchamber.jpg\" class=\"vcex-image-grid-entry-img wpex-lightbox-group-item\" ><img decoding=\"async\" loading=\"lazy\" class=\"wpex-align-middle\" src=\"https:\/\/propanama.org\/wp-content\/uploads\/2021\/02\/globalchamber.jpg\" alt=\"\" width=\"500\" height=\"500\" \/><\/a><\/div><\/figure><\/div><div class=\"id-129 vcex-image-grid-entry vcex-grid-item textcenter span_1_of_4 span_1_of_3_pp col col-2\"><figure class=\"vcex-image-grid-entry-figure wpex-last-mb-0 wpex-clr\"><div class=\"vcex-image-grid-entry-img entry-media wpex-mb-20\"><a href=\"https:\/\/propanama.org\/wp-content\/uploads\/2021\/01\/gc.jpg\" class=\"vcex-image-grid-entry-img wpex-lightbox-group-item\" ><img decoding=\"async\" loading=\"lazy\" class=\"wpex-align-middle\" src=\"https:\/\/propanama.org\/wp-content\/uploads\/2021\/01\/gc.jpg\" alt=\"\" width=\"500\" height=\"500\" \/><\/a><\/div><\/figure><\/div><div class=\"id-130 vcex-image-grid-entry vcex-grid-item textcenter span_1_of_4 span_1_of_3_pp col col-3\"><figure class=\"vcex-image-grid-entry-figure wpex-last-mb-0 wpex-clr\"><div class=\"vcex-image-grid-entry-img entry-media wpex-mb-20\"><a href=\"https:\/\/propanama.org\/wp-content\/uploads\/2021\/01\/pnchm.jpg\" class=\"vcex-image-grid-entry-img wpex-lightbox-group-item\" ><img decoding=\"async\" loading=\"lazy\" class=\"wpex-align-middle\" src=\"https:\/\/propanama.org\/wp-content\/uploads\/2021\/01\/pnchm.jpg\" alt=\"\" width=\"500\" height=\"500\" \/><\/a><\/div><\/figure><\/div><\/div><\/div><\/div><\/div><\/div><\/div><div class=\"vc_row wpb_row vc_inner vc_row-fluid\"><div class=\"wpb_column vc_column_container vc_col-sm-12\"><div class=\"vc_column-inner vc_custom_1612416192885\"><div class=\"wpb_wrapper\"><div class=\"vcex-module wpex-carousel wpex-carousel-blog wpex-clr owl-carousel arrwstyle-slim arrwpos-center\" data-wpex-carousel=\"{&quot;nav&quot;:true,&quot;dots&quot;:false,&quot;autoplay&quot;:false,&quot;loop&quot;:true,&quot;center&quot;:false,&quot;smartSpeed&quot;:250,&quot;items&quot;:1,&quot;slideBy&quot;:1,&quot;autoplayTimeout&quot;:5000,&quot;margin&quot;:5,&quot;itemsTablet&quot;:3,&quot;itemsMobileLandscape&quot;:2,&quot;itemsMobilePortrait&quot;:1,&quot;autoHeight&quot;:true}\"><div class=\"wpex-carousel-slide wpex-clr textcenter has-media\"><div class=\"wpex-carousel-entry-media entry-media wpex-image-hover grow wpex-mb-20\"><a href=\"https:\/\/propanama.org\/en\/reglamentacion-de-la-agencia-panamena-de-alimentos\/\" title=\"Reglamentaci\u00f3n de la Agencia Paname\u00f1a de Alimentos\" class=\"wpex-carousel-entry-img\"><img loading=\"lazy\" decoding=\"async\" data-no-lazy=\"1\" class=\"wpex-align-middle skip-lazy\" src=\"https:\/\/propanama.org\/wp-content\/uploads\/2021\/10\/Captura-de-Pantalla-2021-10-01-a-las-12.56.13.png\" alt=\"\" width=\"2018\" height=\"1342\" \/><\/a><\/div><div class=\"wpex-carousel-entry-details entry-details wpex-first-mt-0 wpex-last-mb-0 wpex-clr\"><div class=\"wpex-carousel-entry-title entry-title wpex-mb-5 wpex-child-inherit-color\" style=\"margin-top:5px;font-size:15px;line-height:12px;color:#424242;\"><a href=\"https:\/\/propanama.org\/en\/reglamentacion-de-la-agencia-panamena-de-alimentos\/\">Reglamentaci\u00f3n de la Agencia Paname\u00f1a de Alimentos<\/a><\/div><div class=\"wpex-carousel-entry-excerpt entry-excerpt wpex-my-15 wpex-last-mb-0 wpex-clr\" style=\"color:#3d3d3d;font-size:13px;\"><p>Decreto Ejecutivo No. 125 que reglamenta la Ley 206 de 2021 que crea la Agencia&hellip;<\/p><\/div><div class=\"wpex-carousel-entry-button entry-readmore-wrap wpex-my-15 wpex-clr\"><a href=\"https:\/\/propanama.org\/en\/reglamentacion-de-la-agencia-panamena-de-alimentos\/\" class=\"theme-button flat\" style=\"background:#263f92;color:#ffffff;font-size:12px;padding-top:5px;padding-right:35px;padding-bottom:5px;padding-left:35px;border-radius:25px;margin-top:0px;\" data-wpex-hover=\"{&quot;background&quot;:&quot;#e8e8e8&quot;,&quot;color&quot;:&quot;#263f92&quot;}\">+ LEER NOTICIA<\/a><\/div><\/div><\/div><div class=\"wpex-carousel-slide wpex-clr textcenter has-media\"><div class=\"wpex-carousel-entry-media entry-media wpex-image-hover grow wpex-mb-20\"><a href=\"https:\/\/propanama.org\/en\/uno-de-los-programas-migratorios-mas-amigables-del-mundo-ha-cambiado-programa-de-las-naciones-amigas\/\" title=\"Uno de los programas migratorios m\u00e1s amigables del mundo ha cambiado.  PROGRAMA DE LAS NACIONES AMIGAS!\" class=\"wpex-carousel-entry-img\"><img loading=\"lazy\" decoding=\"async\" data-no-lazy=\"1\" class=\"wpex-align-middle skip-lazy\" src=\"https:\/\/propanama.org\/wp-content\/uploads\/2021\/06\/NOTICIAS-VIDEOS-TEMPLATE-1.png\" alt=\"\" width=\"6000\" height=\"4000\" \/><\/a><\/div><div class=\"wpex-carousel-entry-details entry-details wpex-first-mt-0 wpex-last-mb-0 wpex-clr\"><div class=\"wpex-carousel-entry-title entry-title wpex-mb-5 wpex-child-inherit-color\" style=\"margin-top:5px;font-size:15px;line-height:12px;color:#424242;\"><a href=\"https:\/\/propanama.org\/en\/uno-de-los-programas-migratorios-mas-amigables-del-mundo-ha-cambiado-programa-de-las-naciones-amigas\/\">Uno de los programas migratorios m\u00e1s amigables del mundo ha cambiado.  PROGRAMA DE LAS NACIONES AMIGAS!<\/a><\/div><div class=\"wpex-carousel-entry-excerpt entry-excerpt wpex-my-15 wpex-last-mb-0 wpex-clr\" style=\"color:#3d3d3d;font-size:13px;\"><\/div><div class=\"wpex-carousel-entry-button entry-readmore-wrap wpex-my-15 wpex-clr\"><a href=\"https:\/\/propanama.org\/en\/uno-de-los-programas-migratorios-mas-amigables-del-mundo-ha-cambiado-programa-de-las-naciones-amigas\/\" class=\"theme-button flat\" style=\"background:#263f92;color:#ffffff;font-size:12px;padding-top:5px;padding-right:35px;padding-bottom:5px;padding-left:35px;border-radius:25px;margin-top:0px;\" data-wpex-hover=\"{&quot;background&quot;:&quot;#e8e8e8&quot;,&quot;color&quot;:&quot;#263f92&quot;}\">+ LEER NOTICIA<\/a><\/div><\/div><\/div><div class=\"wpex-carousel-slide wpex-clr textcenter has-media\"><div class=\"wpex-carousel-entry-media entry-media wpex-image-hover grow wpex-mb-20\"><a href=\"https:\/\/propanama.org\/en\/panama-una-nueva-opcion-para-vivir-y-trabajar-a-distancia\/\" title=\"PANAMA, una nueva opci\u00f3n para los Extranjeros que deseen TELETRABAJAR desde el para\u00edso!\" class=\"wpex-carousel-entry-img\"><img loading=\"lazy\" decoding=\"async\" data-no-lazy=\"1\" class=\"wpex-align-middle skip-lazy\" src=\"https:\/\/propanama.org\/wp-content\/uploads\/2021\/05\/NOTICIAS-VIDEOS-TEMPLATE-2.png\" alt=\"\" width=\"6000\" height=\"4000\" \/><\/a><\/div><div class=\"wpex-carousel-entry-details entry-details wpex-first-mt-0 wpex-last-mb-0 wpex-clr\"><div class=\"wpex-carousel-entry-title entry-title wpex-mb-5 wpex-child-inherit-color\" style=\"margin-top:5px;font-size:15px;line-height:12px;color:#424242;\"><a href=\"https:\/\/propanama.org\/en\/panama-una-nueva-opcion-para-vivir-y-trabajar-a-distancia\/\">PANAMA, una nueva opci\u00f3n para los Extranjeros que deseen TELETRABAJAR desde el para\u00edso!<\/a><\/div><div class=\"wpex-carousel-entry-excerpt entry-excerpt wpex-my-15 wpex-last-mb-0 wpex-clr\" style=\"color:#3d3d3d;font-size:13px;\"><p>El pasado 20 de mayo de 2021, el Gobierno Nacional emiti\u00f3 el Decreto Ejecutivo que&hellip;<\/p><\/div><div class=\"wpex-carousel-entry-button entry-readmore-wrap wpex-my-15 wpex-clr\"><a href=\"https:\/\/propanama.org\/en\/panama-una-nueva-opcion-para-vivir-y-trabajar-a-distancia\/\" class=\"theme-button flat\" style=\"background:#263f92;color:#ffffff;font-size:12px;padding-top:5px;padding-right:35px;padding-bottom:5px;padding-left:35px;border-radius:25px;margin-top:0px;\" data-wpex-hover=\"{&quot;background&quot;:&quot;#e8e8e8&quot;,&quot;color&quot;:&quot;#263f92&quot;}\">+ LEER NOTICIA<\/a><\/div><\/div><\/div><div class=\"wpex-carousel-slide wpex-clr textcenter has-media\"><div class=\"wpex-carousel-entry-media entry-media wpex-image-hover grow wpex-mb-20\"><a href=\"https:\/\/propanama.org\/en\/se-incrementa-el-mercado-de-los-productos-de-panama-en-el-mundo-en-este-caso-ecuador\/\" title=\"Se incrementa el mercado de los productos de Panam\u00e1 en el mundo, en este caso: Ecuador\" class=\"wpex-carousel-entry-img\"><img loading=\"lazy\" decoding=\"async\" data-no-lazy=\"1\" class=\"wpex-align-middle skip-lazy\" src=\"https:\/\/propanama.org\/wp-content\/uploads\/2021\/05\/Ecuador.jpeg\" alt=\"\" width=\"1600\" height=\"1066\" \/><\/a><\/div><div class=\"wpex-carousel-entry-details entry-details wpex-first-mt-0 wpex-last-mb-0 wpex-clr\"><div class=\"wpex-carousel-entry-title entry-title wpex-mb-5 wpex-child-inherit-color\" style=\"margin-top:5px;font-size:15px;line-height:12px;color:#424242;\"><a href=\"https:\/\/propanama.org\/en\/se-incrementa-el-mercado-de-los-productos-de-panama-en-el-mundo-en-este-caso-ecuador\/\">Se incrementa el mercado de los productos de Panam\u00e1 en el mundo, en este caso: Ecuador<\/a><\/div><div class=\"wpex-carousel-entry-excerpt entry-excerpt wpex-my-15 wpex-last-mb-0 wpex-clr\" style=\"color:#3d3d3d;font-size:13px;\"><p>M\u00e1s productos ecuatorianos llegar\u00e1n a Panam\u00e1. Ambos pa\u00edses firmaron los T\u00e9rminos de Referencias (TDR) para&hellip;<\/p><\/div><div class=\"wpex-carousel-entry-button entry-readmore-wrap wpex-my-15 wpex-clr\"><a href=\"https:\/\/propanama.org\/en\/se-incrementa-el-mercado-de-los-productos-de-panama-en-el-mundo-en-este-caso-ecuador\/\" class=\"theme-button flat\" style=\"background:#263f92;color:#ffffff;font-size:12px;padding-top:5px;padding-right:35px;padding-bottom:5px;padding-left:35px;border-radius:25px;margin-top:0px;\" data-wpex-hover=\"{&quot;background&quot;:&quot;#e8e8e8&quot;,&quot;color&quot;:&quot;#263f92&quot;}\">+ LEER NOTICIA<\/a><\/div><\/div><\/div><div class=\"wpex-carousel-slide wpex-clr textcenter has-media\"><div class=\"wpex-carousel-entry-media entry-media wpex-image-hover grow wpex-mb-20\"><a href=\"https:\/\/propanama.org\/en\/promoviendo-la-inversion-en-panama\/\" title=\"PROMOVIENDO LA INVERSI\u00d3N EN PANAM\u00c1\" class=\"wpex-carousel-entry-img\"><img loading=\"lazy\" decoding=\"async\" data-no-lazy=\"1\" class=\"wpex-align-middle skip-lazy\" src=\"https:\/\/propanama.org\/wp-content\/uploads\/2021\/04\/news3.jpg\" alt=\"\" width=\"1200\" height=\"800\" \/><\/a><\/div><div class=\"wpex-carousel-entry-details entry-details wpex-first-mt-0 wpex-last-mb-0 wpex-clr\"><div class=\"wpex-carousel-entry-title entry-title wpex-mb-5 wpex-child-inherit-color\" style=\"margin-top:5px;font-size:15px;line-height:12px;color:#424242;\"><a href=\"https:\/\/propanama.org\/en\/promoviendo-la-inversion-en-panama\/\">PROMOVIENDO LA INVERSI\u00d3N EN PANAM\u00c1<\/a><\/div><div class=\"wpex-carousel-entry-excerpt entry-excerpt wpex-my-15 wpex-last-mb-0 wpex-clr\" style=\"color:#3d3d3d;font-size:13px;\"><p>La creciente necesidad de atender a inversionistas extranjeros interesados en Panam\u00e1, llev\u00f3 a Yolany Alvarado&hellip;<\/p><\/div><div class=\"wpex-carousel-entry-button entry-readmore-wrap wpex-my-15 wpex-clr\"><a href=\"https:\/\/propanama.org\/en\/promoviendo-la-inversion-en-panama\/\" class=\"theme-button flat\" style=\"background:#263f92;color:#ffffff;font-size:12px;padding-top:5px;padding-right:35px;padding-bottom:5px;padding-left:35px;border-radius:25px;margin-top:0px;\" data-wpex-hover=\"{&quot;background&quot;:&quot;#e8e8e8&quot;,&quot;color&quot;:&quot;#263f92&quot;}\">+ LEER NOTICIA<\/a><\/div><\/div><\/div><div class=\"wpex-carousel-slide wpex-clr textcenter has-media\"><div class=\"wpex-carousel-entry-media entry-media wpex-image-hover grow wpex-mb-20\"><a href=\"https:\/\/propanama.org\/en\/ya-viste-que-la-agencia-panamena-de-alimentos-es-una-realidad\/\" title=\"\u00bfYa viste que la Agencia Paname\u00f1a de Alimentos es una realidad?\" class=\"wpex-carousel-entry-img\"><img loading=\"lazy\" decoding=\"async\" data-no-lazy=\"1\" class=\"wpex-align-middle skip-lazy\" src=\"https:\/\/propanama.org\/wp-content\/uploads\/2021\/04\/yaviste.jpg\" alt=\"\" width=\"1200\" height=\"800\" \/><\/a><\/div><div class=\"wpex-carousel-entry-details entry-details wpex-first-mt-0 wpex-last-mb-0 wpex-clr\"><div class=\"wpex-carousel-entry-title entry-title wpex-mb-5 wpex-child-inherit-color\" style=\"margin-top:5px;font-size:15px;line-height:12px;color:#424242;\"><a href=\"https:\/\/propanama.org\/en\/ya-viste-que-la-agencia-panamena-de-alimentos-es-una-realidad\/\">\u00bfYa viste que la Agencia Paname\u00f1a de Alimentos es una realidad?<\/a><\/div><div class=\"wpex-carousel-entry-excerpt entry-excerpt wpex-my-15 wpex-last-mb-0 wpex-clr\" style=\"color:#3d3d3d;font-size:13px;\"><p>En PROPANAMA nos preguntamos qu\u00e9 debemos esperar de la ley No. 164, que elimina Aupsa&hellip;<\/p><\/div><div class=\"wpex-carousel-entry-button entry-readmore-wrap wpex-my-15 wpex-clr\"><a href=\"https:\/\/propanama.org\/en\/ya-viste-que-la-agencia-panamena-de-alimentos-es-una-realidad\/\" class=\"theme-button flat\" style=\"background:#263f92;color:#ffffff;font-size:12px;padding-top:5px;padding-right:35px;padding-bottom:5px;padding-left:35px;border-radius:25px;margin-top:0px;\" data-wpex-hover=\"{&quot;background&quot;:&quot;#e8e8e8&quot;,&quot;color&quot;:&quot;#263f92&quot;}\">+ LEER NOTICIA<\/a><\/div><\/div><\/div><div class=\"wpex-carousel-slide wpex-clr textcenter has-media\"><div class=\"wpex-carousel-entry-media entry-media wpex-image-hover grow wpex-mb-20\"><a href=\"https:\/\/propanama.org\/en\/la-autoridad-de-seguridad-de-alimento-aupsa-sera-reemplazada-por-una-nueva-entidad-llamada-la-agencia-panamena-de-alimentos-apa\/\" title=\"La Autoridad de Seguridad de Alimento (AUPSA) ser\u00e1 reemplazada por una nueva entidad llamada la Agencia Paname\u00f1a de Alimentos (APA).\" class=\"wpex-carousel-entry-img\"><img loading=\"lazy\" decoding=\"async\" data-no-lazy=\"1\" class=\"wpex-align-middle skip-lazy\" src=\"https:\/\/propanama.org\/wp-content\/uploads\/2021\/03\/autoridades.jpg\" alt=\"\" width=\"1200\" height=\"800\" \/><\/a><\/div><div class=\"wpex-carousel-entry-details entry-details wpex-first-mt-0 wpex-last-mb-0 wpex-clr\"><div class=\"wpex-carousel-entry-title entry-title wpex-mb-5 wpex-child-inherit-color\" style=\"margin-top:5px;font-size:15px;line-height:12px;color:#424242;\"><a href=\"https:\/\/propanama.org\/en\/la-autoridad-de-seguridad-de-alimento-aupsa-sera-reemplazada-por-una-nueva-entidad-llamada-la-agencia-panamena-de-alimentos-apa\/\">La Autoridad de Seguridad de Alimento (AUPSA) ser\u00e1 reemplazada por una nueva entidad llamada la Agencia Paname\u00f1a de Alimentos (APA).<\/a><\/div><div class=\"wpex-carousel-entry-excerpt entry-excerpt wpex-my-15 wpex-last-mb-0 wpex-clr\" style=\"color:#3d3d3d;font-size:13px;\"><p>El pleno de la Asamblea Nacional de Panam\u00e1 aprob\u00f3 en tercera discusi\u00f3n el proyecto de&hellip;<\/p><\/div><div class=\"wpex-carousel-entry-button entry-readmore-wrap wpex-my-15 wpex-clr\"><a href=\"https:\/\/propanama.org\/en\/la-autoridad-de-seguridad-de-alimento-aupsa-sera-reemplazada-por-una-nueva-entidad-llamada-la-agencia-panamena-de-alimentos-apa\/\" class=\"theme-button flat\" style=\"background:#263f92;color:#ffffff;font-size:12px;padding-top:5px;padding-right:35px;padding-bottom:5px;padding-left:35px;border-radius:25px;margin-top:0px;\" data-wpex-hover=\"{&quot;background&quot;:&quot;#e8e8e8&quot;,&quot;color&quot;:&quot;#263f92&quot;}\">+ LEER NOTICIA<\/a><\/div><\/div><\/div><div class=\"wpex-carousel-slide wpex-clr textcenter has-media\"><div class=\"wpex-carousel-entry-media entry-media wpex-image-hover grow wpex-mb-20\"><a href=\"https:\/\/propanama.org\/en\/panama-pais-de-negocios\/\" title=\"Panam\u00e1, Pa\u00eds de Negocios\" class=\"wpex-carousel-entry-img\"><img loading=\"lazy\" decoding=\"async\" data-no-lazy=\"1\" class=\"wpex-align-middle skip-lazy\" src=\"https:\/\/propanama.org\/wp-content\/uploads\/2021\/02\/panama-1.jpg\" alt=\"\" width=\"1200\" height=\"800\" \/><\/a><\/div><div class=\"wpex-carousel-entry-details entry-details wpex-first-mt-0 wpex-last-mb-0 wpex-clr\"><div class=\"wpex-carousel-entry-title entry-title wpex-mb-5 wpex-child-inherit-color\" style=\"margin-top:5px;font-size:15px;line-height:12px;color:#424242;\"><a href=\"https:\/\/propanama.org\/en\/panama-pais-de-negocios\/\">Panam\u00e1, Pa\u00eds de Negocios<\/a><\/div><div class=\"wpex-carousel-entry-excerpt entry-excerpt wpex-my-15 wpex-last-mb-0 wpex-clr\" style=\"color:#3d3d3d;font-size:13px;\"><p>PANAM\u00c1, PA\u00cdS DE NEGOCIOS En el mundo actual existen pocas fronteras, pr\u00e1cticamente est\u00e1 ya todo&hellip;<\/p><\/div><div class=\"wpex-carousel-entry-button entry-readmore-wrap wpex-my-15 wpex-clr\"><a href=\"https:\/\/propanama.org\/en\/panama-pais-de-negocios\/\" class=\"theme-button flat\" style=\"background:#263f92;color:#ffffff;font-size:12px;padding-top:5px;padding-right:35px;padding-bottom:5px;padding-left:35px;border-radius:25px;margin-top:0px;\" data-wpex-hover=\"{&quot;background&quot;:&quot;#e8e8e8&quot;,&quot;color&quot;:&quot;#263f92&quot;}\">+ LEER NOTICIA<\/a><\/div><\/div><\/div><div class=\"wpex-carousel-slide wpex-clr textcenter has-media\"><div class=\"wpex-carousel-entry-media entry-media wpex-image-hover grow wpex-mb-20\"><a href=\"https:\/\/propanama.org\/en\/inversionista-calificado\/\" title=\"Nuevo programa de residencia y ciudadan\u00eda por inversi\u00f3n.\" class=\"wpex-carousel-entry-img\"><img loading=\"lazy\" decoding=\"async\" data-no-lazy=\"1\" class=\"wpex-align-middle skip-lazy\" src=\"https:\/\/propanama.org\/wp-content\/uploads\/2021\/02\/WhatsApp-Image-2021-05-13-at-3.40.39-PM.jpeg\" alt=\"\" width=\"1600\" height=\"1066\" \/><\/a><\/div><div class=\"wpex-carousel-entry-details entry-details wpex-first-mt-0 wpex-last-mb-0 wpex-clr\"><div class=\"wpex-carousel-entry-title entry-title wpex-mb-5 wpex-child-inherit-color\" style=\"margin-top:5px;font-size:15px;line-height:12px;color:#424242;\"><a href=\"https:\/\/propanama.org\/en\/inversionista-calificado\/\">Nuevo programa de residencia y ciudadan\u00eda por inversi\u00f3n.<\/a><\/div><div class=\"wpex-carousel-entry-excerpt entry-excerpt wpex-my-15 wpex-last-mb-0 wpex-clr\" style=\"color:#3d3d3d;font-size:13px;\"><p>&nbsp; Nuevo Programa de Residencia y Ciudadan\u00eda por Inversi\u00f3n de Panam\u00e1. POR TIPO DE INVERSI\u00d3N&hellip;<\/p><\/div><div class=\"wpex-carousel-entry-button entry-readmore-wrap wpex-my-15 wpex-clr\"><a href=\"https:\/\/propanama.org\/en\/inversionista-calificado\/\" class=\"theme-button flat\" style=\"background:#263f92;color:#ffffff;font-size:12px;padding-top:5px;padding-right:35px;padding-bottom:5px;padding-left:35px;border-radius:25px;margin-top:0px;\" data-wpex-hover=\"{&quot;background&quot;:&quot;#e8e8e8&quot;,&quot;color&quot;:&quot;#263f92&quot;}\">+ LEER NOTICIA<\/a><\/div><\/div><\/div><\/div><\/div><\/div><\/div><\/div><div class=\"vcex-spacing wpex-w-100 wpex-clear\" style=\"height:30px\"><\/div><\/div><\/div><\/div><\/div><\/div><div class=\"vc_row-full-width vc_clearfix\"><\/div>\n","protected":false},"excerpt":{"rendered":"&nbsp; Nuevo Programa de Residencia y Ciudadan\u00eda por Inversi\u00f3n de Panam\u00e1. POR TIPO DE INVERSI\u00d3N INVERSIONISTA CALIFICADO *Compra de Inmueble VALORES *Se permite un monto m\u00ednimo de inversi\u00f3n de US$300,000.00 para calificar en este programa A partir del 15 de&hellip;","protected":false},"author":2,"featured_media":0,"parent":0,"menu_order":0,"comment_status":"closed","ping_status":"closed","template":"","meta":{"_joinchat":[],"footnotes":""},"class_list":["post-974","page","type-page","status-publish","hentry","entry","has-media"],"_links":{"self":[{"href":"https:\/\/propanama.org\/en\/wp-json\/wp\/v2\/pages\/974","targetHints":{"allow":["GET"]}}],"collection":[{"href":"https:\/\/propanama.org\/en\/wp-json\/wp\/v2\/pages"}],"about":[{"href":"https:\/\/propanama.org\/en\/wp-json\/wp\/v2\/types\/page"}],"author":[{"embeddable":true,"href":"https:\/\/propanama.org\/en\/wp-json\/wp\/v2\/users\/2"}],"replies":[{"embeddable":true,"href":"https:\/\/propanama.org\/en\/wp-json\/wp\/v2\/comments?post=974"}],"version-history":[{"count":71,"href":"https:\/\/propanama.org\/en\/wp-json\/wp\/v2\/pages\/974\/revisions"}],"predecessor-version":[{"id":2778,"href":"https:\/\/propanama.org\/en\/wp-json\/wp\/v2\/pages\/974\/revisions\/2778"}],"wp:attachment":[{"href":"https:\/\/propanama.org\/en\/wp-json\/wp\/v2\/media?parent=974"}],"curies":[{"name":"wp","href":"https:\/\/api.w.org\/{rel}","templated":true}]}}